{"id":4240,"date":"2023-06-21T09:02:44","date_gmt":"2023-06-21T08:02:44","guid":{"rendered":"https:\/\/www.ortho-hart.at\/loketni-jamka\/osteoartroza-lokte\/"},"modified":"2024-10-31T09:56:43","modified_gmt":"2024-10-31T08:56:43","slug":"osteoartroza-lokte","status":"publish","type":"page","link":"https:\/\/www.ortho-hart.at\/cs\/loketni-jamka\/osteoartroza-lokte\/","title":{"rendered":"Osteoartr\u00f3za lokte"},"content":{"rendered":"\t\t<div data-elementor-type=\"wp-page\" data-elementor-id=\"4240\" class=\"elementor elementor-4240 elementor-1309\" data-elementor-post-type=\"page\">\n\t\t\t\t\t\t<section class=\"elementor-section elementor-top-section elementor-element elementor-element-2ae1db5 elementor-section-boxed elementor-section-height-default elementor-section-height-default\" data-id=\"2ae1db5\" data-element_type=\"section\" data-e-type=\"section\">\n\t\t\t\t\t\t<div class=\"elementor-container elementor-column-gap-default\">\n\t\t\t\t\t<div class=\"elementor-column elementor-col-100 elementor-top-column elementor-element elementor-element-2178975\" data-id=\"2178975\" data-element_type=\"column\" data-e-type=\"column\">\n\t\t\t<div class=\"elementor-widget-wrap elementor-element-populated\">\n\t\t\t\t\t\t<div class=\"elementor-element elementor-element-cc718f8 elementor-widget elementor-widget-heading\" data-id=\"cc718f8\" data-element_type=\"widget\" data-e-type=\"widget\" data-widget_type=\"heading.default\">\n\t\t\t\t<div class=\"elementor-widget-container\">\n\t\t\t\t\t<h1 class=\"elementor-heading-title elementor-size-default\">Osteoartr\u00f3za lokte<\/h1>\t\t\t\t<\/div>\n\t\t\t\t<\/div>\n\t\t\t\t<div class=\"elementor-element elementor-element-58ac696 elementor-widget-divider--view-line elementor-widget elementor-widget-global elementor-global-4145 elementor-global-172 elementor-widget-divider\" data-id=\"58ac696\" data-element_type=\"widget\" data-e-type=\"widget\" data-widget_type=\"divider.default\">\n\t\t\t\t<div class=\"elementor-widget-container\">\n\t\t\t\t\t\t\t<div class=\"elementor-divider\">\n\t\t\t<span class=\"elementor-divider-separator\">\n\t\t\t\t\t\t<\/span>\n\t\t<\/div>\n\t\t\t\t\t\t<\/div>\n\t\t\t\t<\/div>\n\t\t\t\t<div class=\"elementor-element elementor-element-6f26d9b elementor-widget elementor-widget-heading\" data-id=\"6f26d9b\" data-element_type=\"widget\" data-e-type=\"widget\" data-widget_type=\"heading.default\">\n\t\t\t\t<div class=\"elementor-widget-container\">\n\t\t\t\t\t<h2 class=\"elementor-heading-title elementor-size-default\">Osteoartr\u00f3za lokte (kubit\u00e1ln\u00ed osteoartr\u00f3za): p\u0159\u00edznaky, p\u0159\u00ed\u010diny a l\u00e9\u010dba<\/h2>\t\t\t\t<\/div>\n\t\t\t\t<\/div>\n\t\t\t\t<div class=\"elementor-element elementor-element-60b387e elementor-widget elementor-widget-text-editor\" data-id=\"60b387e\" data-element_type=\"widget\" data-e-type=\"widget\" data-widget_type=\"text-editor.default\">\n\t\t\t\t<div class=\"elementor-widget-container\">\n\t\t\t\t\t\t\t\t\t<p data-pm-slice=\"1 1 []\">Osteoartr\u00f3za je pomalu se zhor\u0161uj\u00edc\u00ed <strong>degenerativn\u00ed onemocn\u011bn\u00ed kloub\u016f<\/strong> zp\u016fsoben\u00e9 nevratn\u00fdm \u00fabytkem kloubn\u00ed chrupavky a zm\u011bnami v kosti pod kloubn\u00ed chrupavkou. Osteoartr\u00f3za loketn\u00edho kloubu je <strong>m\u00e9n\u011b \u010dast\u00e1 ne\u017e osteoartr\u00f3za ky\u010deln\u00edho nebo kolenn\u00edho<\/strong> kloubu. Loket je kloub, kter\u00fd nen\u00ed vystaven t\u011blesn\u00e9 hmotnosti, a jeho onemocn\u011bn\u00ed prim\u00e1rn\u00ed osteoartr\u00f3zou proto \u010dasto postupuje s men\u0161\u00edm po\u0161kozen\u00edm ve srovn\u00e1n\u00ed s pot\u00ed\u017eemi ky\u010deln\u00edho nebo kolenn\u00edho kloubu. Symptomatick\u00e1 osteoartr\u00f3za lokte se vyzna\u010duje omezen\u00edm pohybu a bolest\u00ed. Od osteoartr\u00f3zy jin\u00fdch kloub\u016f se li\u0161\u00ed t\u00edm, \u017ee nen\u00ed charakterizov\u00e1na z\u00fa\u017een\u00edm kloubn\u00edho prostoru, ale tvorbou perifern\u00edch kostn\u00edch lo\u017eisek a ztuhlost\u00ed kloubu. Osteoartr\u00f3za lokte byla poprv\u00e9 pops\u00e1na u britsk\u00fdch horn\u00edk\u016f v roce 1955 a prvn\u00ed klinick\u00e9 a radiologick\u00e9 zm\u011bny publikovali japon\u0161t\u00ed ortopedi v 70. letech 20. stolet\u00ed.     <\/p>\n\t\t\t\t\t\t\t\t<\/div>\n\t\t\t\t<\/div>\n\t\t\t\t\t<\/div>\n\t\t<\/div>\n\t\t\t\t\t<\/div>\n\t\t<\/section>\n\t\t\t\t<section class=\"elementor-section elementor-top-section elementor-element elementor-element-b2b6e34 elementor-section-boxed elementor-section-height-default elementor-section-height-default elementor-invisible\" data-id=\"b2b6e34\" data-element_type=\"section\" data-e-type=\"section\" data-settings=\"{&quot;background_background&quot;:&quot;classic&quot;,&quot;animation&quot;:&quot;fadeInLeft&quot;}\">\n\t\t\t\t\t\t<div class=\"elementor-container elementor-column-gap-default\">\n\t\t\t\t\t<div class=\"elementor-column elementor-col-100 elementor-top-column elementor-element elementor-element-ec31977\" data-id=\"ec31977\" data-element_type=\"column\" data-e-type=\"column\">\n\t\t\t<div class=\"elementor-widget-wrap elementor-element-populated\">\n\t\t\t\t\t\t<div class=\"elementor-element elementor-element-667b427 elementor-view-default elementor-widget elementor-widget-icon\" data-id=\"667b427\" data-element_type=\"widget\" data-e-type=\"widget\" data-widget_type=\"icon.default\">\n\t\t\t\t<div class=\"elementor-widget-container\">\n\t\t\t\t\t\t\t<div class=\"elementor-icon-wrapper\">\n\t\t\t<div class=\"elementor-icon\">\n\t\t\t<svg xmlns=\"http:\/\/www.w3.org\/2000\/svg\" id=\"Vrstva_1\" viewBox=\"0 0 241.63 226.08\"><defs><style>.cls-1{fill:#1d1d1b;}<\/style><\/defs><path class=\"cls-1\" d=\"M132.81,44.85V174.49h-20.76v-53.59h-44.21v53.59h-20.76V44.85h20.76v50.95h44.21V44.85h20.76Z\"><\/path><path class=\"cls-1\" d=\"M149.09,63.78s-2.19-.31-4.66-1.27-6.02-.62-6.23-2.83,2.4-6.19,2.54-7.36,.02-4.8,1.03-6.68c1.01-1.88,3.96,.14,6.3,.44,2.34,.3,5.13,.7,5.86,1.3s-1.38,3.48-2.47,6.12,1.15,10.46-2.37,10.28Z\"><\/path><path class=\"cls-1\" d=\"M160.53,68.46s-3.62-3.02-5.07-3.6-2.35-2.12-.06-3.58,6.78-7.82,7.27-9.22,2.01-3.07,3.86-1.4c1.85,1.67,4.59,4.19,5.89,4.72,1.31,.53,4.22,3.2,1.01,4.75-3.21,1.55-4.34,5.24-5.82,7.12-1.48,1.88-3.14,3.73-4.77,3.01-1.63-.73-2.31-1.79-2.31-1.79Z\"><\/path><path class=\"cls-1\" d=\"M170.99,78.38s-1.34-2.31-3.57-4.6c-2.24-2.29,1.18-3.53,2.35-3.91s6.68-4.03,7.88-5.27,3.21-2.69,4.77-.69,4.25,5.25,5.13,6.96c.88,1.71,3,3.94-1.04,5.27-4.05,1.32-8.64,4.74-9.66,5.73s-3.07,1.5-5.86-3.5Z\"><\/path><path class=\"cls-1\" d=\"M175.81,93.19s-.21-5.35-.52-7.02c-.31-1.68,2.73-1.36,5.03-1.47s8.49-3.88,10.06-4.09,2.2,2.1,2.52,4.51,1.26,7.44,1.57,9.12-.09,2.43-3.92,2.42c-3.83,0-9.54,1.56-11.72,1.88s-2.7-.07-3.02-5.35Z\"><\/path><path class=\"cls-1\" d=\"M173.35,109.95s1.15-3.04,1.57-4.93c.42-1.89,.8-2.52,2.81-1.78,2.01,.73,9.77,1.89,11.34,1.89s3.46-.19,3.67,1.32c.21,1.51-1.99,5.18-2.2,7.8-.21,2.62,.26,8-4.17,6.52-4.43-1.49-10.56-5.05-12.21-5.47s-2.81-2.2-.82-5.35Z\"><\/path><path class=\"cls-1\" d=\"M162.08,119.61s-3.78,3.56-6.61,5.66c-2.83,2.1-4.46,2.41-4.91,3.98s2.18,1.99,5.22,2.31,6.5,1.47,7.65,2.94,3.14,3.88,4.93,4.61c1.78,.73,2.62,1.47,4.19,3.77,1.57,2.31,2.73,6.92,4.72,8.81s3.14,5.66,4.19,7.76c1.05,2.1,1.57,3.77,1.68,6.81s0,7.55-1.15,9.22-4.51,4.19-3.56,5.56,8.18-5.14,9.85-6.92c1.68-1.78,1.57-5.45,2.52-7.02s2.83-5.87,2.31-9.02-.63-8.07-.42-10.06,.73-4.19-.63-5.14c-1.36-.94-.73-4.09-.73-5.77,0-1.68-2.41-2.62-2.62-4.19s-1.15-2.73-2.73-3.25c-1.57-.52-1.99-3.04-.73-3.88,1.26-.84,.1-2.1-3.25-2.52-3.35-.42-9.22-2.41-10.9-3.14s-4.4,.21-5.66-.52-1.91-1.32-3.35,0Z\"><\/path><\/svg>\t\t\t<\/div>\n\t\t<\/div>\n\t\t\t\t\t\t<\/div>\n\t\t\t\t<\/div>\n\t\t\t\t<div class=\"elementor-element elementor-element-06b65b1 elementor-widget elementor-widget-heading\" data-id=\"06b65b1\" data-element_type=\"widget\" data-e-type=\"widget\" data-widget_type=\"heading.default\">\n\t\t\t\t<div class=\"elementor-widget-container\">\n\t\t\t\t\t<h5 class=\"elementor-heading-title elementor-size-default\">Trp\u00edte osteoartr\u00f3zou lokte a hled\u00e1te odborn\u00edka?<\/h5>\t\t\t\t<\/div>\n\t\t\t\t<\/div>\n\t\t\t\t<div class=\"elementor-element elementor-element-11fdcb7 elementor-align-center elementor-widget elementor-widget-button\" data-id=\"11fdcb7\" data-element_type=\"widget\" data-e-type=\"widget\" data-widget_type=\"button.default\">\n\t\t\t\t<div class=\"elementor-widget-container\">\n\t\t\t\t\t\t\t\t\t<div class=\"elementor-button-wrapper\">\n\t\t\t\t\t<a class=\"elementor-button elementor-button-link elementor-size-sm\" href=\"https:\/\/www.ortho-hart.at\/kontakt\/\">\n\t\t\t\t\t\t<span class=\"elementor-button-content-wrapper\">\n\t\t\t\t\t\t\t\t\t<span class=\"elementor-button-text\">Pros\u00edm, kontaktujte m\u011b<\/span>\n\t\t\t\t\t<\/span>\n\t\t\t\t\t<\/a>\n\t\t\t\t<\/div>\n\t\t\t\t\t\t\t\t<\/div>\n\t\t\t\t<\/div>\n\t\t\t\t\t<\/div>\n\t\t<\/div>\n\t\t\t\t\t<\/div>\n\t\t<\/section>\n\t\t\t\t<section class=\"elementor-section elementor-top-section elementor-element elementor-element-625dfdd elementor-section-boxed elementor-section-height-default elementor-section-height-default\" data-id=\"625dfdd\" data-element_type=\"section\" data-e-type=\"section\">\n\t\t\t\t\t\t<div class=\"elementor-container elementor-column-gap-default\">\n\t\t\t\t\t<div class=\"elementor-column elementor-col-100 elementor-top-column elementor-element elementor-element-5de9355\" data-id=\"5de9355\" data-element_type=\"column\" data-e-type=\"column\">\n\t\t\t<div class=\"elementor-widget-wrap elementor-element-populated\">\n\t\t\t\t\t\t<section class=\"elementor-section elementor-inner-section elementor-element elementor-element-c8ad05b elementor-section-boxed elementor-section-height-default elementor-section-height-default\" data-id=\"c8ad05b\" data-element_type=\"section\" data-e-type=\"section\">\n\t\t\t\t\t\t<div class=\"elementor-container elementor-column-gap-no\">\n\t\t\t\t\t<div class=\"elementor-column elementor-col-50 elementor-inner-column elementor-element elementor-element-7447e42\" data-id=\"7447e42\" data-element_type=\"column\" data-e-type=\"column\">\n\t\t\t<div class=\"elementor-widget-wrap elementor-element-populated\">\n\t\t\t\t\t\t<div class=\"elementor-element elementor-element-b540bf1 elementor-widget elementor-widget-heading\" data-id=\"b540bf1\" data-element_type=\"widget\" data-e-type=\"widget\" data-widget_type=\"heading.default\">\n\t\t\t\t<div class=\"elementor-widget-container\">\n\t\t\t\t\t<h2 class=\"elementor-heading-title elementor-size-default\">P\u0159\u00ed\u010diny osteoartr\u00f3zy<\/h2>\t\t\t\t<\/div>\n\t\t\t\t<\/div>\n\t\t\t\t<div class=\"elementor-element elementor-element-01969dd elementor-widget-divider--view-line elementor-widget elementor-widget-global elementor-global-4145 elementor-global-172 elementor-widget-divider\" data-id=\"01969dd\" data-element_type=\"widget\" data-e-type=\"widget\" data-widget_type=\"divider.default\">\n\t\t\t\t<div class=\"elementor-widget-container\">\n\t\t\t\t\t\t\t<div class=\"elementor-divider\">\n\t\t\t<span class=\"elementor-divider-separator\">\n\t\t\t\t\t\t<\/span>\n\t\t<\/div>\n\t\t\t\t\t\t<\/div>\n\t\t\t\t<\/div>\n\t\t\t\t<div class=\"elementor-element elementor-element-a58f8bb elementor-widget elementor-widget-text-editor\" data-id=\"a58f8bb\" data-element_type=\"widget\" data-e-type=\"widget\" data-widget_type=\"text-editor.default\">\n\t\t\t\t<div class=\"elementor-widget-container\">\n\t\t\t\t\t\t\t\t\t<p data-pm-slice=\"1 1 []\">Rozli\u0161uje se prim\u00e1rn\u00ed a sekund\u00e1rn\u00ed, obvykle posttraumatick\u00e1 osteoartr\u00f3za. Prim\u00e1rn\u00ed osteoartr\u00f3za je rozvoj degenerativn\u00edho onemocn\u011bn\u00ed <strong>bez rozpoznateln\u00e9 p\u0159\u00ed\u010diny<\/strong>. <strong>Sekund\u00e1rn\u00ed osteoartr\u00f3za<\/strong> se nej\u010dast\u011bji vyv\u00edj\u00ed po <strong>zlomenin\u011b v oblasti lokte<\/strong>. V sou\u010dasn\u00e9 dob\u011b je nej\u010dast\u011bj\u0161\u00ed <strong>posttraumatick\u00e1 osteoartr\u00f3za loketn\u00edho kloubu<\/strong>. Vzhledem k tvaru loketn\u00edho kloubu se nerovnosti kloubn\u00edch ploch v\u011bt\u0161\u00ed ne\u017e 2 mm \u0161patn\u011b sn\u00e1\u0161ej\u00ed a jsou p\u0159\u00ed\u010dinou vzniku sekund\u00e1rn\u00edch degenerativn\u00edch zm\u011bn. Stup\u0148ovit\u00e9 nerovnosti kloubn\u00edho povrchu v\u011bt\u0161\u00ed ne\u017e 2 mm by proto m\u011bly b\u00fdt v\u010das korigov\u00e1ny pomoc\u00ed korek\u010dn\u00ed operace. Proto rekonstruujeme zlomeniny loketn\u00edho kloubu co nejdokonaleji a p\u0159edch\u00e1z\u00edme tak rozvoji osteoartr\u00f3zy.     <\/p>\n\t\t\t\t\t\t\t\t<\/div>\n\t\t\t\t<\/div>\n\t\t\t\t\t<\/div>\n\t\t<\/div>\n\t\t\t\t<div class=\"elementor-column elementor-col-50 elementor-inner-column elementor-element elementor-element-db773de\" data-id=\"db773de\" data-element_type=\"column\" data-e-type=\"column\">\n\t\t\t<div class=\"elementor-widget-wrap elementor-element-populated\">\n\t\t\t\t\t\t<div class=\"elementor-element elementor-element-0e8dd77 elementor-widget elementor-widget-image\" data-id=\"0e8dd77\" data-element_type=\"widget\" data-e-type=\"widget\" data-widget_type=\"image.default\">\n\t\t\t\t<div class=\"elementor-widget-container\">\n\t\t\t\t\t\t\t\t\t\t\t\t\t\t\t<img fetchpriority=\"high\" decoding=\"async\" width=\"768\" height=\"1024\" src=\"https:\/\/www.ortho-hart.at\/wp-content\/uploads\/2023\/06\/Ellenbogenarthrose-768x1024.jpeg\" class=\"attachment-large size-large wp-image-4241\" alt=\"\" srcset=\"https:\/\/www.ortho-hart.at\/wp-content\/uploads\/2023\/06\/Ellenbogenarthrose-768x1024.jpeg 768w, https:\/\/www.ortho-hart.at\/wp-content\/uploads\/2023\/06\/Ellenbogenarthrose-225x300.jpeg 225w, https:\/\/www.ortho-hart.at\/wp-content\/uploads\/2023\/06\/Ellenbogenarthrose-1152x1536.jpeg 1152w, https:\/\/www.ortho-hart.at\/wp-content\/uploads\/2023\/06\/Ellenbogenarthrose-1536x2048.jpeg 1536w, https:\/\/www.ortho-hart.at\/wp-content\/uploads\/2023\/06\/Ellenbogenarthrose-scaled.jpeg 1920w\" sizes=\"(max-width: 768px) 100vw, 768px\" \/>\t\t\t\t\t\t\t\t\t\t\t\t\t\t\t<\/div>\n\t\t\t\t<\/div>\n\t\t\t\t\t<\/div>\n\t\t<\/div>\n\t\t\t\t\t<\/div>\n\t\t<\/section>\n\t\t\t\t\t<\/div>\n\t\t<\/div>\n\t\t\t\t\t<\/div>\n\t\t<\/section>\n\t\t\t\t<section class=\"elementor-section elementor-top-section elementor-element elementor-element-e9b7270 elementor-section-boxed elementor-section-height-default elementor-section-height-default\" data-id=\"e9b7270\" data-element_type=\"section\" data-e-type=\"section\">\n\t\t\t\t\t\t<div class=\"elementor-container elementor-column-gap-default\">\n\t\t\t\t\t<div class=\"elementor-column elementor-col-100 elementor-top-column elementor-element elementor-element-4eccadf\" data-id=\"4eccadf\" data-element_type=\"column\" data-e-type=\"column\">\n\t\t\t<div class=\"elementor-widget-wrap elementor-element-populated\">\n\t\t\t\t\t\t<div class=\"elementor-element elementor-element-a0d4540 elementor-widget elementor-widget-heading\" data-id=\"a0d4540\" data-element_type=\"widget\" data-e-type=\"widget\" data-widget_type=\"heading.default\">\n\t\t\t\t<div class=\"elementor-widget-container\">\n\t\t\t\t\t<h2 class=\"elementor-heading-title elementor-size-default\">\u010cetnost osteoartr\u00f3zy lokte<\/h2>\t\t\t\t<\/div>\n\t\t\t\t<\/div>\n\t\t\t\t<div class=\"elementor-element elementor-element-ac6ea28 elementor-widget-divider--view-line elementor-widget elementor-widget-global elementor-global-4145 elementor-global-172 elementor-widget-divider\" data-id=\"ac6ea28\" data-element_type=\"widget\" data-e-type=\"widget\" data-widget_type=\"divider.default\">\n\t\t\t\t<div class=\"elementor-widget-container\">\n\t\t\t\t\t\t\t<div class=\"elementor-divider\">\n\t\t\t<span class=\"elementor-divider-separator\">\n\t\t\t\t\t\t<\/span>\n\t\t<\/div>\n\t\t\t\t\t\t<\/div>\n\t\t\t\t<\/div>\n\t\t\t\t<div class=\"elementor-element elementor-element-62e83ad elementor-widget elementor-widget-text-editor\" data-id=\"62e83ad\" data-element_type=\"widget\" data-e-type=\"widget\" data-widget_type=\"text-editor.default\">\n\t\t\t\t<div class=\"elementor-widget-container\">\n\t\t\t\t\t\t\t\t\t<p data-pm-slice=\"1 1 []\">Prim\u00e1rn\u00ed osteoartr\u00f3za lokte postihuje p\u0159ibli\u017en\u011b 2 % populace. Pr\u016fm\u011brn\u00fd v\u011bk, kdy se p\u0159\u00edznaky objev\u00ed, je 50 let. Mezi p\u0159\u00ed\u010diny pat\u0159\u00ed d\u011bdi\u010dnost, st\u00e1rnut\u00ed, \u00fabytek kostn\u00ed hmoty nebo nadm\u011brn\u00e9 zat\u011b\u017eov\u00e1n\u00ed kloubu. Osteoartr\u00f3za lokte se nej\u010dast\u011bji vyskytuje u mu\u017e\u016f, kte\u0159\u00ed vykon\u00e1vaj\u00ed t\u011b\u017ekou fyzickou pr\u00e1ci (typicky pr\u00e1ce s pneumatick\u00fdm n\u00e1\u0159ad\u00edm), nebo u sportovc\u016f (s aktivitami nad hlavou, obvykle vrha\u010di). \u017deny jsou posti\u017eeny \u010dty\u0159ikr\u00e1t m\u00e9n\u011b \u010dasto ne\u017e mu\u017ei. Osteoartr\u00f3za lokte je \u010dast\u011bj\u0161\u00ed nap\u0159\u00edklad u <strong>voz\u00ed\u010dk\u00e1\u0159\u016f <\/strong>nebo pacient\u016f, kte\u0159\u00ed jsou od ml\u00e1d\u00ed trvale odk\u00e1z\u00e1ni na <strong>berle <\/strong>.     <\/p>\n<p>I kdy\u017e se jedn\u00e1 o nezat\u00ed\u017een\u00fd kloub, loket je p\u0159i r\u016fzn\u00fdch \u010dinnostech fyziologicky zat\u00ed\u017een mnohon\u00e1sobn\u011b v\u00edce, ne\u017e je hmotnost t\u011bla. Prim\u00e1rn\u00ed osteoartr\u00f3za obvykle postihuje nejprve vnit\u0159n\u00ed \u010d\u00e1st kloubu a stupe\u0148 jej\u00edho rozvoje jde ruku v ruce s v\u011bkem. Vn\u011bj\u0161\u00ed strana kloubu zpo\u010d\u00e1tku nevykazuje takov\u00fd rozvoj degenerativn\u00edch zm\u011bn.  <\/p>\n\t\t\t\t\t\t\t\t<\/div>\n\t\t\t\t<\/div>\n\t\t\t\t\t<\/div>\n\t\t<\/div>\n\t\t\t\t\t<\/div>\n\t\t<\/section>\n\t\t\t\t<section class=\"elementor-section elementor-top-section elementor-element elementor-element-a7f3ec7 elementor-section-boxed elementor-section-height-default elementor-section-height-default elementor-invisible\" data-id=\"a7f3ec7\" data-element_type=\"section\" data-e-type=\"section\" data-settings=\"{&quot;background_background&quot;:&quot;classic&quot;,&quot;animation&quot;:&quot;fadeInRight&quot;}\">\n\t\t\t\t\t\t<div class=\"elementor-container elementor-column-gap-default\">\n\t\t\t\t\t<div class=\"elementor-column elementor-col-100 elementor-top-column elementor-element elementor-element-b5b711f\" data-id=\"b5b711f\" data-element_type=\"column\" data-e-type=\"column\">\n\t\t\t<div class=\"elementor-widget-wrap elementor-element-populated\">\n\t\t\t\t\t\t<div class=\"elementor-element elementor-element-2de7a27 elementor-widget elementor-widget-image\" data-id=\"2de7a27\" data-element_type=\"widget\" data-e-type=\"widget\" data-widget_type=\"image.default\">\n\t\t\t\t<div class=\"elementor-widget-container\">\n\t\t\t\t\t\t\t\t\t\t\t\t\t\t\t<img decoding=\"async\" width=\"1024\" height=\"683\" src=\"https:\/\/www.ortho-hart.at\/wp-content\/uploads\/2023\/06\/Ellenbogenarthrose-1-1024x683.jpeg\" class=\"attachment-large size-large wp-image-4242\" alt=\"L\u00e9\u010dba osteoartr\u00f3zy lokte V\u00edde\u0148\" srcset=\"https:\/\/www.ortho-hart.at\/wp-content\/uploads\/2023\/06\/Ellenbogenarthrose-1-1024x683.jpeg 1024w, https:\/\/www.ortho-hart.at\/wp-content\/uploads\/2023\/06\/Ellenbogenarthrose-1-300x200.jpeg 300w, https:\/\/www.ortho-hart.at\/wp-content\/uploads\/2023\/06\/Ellenbogenarthrose-1-768x512.jpeg 768w, https:\/\/www.ortho-hart.at\/wp-content\/uploads\/2023\/06\/Ellenbogenarthrose-1-1536x1024.jpeg 1536w, https:\/\/www.ortho-hart.at\/wp-content\/uploads\/2023\/06\/Ellenbogenarthrose-1-scaled.jpeg 2048w, https:\/\/www.ortho-hart.at\/wp-content\/uploads\/2023\/06\/Ellenbogenarthrose-1-930x620.jpeg 930w\" sizes=\"(max-width: 1024px) 100vw, 1024px\" \/>\t\t\t\t\t\t\t\t\t\t\t\t\t\t\t<\/div>\n\t\t\t\t<\/div>\n\t\t\t\t\t<\/div>\n\t\t<\/div>\n\t\t\t\t\t<\/div>\n\t\t<\/section>\n\t\t\t\t<section class=\"elementor-section elementor-top-section elementor-element elementor-element-414cad5 elementor-section-boxed elementor-section-height-default elementor-section-height-default\" data-id=\"414cad5\" data-element_type=\"section\" data-e-type=\"section\">\n\t\t\t\t\t\t<div class=\"elementor-container elementor-column-gap-default\">\n\t\t\t\t\t<div class=\"elementor-column elementor-col-100 elementor-top-column elementor-element elementor-element-099abd6\" data-id=\"099abd6\" data-element_type=\"column\" data-e-type=\"column\">\n\t\t\t<div class=\"elementor-widget-wrap elementor-element-populated\">\n\t\t\t\t\t\t<div class=\"elementor-element elementor-element-2cbf8ac elementor-hidden-desktop elementor-hidden-tablet elementor-widget elementor-widget-heading\" data-id=\"2cbf8ac\" data-element_type=\"widget\" data-e-type=\"widget\" data-widget_type=\"heading.default\">\n\t\t\t\t<div class=\"elementor-widget-container\">\n\t\t\t\t\t<h2 class=\"elementor-heading-title elementor-size-default\">P\u0159\u00edznaky artr\u00f3zy loketn\u00edho kloubu<\/h2>\t\t\t\t<\/div>\n\t\t\t\t<\/div>\n\t\t\t\t<div class=\"elementor-element elementor-element-ee08622 elementor-hidden-mobile elementor-widget elementor-widget-heading\" data-id=\"ee08622\" data-element_type=\"widget\" data-e-type=\"widget\" data-widget_type=\"heading.default\">\n\t\t\t\t<div class=\"elementor-widget-container\">\n\t\t\t\t\t<h2 class=\"elementor-heading-title elementor-size-default\">P\u0159\u00edznaky artr\u00f3zy loketn\u00edho kloubu<\/h2>\t\t\t\t<\/div>\n\t\t\t\t<\/div>\n\t\t\t\t<div class=\"elementor-element elementor-element-edd1b59 elementor-widget-divider--view-line elementor-widget elementor-widget-global elementor-global-4145 elementor-global-172 elementor-widget-divider\" data-id=\"edd1b59\" data-element_type=\"widget\" data-e-type=\"widget\" data-widget_type=\"divider.default\">\n\t\t\t\t<div class=\"elementor-widget-container\">\n\t\t\t\t\t\t\t<div class=\"elementor-divider\">\n\t\t\t<span class=\"elementor-divider-separator\">\n\t\t\t\t\t\t<\/span>\n\t\t<\/div>\n\t\t\t\t\t\t<\/div>\n\t\t\t\t<\/div>\n\t\t\t\t<section class=\"elementor-section elementor-inner-section elementor-element elementor-element-2ee7096 elementor-section-boxed elementor-section-height-default elementor-section-height-default\" data-id=\"2ee7096\" data-element_type=\"section\" data-e-type=\"section\">\n\t\t\t\t\t\t<div class=\"elementor-container elementor-column-gap-no\">\n\t\t\t\t\t<div class=\"elementor-column elementor-col-50 elementor-inner-column elementor-element elementor-element-02c256e\" data-id=\"02c256e\" data-element_type=\"column\" data-e-type=\"column\">\n\t\t\t<div class=\"elementor-widget-wrap elementor-element-populated\">\n\t\t\t\t\t\t<div class=\"elementor-element elementor-element-166acd2 elementor-widget elementor-widget-text-editor\" data-id=\"166acd2\" data-element_type=\"widget\" data-e-type=\"widget\" data-widget_type=\"text-editor.default\">\n\t\t\t\t<div class=\"elementor-widget-container\">\n\t\t\t\t\t\t\t\t\t<p data-pm-slice=\"1 1 []\">Opot\u0159eben\u00ed loketn\u00edho kloubu se projevuje bolest\u00ed p\u0159i oh\u00fdb\u00e1n\u00ed nebo natahov\u00e1n\u00ed. P\u0159i nata\u017een\u00e9m lokti se bolest \u010dasto objevuje ji\u017e p\u0159i pouh\u00e9m p\u0159en\u00e1\u0161en\u00ed lehk\u00e9ho p\u0159edm\u011btu. P\u0159i vy\u0161et\u0159en\u00ed se pravideln\u011b zji\u0161\u0165uje ztr\u00e1ta extenze. Bolest p\u0159i pohybu ve st\u0159edn\u00ed poloze se objevuje a\u017e v pozd\u011bj\u0161\u00edch stadi\u00edch onemocn\u011bn\u00ed. Klinicky se objevuj\u00ed \u0161umy p\u0159i pohybech a p\u0159edev\u0161\u00edm bolest p\u0159i pasivn\u00edch pohybech v hrani\u010dn\u00edch poloh\u00e1ch.    <\/p>\n\t\t\t\t\t\t\t\t<\/div>\n\t\t\t\t<\/div>\n\t\t\t\t<div class=\"elementor-element elementor-element-bf574df elementor-widget elementor-widget-heading\" data-id=\"bf574df\" data-element_type=\"widget\" data-e-type=\"widget\" data-widget_type=\"heading.default\">\n\t\t\t\t<div class=\"elementor-widget-container\">\n\t\t\t\t\t<h3 class=\"elementor-heading-title elementor-size-default\">Co zp\u016fsobuje p\u0159\u00edznaky kloubu?<\/h3>\t\t\t\t<\/div>\n\t\t\t\t<\/div>\n\t\t\t\t<div class=\"elementor-element elementor-element-cfbe9b6 elementor-widget elementor-widget-text-editor\" data-id=\"cfbe9b6\" data-element_type=\"widget\" data-e-type=\"widget\" data-widget_type=\"text-editor.default\">\n\t\t\t\t<div class=\"elementor-widget-container\">\n\t\t\t\t\t\t\t\t\t<p data-pm-slice=\"1 1 []\">V kloubu se \u010dasto vytvo\u0159\u00ed voln\u00e1 chrupavka nebo dokonce kostn\u00ed t\u011blesa. Mechanick\u00e9 blok\u00e1dy s voln\u00fdmi kloubn\u00edmi t\u011blesy se vyskytuj\u00ed u poloviny pacient\u016f. Voln\u00e9mu pohybu v lokti br\u00e1n\u00ed nov\u011b vznikl\u00e1 kostn\u00ed lo\u017eiska (nap\u0159. osteofyty) a ztuhnut\u00ed kloubn\u00edho pouzdra. Dr\u00e1\u017ed\u011bn\u00ed loketn\u00edho nervu v d\u016fsledku kostn\u00edch lo\u017eisek nen\u00ed neobvykl\u00e9. No\u010dn\u00ed bolesti a v\u00fdpotek v kloubu jsou v\u0161ak vz\u00e1cn\u00e9.    <\/p>\n\t\t\t\t\t\t\t\t<\/div>\n\t\t\t\t<\/div>\n\t\t\t\t\t<\/div>\n\t\t<\/div>\n\t\t\t\t<div class=\"elementor-column elementor-col-50 elementor-inner-column elementor-element elementor-element-72f1c72\" data-id=\"72f1c72\" data-element_type=\"column\" data-e-type=\"column\">\n\t\t\t<div class=\"elementor-widget-wrap elementor-element-populated\">\n\t\t\t\t\t\t<div class=\"elementor-element elementor-element-4c60900 elementor-widget elementor-widget-image\" data-id=\"4c60900\" data-element_type=\"widget\" data-e-type=\"widget\" data-widget_type=\"image.default\">\n\t\t\t\t<div class=\"elementor-widget-container\">\n\t\t\t\t\t\t\t\t\t\t\t\t\t\t\t<img decoding=\"async\" width=\"480\" height=\"599\" src=\"https:\/\/www.ortho-hart.at\/wp-content\/uploads\/2023\/06\/Ellenbogenarthrose-Roentgen.png\" class=\"attachment-large size-large wp-image-4243\" alt=\"\" srcset=\"https:\/\/www.ortho-hart.at\/wp-content\/uploads\/2023\/06\/Ellenbogenarthrose-Roentgen.png 480w, https:\/\/www.ortho-hart.at\/wp-content\/uploads\/2023\/06\/Ellenbogenarthrose-Roentgen-240x300.png 240w\" sizes=\"(max-width: 480px) 100vw, 480px\" \/>\t\t\t\t\t\t\t\t\t\t\t\t\t\t\t<\/div>\n\t\t\t\t<\/div>\n\t\t\t\t\t<\/div>\n\t\t<\/div>\n\t\t\t\t\t<\/div>\n\t\t<\/section>\n\t\t\t\t\t<\/div>\n\t\t<\/div>\n\t\t\t\t\t<\/div>\n\t\t<\/section>\n\t\t\t\t<section class=\"elementor-section elementor-top-section elementor-element elementor-element-3b57537 elementor-section-boxed elementor-section-height-default elementor-section-height-default\" data-id=\"3b57537\" data-element_type=\"section\" data-e-type=\"section\">\n\t\t\t\t\t\t<div class=\"elementor-container elementor-column-gap-default\">\n\t\t\t\t\t<div class=\"elementor-column elementor-col-100 elementor-top-column elementor-element elementor-element-29df95c\" data-id=\"29df95c\" data-element_type=\"column\" data-e-type=\"column\">\n\t\t\t<div class=\"elementor-widget-wrap elementor-element-populated\">\n\t\t\t\t\t\t<div class=\"elementor-element elementor-element-cbee67b elementor-widget elementor-widget-heading\" data-id=\"cbee67b\" data-element_type=\"widget\" data-e-type=\"widget\" data-widget_type=\"heading.default\">\n\t\t\t\t<div class=\"elementor-widget-container\">\n\t\t\t\t\t<h2 class=\"elementor-heading-title elementor-size-default\">L\u00e9\u010dba osteoartr\u00f3zy lokte<\/h2>\t\t\t\t<\/div>\n\t\t\t\t<\/div>\n\t\t\t\t<div class=\"elementor-element elementor-element-a229408 elementor-widget-divider--view-line elementor-widget elementor-widget-global elementor-global-4145 elementor-global-172 elementor-widget-divider\" data-id=\"a229408\" data-element_type=\"widget\" data-e-type=\"widget\" data-widget_type=\"divider.default\">\n\t\t\t\t<div class=\"elementor-widget-container\">\n\t\t\t\t\t\t\t<div class=\"elementor-divider\">\n\t\t\t<span class=\"elementor-divider-separator\">\n\t\t\t\t\t\t<\/span>\n\t\t<\/div>\n\t\t\t\t\t\t<\/div>\n\t\t\t\t<\/div>\n\t\t\t\t<div class=\"elementor-element elementor-element-62d6454 elementor-widget elementor-widget-heading\" data-id=\"62d6454\" data-element_type=\"widget\" data-e-type=\"widget\" data-widget_type=\"heading.default\">\n\t\t\t\t<div class=\"elementor-widget-container\">\n\t\t\t\t\t<h3 class=\"elementor-heading-title elementor-size-default\">Konzervativn\u00ed l\u00e9\u010dba osteoartr\u00f3zy lokte<\/h3>\t\t\t\t<\/div>\n\t\t\t\t<\/div>\n\t\t\t\t<section class=\"elementor-section elementor-inner-section elementor-element elementor-element-c29d707 elementor-reverse-tablet elementor-reverse-mobile elementor-section-boxed elementor-section-height-default elementor-section-height-default\" data-id=\"c29d707\" data-element_type=\"section\" data-e-type=\"section\">\n\t\t\t\t\t\t<div class=\"elementor-container elementor-column-gap-no\">\n\t\t\t\t\t<div class=\"elementor-column elementor-col-50 elementor-inner-column elementor-element elementor-element-ad45d81\" data-id=\"ad45d81\" data-element_type=\"column\" data-e-type=\"column\">\n\t\t\t<div class=\"elementor-widget-wrap elementor-element-populated\">\n\t\t\t\t\t\t<div class=\"elementor-element elementor-element-fff2081 elementor-widget elementor-widget-image\" data-id=\"fff2081\" data-element_type=\"widget\" data-e-type=\"widget\" data-widget_type=\"image.default\">\n\t\t\t\t<div class=\"elementor-widget-container\">\n\t\t\t\t\t\t\t\t\t\t\t\t\t\t\t<img loading=\"lazy\" decoding=\"async\" width=\"1024\" height=\"684\" src=\"https:\/\/www.ortho-hart.at\/wp-content\/uploads\/2023\/06\/Ellenbogenarthrose-konservative-therapie-1024x684.jpg\" class=\"attachment-large size-large wp-image-4245\" alt=\"\" srcset=\"https:\/\/www.ortho-hart.at\/wp-content\/uploads\/2023\/06\/Ellenbogenarthrose-konservative-therapie-1024x684.jpg 1024w, https:\/\/www.ortho-hart.at\/wp-content\/uploads\/2023\/06\/Ellenbogenarthrose-konservative-therapie-300x200.jpg 300w, https:\/\/www.ortho-hart.at\/wp-content\/uploads\/2023\/06\/Ellenbogenarthrose-konservative-therapie-768x513.jpg 768w, https:\/\/www.ortho-hart.at\/wp-content\/uploads\/2023\/06\/Ellenbogenarthrose-konservative-therapie-1536x1025.jpg 1536w, https:\/\/www.ortho-hart.at\/wp-content\/uploads\/2023\/06\/Ellenbogenarthrose-konservative-therapie-scaled.jpg 2048w, https:\/\/www.ortho-hart.at\/wp-content\/uploads\/2023\/06\/Ellenbogenarthrose-konservative-therapie-930x620.jpg 930w\" sizes=\"(max-width: 1024px) 100vw, 1024px\" \/>\t\t\t\t\t\t\t\t\t\t\t\t\t\t\t<\/div>\n\t\t\t\t<\/div>\n\t\t\t\t\t<\/div>\n\t\t<\/div>\n\t\t\t\t<div class=\"elementor-column elementor-col-50 elementor-inner-column elementor-element elementor-element-4dff5ff\" data-id=\"4dff5ff\" data-element_type=\"column\" data-e-type=\"column\">\n\t\t\t<div class=\"elementor-widget-wrap elementor-element-populated\">\n\t\t\t\t\t\t<div class=\"elementor-element elementor-element-6f9cee0 elementor-widget elementor-widget-text-editor\" data-id=\"6f9cee0\" data-element_type=\"widget\" data-e-type=\"widget\" data-widget_type=\"text-editor.default\">\n\t\t\t\t<div class=\"elementor-widget-container\">\n\t\t\t\t\t\t\t\t\t<p data-pm-slice=\"1 1 []\">Osteoartr\u00f3za lokte se v\u017edy zpo\u010d\u00e1tku l\u00e9\u010d\u00ed konzervativn\u00edmi metodami (fyzioterapie, re\u017eimov\u00e1 opat\u0159en\u00ed, nesteroidn\u00ed protiz\u00e1n\u011btliv\u00e9 l\u00e9ky). Zpravidla je nutn\u00e9 nejprve zm\u00edrnit bolest a pot\u00e9 prov\u00e9st dlouhodob\u00e9 zm\u011bny aktivity. Vylou\u010den\u00ed bolestiv\u00fdch \u010dinnost\u00ed je v\u0161ak pro pacienty, kte\u0159\u00ed pracuj\u00ed manu\u00e1ln\u011b, \u010dasto obt\u00ed\u017en\u011b p\u0159ijateln\u00e9. Pro kr\u00e1tkodobou \u00falevu a zlep\u0161en\u00ed rehabilita\u010dn\u00edho tr\u00e9ninku lze prov\u00e9st <strong>infiltraci kortizonem <\/strong>. <strong>Infiltrace kyselinou hyaluronovou<\/strong> mohou rovn\u011b\u017e pomoci zm\u00edrnit akutn\u00ed bolestiv\u00e9 dr\u00e1\u017ed\u011bn\u00ed lokte. U pacient\u016f s pokro\u010dil\u00fdm stadiem onemocn\u011bn\u00ed v\u0161ak nelze o\u010dek\u00e1vat dlouhodobou \u00falevu.     <\/p>\n\t\t\t\t\t\t\t\t<\/div>\n\t\t\t\t<\/div>\n\t\t\t\t\t<\/div>\n\t\t<\/div>\n\t\t\t\t\t<\/div>\n\t\t<\/section>\n\t\t\t\t<div class=\"elementor-element elementor-element-f06dd7f elementor-widget elementor-widget-heading\" data-id=\"f06dd7f\" data-element_type=\"widget\" data-e-type=\"widget\" data-widget_type=\"heading.default\">\n\t\t\t\t<div class=\"elementor-widget-container\">\n\t\t\t\t\t<h3 class=\"elementor-heading-title elementor-size-default\">Operace lokte<\/h3>\t\t\t\t<\/div>\n\t\t\t\t<\/div>\n\t\t\t\t<div class=\"elementor-element elementor-element-b0061e7 elementor-widget elementor-widget-text-editor\" data-id=\"b0061e7\" data-element_type=\"widget\" data-e-type=\"widget\" data-widget_type=\"text-editor.default\">\n\t\t\t\t<div class=\"elementor-widget-container\">\n\t\t\t\t\t\t\t\t\t<p data-pm-slice=\"1 1 []\">Pokud ji\u017e konzervativn\u00ed l\u00e9\u010dba neposta\u010duje, je jedinou mo\u017enost\u00ed chirurgick\u00fd z\u00e1krok. <strong>Artroskopie <\/strong>m\u016f\u017ee pomoci pacient\u016fm s <strong>omezen\u00fdmi degenerativn\u00edmi zm\u011bnami<\/strong>. <\/p>\n\t\t\t\t\t\t\t\t<\/div>\n\t\t\t\t<\/div>\n\t\t\t\t<div class=\"elementor-element elementor-element-93d0842 elementor-widget elementor-widget-heading\" data-id=\"93d0842\" data-element_type=\"widget\" data-e-type=\"widget\" data-widget_type=\"heading.default\">\n\t\t\t\t<div class=\"elementor-widget-container\">\n\t\t\t\t\t<h4 class=\"elementor-heading-title elementor-size-default\">Artroskopie lokte<\/h4>\t\t\t\t<\/div>\n\t\t\t\t<\/div>\n\t\t\t\t<div class=\"elementor-element elementor-element-29e3ec0 elementor-widget elementor-widget-text-editor\" data-id=\"29e3ec0\" data-element_type=\"widget\" data-e-type=\"widget\" data-widget_type=\"text-editor.default\">\n\t\t\t\t<div class=\"elementor-widget-container\">\n\t\t\t\t\t\t\t\t\t<p data-pm-slice=\"1 1 []\">Artroskopick\u00e9 \u010di\u0161t\u011bn\u00ed kloub\u016f m\u016f\u017ee zm\u00edrnit bolest a zpomalit progresi onemocn\u011bn\u00ed. Artroskopie by v\u0161ak m\u011bla b\u00fdt indikov\u00e1na pouze v \u010dasn\u00fdch stadi\u00edch degenerativn\u00edho procesu. Je mo\u017en\u00e9 odstranit kostn\u00ed lo\u017eiska (osteofyty) z p\u0159edn\u00ed i zadn\u00ed \u010d\u00e1sti loketn\u00edho kloubu. Odstran\u011bn\u00ed osteofyt\u016f z p\u0159edn\u00ed \u010d\u00e1sti kloubu je mnohem obt\u00ed\u017en\u011bj\u0161\u00ed. Odstran\u011bn\u00ed voln\u00fdch kloubn\u00edch t\u011bles nen\u00ed obt\u00ed\u017en\u00e9. Je v\u0161ak t\u0159eba m\u00edt na pam\u011bti, \u017ee artroskopie degenerovan\u00e9ho loketn\u00edho kloubu je mnohem obt\u00ed\u017en\u011bj\u0161\u00ed ne\u017e u kloubu s norm\u00e1ln\u00edmi anatomick\u00fdmi pom\u011bry. U osteoartr\u00f3zy zhor\u0161uj\u00ed opera\u010dn\u00ed podm\u00ednky osteofyty a ztuhlost kloubn\u00edho pouzdra, ale hlavn\u011b v\u00fdrazn\u011b zmen\u0161uj\u00ed objem kloubn\u00edho prostoru.      <\/p>\n\t\t\t\t\t\t\t\t<\/div>\n\t\t\t\t<\/div>\n\t\t\t\t\t<\/div>\n\t\t<\/div>\n\t\t\t\t\t<\/div>\n\t\t<\/section>\n\t\t\t\t<section class=\"elementor-section elementor-top-section elementor-element elementor-element-5fbf262 elementor-section-boxed elementor-section-height-default elementor-section-height-default elementor-invisible\" data-id=\"5fbf262\" data-element_type=\"section\" data-e-type=\"section\" data-settings=\"{&quot;background_background&quot;:&quot;classic&quot;,&quot;animation&quot;:&quot;fadeInLeft&quot;}\">\n\t\t\t\t\t\t<div class=\"elementor-container elementor-column-gap-default\">\n\t\t\t\t\t<div class=\"elementor-column elementor-col-100 elementor-top-column elementor-element elementor-element-fffb7e2\" data-id=\"fffb7e2\" data-element_type=\"column\" data-e-type=\"column\">\n\t\t\t<div class=\"elementor-widget-wrap elementor-element-populated\">\n\t\t\t\t\t\t<div class=\"elementor-element elementor-element-65203d8 elementor-widget elementor-widget-image\" data-id=\"65203d8\" data-element_type=\"widget\" data-e-type=\"widget\" data-widget_type=\"image.default\">\n\t\t\t\t<div class=\"elementor-widget-container\">\n\t\t\t\t\t\t\t\t\t\t\t\t\t\t\t<img loading=\"lazy\" decoding=\"async\" width=\"1024\" height=\"684\" src=\"https:\/\/www.ortho-hart.at\/wp-content\/uploads\/2023\/06\/Ellenbogen-Arthrose-1024x684.jpg\" class=\"attachment-large size-large wp-image-4246\" alt=\"Osteoartr\u00f3za lokte\" srcset=\"https:\/\/www.ortho-hart.at\/wp-content\/uploads\/2023\/06\/Ellenbogen-Arthrose-1024x684.jpg 1024w, https:\/\/www.ortho-hart.at\/wp-content\/uploads\/2023\/06\/Ellenbogen-Arthrose-300x200.jpg 300w, https:\/\/www.ortho-hart.at\/wp-content\/uploads\/2023\/06\/Ellenbogen-Arthrose-768x513.jpg 768w, https:\/\/www.ortho-hart.at\/wp-content\/uploads\/2023\/06\/Ellenbogen-Arthrose-1536x1025.jpg 1536w, https:\/\/www.ortho-hart.at\/wp-content\/uploads\/2023\/06\/Ellenbogen-Arthrose-scaled.jpg 2048w, https:\/\/www.ortho-hart.at\/wp-content\/uploads\/2023\/06\/Ellenbogen-Arthrose-930x620.jpg 930w\" sizes=\"(max-width: 1024px) 100vw, 1024px\" \/>\t\t\t\t\t\t\t\t\t\t\t\t\t\t\t<\/div>\n\t\t\t\t<\/div>\n\t\t\t\t\t<\/div>\n\t\t<\/div>\n\t\t\t\t\t<\/div>\n\t\t<\/section>\n\t\t\t\t<section class=\"elementor-section elementor-top-section elementor-element elementor-element-f3252b0 elementor-section-boxed elementor-section-height-default elementor-section-height-default\" data-id=\"f3252b0\" data-element_type=\"section\" data-e-type=\"section\">\n\t\t\t\t\t\t<div class=\"elementor-container elementor-column-gap-default\">\n\t\t\t\t\t<div class=\"elementor-column elementor-col-100 elementor-top-column elementor-element elementor-element-0d32e6c\" data-id=\"0d32e6c\" data-element_type=\"column\" data-e-type=\"column\">\n\t\t\t<div class=\"elementor-widget-wrap elementor-element-populated\">\n\t\t\t\t\t\t<div class=\"elementor-element elementor-element-0392063 elementor-widget elementor-widget-heading\" data-id=\"0392063\" data-element_type=\"widget\" data-e-type=\"widget\" data-widget_type=\"heading.default\">\n\t\t\t\t<div class=\"elementor-widget-container\">\n\t\t\t\t\t<h4 class=\"elementor-heading-title elementor-size-default\">Dal\u0161\u00ed chirurgick\u00e9 techniky<\/h4>\t\t\t\t<\/div>\n\t\t\t\t<\/div>\n\t\t\t\t<div class=\"elementor-element elementor-element-b331611 elementor-widget elementor-widget-text-editor\" data-id=\"b331611\" data-element_type=\"widget\" data-e-type=\"widget\" data-widget_type=\"text-editor.default\">\n\t\t\t\t<div class=\"elementor-widget-container\">\n\t\t\t\t\t\t\t\t\t<p data-pm-slice=\"1 1 []\">Pokud se uk\u00e1\u017ee, \u017ee artroskopie nen\u00ed pro vy\u010di\u0161t\u011bn\u00ed kloubu dostate\u010dn\u00e1, lze pou\u017e\u00edt m\u00e9n\u011b invazivn\u00ed techniku popsanou Outerbridgem a Kashiwagim. Kloub \u010dist\u00edme zezadu kr\u00e1tk\u00fdm \u0159ezem v k\u016f\u017ei a p\u0159edn\u00ed \u010d\u00e1st kloubu otvorem vytvo\u0159en\u00fdm v pa\u017en\u00ed kosti. Tato technika v\u0161ak nen\u00ed vhodn\u00e1, pokud chceme sou\u010dasn\u011b zv\u00fd\u0161it extenzi v loketn\u00edm kloubu. Kdy\u017e poukazujeme na to, \u017ee \u010di\u0161t\u011bn\u00ed kloubu p\u0159i osteoartr\u00f3ze by m\u011blo b\u00fdt je\u0161t\u011b radik\u00e1ln\u011bj\u0161\u00ed, obvykle vol\u00edme techniky, kter\u00e9 jsou prim\u00e1rn\u011b ur\u010deny k uvoln\u011bn\u00ed pohybu ve ztuhl\u00e9m loketn\u00edm kloubu. \u010ci\u0161t\u011bn\u00ed kloubu posti\u017een\u00e9ho osteoartr\u00f3zou obvykle na ur\u010ditou dobu zm\u00edrn\u00ed pacientovy p\u0159\u00edznaky, ale nezastav\u00ed progresi onemocn\u011bn\u00ed, pouze ji zpomal\u00ed.    <\/p>\n\t\t\t\t\t\t\t\t<\/div>\n\t\t\t\t<\/div>\n\t\t\t\t<section class=\"elementor-section elementor-inner-section elementor-element elementor-element-94b6acf elementor-section-boxed elementor-section-height-default elementor-section-height-default\" data-id=\"94b6acf\" data-element_type=\"section\" data-e-type=\"section\">\n\t\t\t\t\t\t<div class=\"elementor-container elementor-column-gap-no\">\n\t\t\t\t\t<div class=\"elementor-column elementor-col-50 elementor-inner-column elementor-element elementor-element-75f383d\" data-id=\"75f383d\" data-element_type=\"column\" data-e-type=\"column\">\n\t\t\t<div class=\"elementor-widget-wrap elementor-element-populated\">\n\t\t\t\t\t\t<div class=\"elementor-element elementor-element-e5edf15 elementor-widget elementor-widget-heading\" data-id=\"e5edf15\" data-element_type=\"widget\" data-e-type=\"widget\" data-widget_type=\"heading.default\">\n\t\t\t\t<div class=\"elementor-widget-container\">\n\t\t\t\t\t<h4 class=\"elementor-heading-title elementor-size-default\">Operace pokro\u010dil\u00e9 osteoartr\u00f3zy<\/h4>\t\t\t\t<\/div>\n\t\t\t\t<\/div>\n\t\t\t\t<div class=\"elementor-element elementor-element-0649203 elementor-widget elementor-widget-text-editor\" data-id=\"0649203\" data-element_type=\"widget\" data-e-type=\"widget\" data-widget_type=\"text-editor.default\">\n\t\t\t\t<div class=\"elementor-widget-container\">\n\t\t\t\t\t\t\t\t\t<p data-pm-slice=\"1 1 []\">V pokro\u010dilej\u0161\u00edm st\u00e1diu osteoartr\u00f3zy se ve vysok\u00e9m procentu objevuj\u00ed p\u0159\u00edznaky podr\u00e1\u017ed\u011bn\u00ed loketn\u00edho nervu. Objevuj\u00ed se p\u0159ibli\u017en\u011b u poloviny pacient\u016f, kte\u0159\u00ed podstoupili operaci. V n\u011bkter\u00fdch p\u0159\u00edpadech se jedn\u00e1 o m\u00edrn\u00e9 obt\u00ed\u017ee, kter\u00e9 po odstran\u011bn\u00ed osteofyt\u016f vymiz\u00ed. Pokud zaznamen\u00e1me zn\u00e1mky v\u00fdrazn\u00e9 komprese loketn\u00edho nervu, mus\u00edme se p\u0159i \u010di\u0161t\u011bn\u00ed lokte zam\u011b\u0159it na uvoln\u011bn\u00ed nervu nebo jej posunout p\u0159\u00edmo dop\u0159edu.   <\/p>\n\t\t\t\t\t\t\t\t<\/div>\n\t\t\t\t<\/div>\n\t\t\t\t\t<\/div>\n\t\t<\/div>\n\t\t\t\t<div class=\"elementor-column elementor-col-50 elementor-inner-column elementor-element elementor-element-560cbac\" data-id=\"560cbac\" data-element_type=\"column\" data-e-type=\"column\">\n\t\t\t<div class=\"elementor-widget-wrap elementor-element-populated\">\n\t\t\t\t\t\t<div class=\"elementor-element elementor-element-59ee437 elementor-widget elementor-widget-image\" data-id=\"59ee437\" data-element_type=\"widget\" data-e-type=\"widget\" data-widget_type=\"image.default\">\n\t\t\t\t<div class=\"elementor-widget-container\">\n\t\t\t\t\t\t\t\t\t\t\t\t\t\t\t<img loading=\"lazy\" decoding=\"async\" width=\"1024\" height=\"683\" src=\"https:\/\/www.ortho-hart.at\/wp-content\/uploads\/2023\/06\/Ellenbogenarthrose-OP-Chirurg-1024x683.jpg\" class=\"attachment-large size-large wp-image-4105\" alt=\"\" srcset=\"https:\/\/www.ortho-hart.at\/wp-content\/uploads\/2023\/06\/Ellenbogenarthrose-OP-Chirurg-1024x683.jpg 1024w, https:\/\/www.ortho-hart.at\/wp-content\/uploads\/2023\/06\/Ellenbogenarthrose-OP-Chirurg-300x200.jpg 300w, https:\/\/www.ortho-hart.at\/wp-content\/uploads\/2023\/06\/Ellenbogenarthrose-OP-Chirurg-768x512.jpg 768w, https:\/\/www.ortho-hart.at\/wp-content\/uploads\/2023\/06\/Ellenbogenarthrose-OP-Chirurg-1536x1025.jpg 1536w, https:\/\/www.ortho-hart.at\/wp-content\/uploads\/2023\/06\/Ellenbogenarthrose-OP-Chirurg-scaled.jpg 2048w, https:\/\/www.ortho-hart.at\/wp-content\/uploads\/2023\/06\/Ellenbogenarthrose-OP-Chirurg-930x620.jpg 930w\" sizes=\"(max-width: 1024px) 100vw, 1024px\" \/>\t\t\t\t\t\t\t\t\t\t\t\t\t\t\t<\/div>\n\t\t\t\t<\/div>\n\t\t\t\t\t<\/div>\n\t\t<\/div>\n\t\t\t\t\t<\/div>\n\t\t<\/section>\n\t\t\t\t<div class=\"elementor-element elementor-element-6ad035e elementor-widget elementor-widget-text-editor\" data-id=\"6ad035e\" data-element_type=\"widget\" data-e-type=\"widget\" data-widget_type=\"text-editor.default\">\n\t\t\t\t<div class=\"elementor-widget-container\">\n\t\t\t\t\t\t\t\t\t<p data-pm-slice=\"1 1 []\">V pokro\u010dilej\u0161\u00edm st\u00e1diu osteoartr\u00f3zy se ve vysok\u00e9m procentu objevuj\u00ed p\u0159\u00edznaky podr\u00e1\u017ed\u011bn\u00ed loketn\u00edho nervu. Objevuj\u00ed se p\u0159ibli\u017en\u011b u poloviny pacient\u016f, kte\u0159\u00ed podstoupili operaci. V n\u011bkter\u00fdch p\u0159\u00edpadech se jedn\u00e1 o m\u00edrn\u00e9 obt\u00ed\u017ee, kter\u00e9 po odstran\u011bn\u00ed osteofyt\u016f vymiz\u00ed. Pokud zaznamen\u00e1me zn\u00e1mky v\u00fdrazn\u00e9ho \u00fatlaku loketn\u00edho nervu, mus\u00edme se p\u0159i \u010di\u0161t\u011bn\u00ed lokte nebo jeho p\u0159\u00edm\u00e9m posunu dop\u0159edu zam\u011b\u0159it na uvoln\u011bn\u00ed nervu.   <\/p>\n<p data-pm-slice=\"1 1 []\">Pokud dojde ke ztr\u00e1t\u011b v\u00edce ne\u017e 50 % obvodu kloubn\u00ed chrupavky v d\u016fsledku kloubn\u00edch nerovnost\u00ed p\u0159i osteoartr\u00f3ze nebo pokud nen\u00ed mo\u017en\u00e1 rekonstrukce kloubn\u00edho povrchu z d\u016fvodu v\u00fdrazn\u00fdch degenerativn\u00edch zm\u011bn, mus\u00edme zv\u00e1\u017eit indikaci k implantaci um\u011bl\u00e9ho kloubu. \u0158e\u0161en\u00ed osteoartr\u00f3zy pomoc\u00ed interpozi\u010dn\u00ed artroplastiky (s pou\u017eit\u00edm distrak\u010dn\u00edho za\u0159\u00edzen\u00ed) nen\u00ed v evropsk\u00fdch zem\u00edch p\u0159\u00edli\u0161 roz\u0161\u00ed\u0159en\u00e9. U <strong>mlad\u00fdch pacient\u016f se st\u0159edn\u011b t\u011b\u017ekou osteoartr\u00f3zou <\/strong>a sou\u010dasnou ztuhlost\u00ed lokte, kte\u0159\u00ed si nep\u0159ej\u00ed b\u00fdt omezov\u00e1ni implantovanou tot\u00e1ln\u00ed endoprot\u00e9zou (um\u011bl\u00fdm kloubem), aplikuji distrak\u010dn\u00ed fix\u00e1tor zevn\u011b s dobr\u00fdmi v\u00fdsledky. Vytvo\u0159en\u00ed distrak\u010dn\u00edho apar\u00e1tu je v\u0161ak pom\u011brn\u011b delik\u00e1tn\u00ed \u00fakol, kter\u00fd je vyhrazen zku\u0161en\u00e9mu chirurgovi. Po obnoven\u00ed anatomick\u00e9ho tvaru kloubn\u00edch ploch lze kloubn\u00ed plochu pa\u017en\u00ed kosti pokr\u00fdt \u0161t\u011bpem. Distrak\u010dn\u00ed apar\u00e1t z\u016fst\u00e1v\u00e1 na m\u00edst\u011b nejm\u00e9n\u011b \u010dty\u0159i t\u00fddny.     <\/p>\n<p>U star\u0161\u00edch a zejm\u00e9na m\u00e9n\u011b fyzicky aktivn\u00edch pacient\u016f s pokro\u010dilou osteoartr\u00f3zou loketn\u00edho kloubu je \u0159e\u0161en\u00edm tot\u00e1ln\u00ed endoprot\u00e9za (um\u011bl\u00fd kloub). T\u00e9ma endoprot\u00e9z loketn\u00edho kloubu je velmi rozs\u00e1hl\u00e9 a slo\u017eit\u00e9 a t\u00e9to problematice se v\u011bnuje jen n\u011bkolik \u00fazce specializovan\u00fdch ortoped\u016f. <\/p>\n\t\t\t\t\t\t\t\t<\/div>\n\t\t\t\t<\/div>\n\t\t\t\t\t<\/div>\n\t\t<\/div>\n\t\t\t\t\t<\/div>\n\t\t<\/section>\n\t\t\t\t<\/div>\n\t\t","protected":false},"excerpt":{"rendered":"<p>Osteoartr\u00f3za lokte (kubit\u00e1ln\u00ed osteoartr\u00f3za): p\u0159\u00edznaky, p\u0159\u00ed\u010diny a l\u00e9\u010dba Osteoartr\u00f3za je pomalu se zhor\u0161uj\u00edc\u00ed degenerativn\u00ed onemocn\u011bn\u00ed kloub\u016f zp\u016fsoben\u00e9 nevratn\u00fdm \u00fabytkem kloubn\u00ed chrupavky a zm\u011bnami v kosti pod kloubn\u00ed chrupavkou. Osteoartr\u00f3za loketn\u00edho kloubu je m\u00e9n\u011b \u010dast\u00e1 ne\u017e osteoartr\u00f3za ky\u010deln\u00edho nebo kolenn\u00edho kloubu. Loket je kloub, kter\u00fd nen\u00ed vystaven t\u011blesn\u00e9 hmotnosti, a jeho onemocn\u011bn\u00ed prim\u00e1rn\u00ed osteoartr\u00f3zou proto \u010dasto&hellip;&nbsp;<\/p>\n","protected":false},"author":2,"featured_media":0,"parent":4214,"menu_order":0,"comment_status":"closed","ping_status":"closed","template":"page-templates\/template-pagebuilder-full-width.php","meta":{"neve_meta_sidebar":"","neve_meta_container":"","neve_meta_enable_content_width":"","neve_meta_content_width":0,"neve_meta_title_alignment":"","neve_meta_author_avatar":"","neve_post_elements_order":"","neve_meta_disable_header":"","neve_meta_disable_footer":"","neve_meta_disable_title":"","neve_meta_reading_time":"","footnotes":""},"class_list":["post-4240","page","type-page","status-publish","hentry"],"yoast_head":"<!-- This site is optimized with the Yoast SEO plugin v27.5 - https:\/\/yoast.com\/product\/yoast-seo-wordpress\/ -->\n<title>- Specialista na lokty V\u00edde\u0148 Ellenbogenspezialist Wien - Dr. Radek Hart<\/title>\n<meta name=\"description\" content=\"Dr. Radek Hart je specialista na loketn\u00ed klouby ve V\u00eddni\" \/>\n<meta name=\"robots\" content=\"index, follow, max-snippet:-1, max-image-preview:large, max-video-preview:-1\" \/>\n<link rel=\"canonical\" href=\"https:\/\/www.ortho-hart.at\/cs\/loketni-jamka\/osteoartroza-lokte\/\" \/>\n<meta property=\"og:locale\" content=\"cs_CZ\" \/>\n<meta property=\"og:type\" content=\"article\" \/>\n<meta property=\"og:title\" content=\"- Specialista na lokty V\u00edde\u0148 Ellenbogenspezialist Wien - Dr. Radek Hart\" \/>\n<meta property=\"og:description\" content=\"Dr. Radek Hart je specialista na loketn\u00ed klouby ve V\u00eddni\" \/>\n<meta property=\"og:url\" content=\"https:\/\/www.ortho-hart.at\/cs\/loketni-jamka\/osteoartroza-lokte\/\" \/>\n<meta property=\"og:site_name\" content=\"Ellenbogenspezialist Wien - Dr. Radek Hart\" \/>\n<meta property=\"article:modified_time\" content=\"2024-10-31T08:56:43+00:00\" \/>\n<meta property=\"og:image\" content=\"https:\/\/www.ortho-hart.at\/wp-content\/uploads\/2023\/06\/Ellenbogenarthrose-768x1024.jpeg\" \/>\n<meta name=\"twitter:card\" content=\"summary_large_image\" \/>\n<meta name=\"twitter:label1\" content=\"Odhadovan\u00e1 doba \u010dten\u00ed\" \/>\n\t<meta name=\"twitter:data1\" content=\"8 minut\" \/>\n<script type=\"application\/ld+json\" class=\"yoast-schema-graph\">{\"@context\":\"https:\\\/\\\/schema.org\",\"@graph\":[{\"@type\":\"WebPage\",\"@id\":\"https:\\\/\\\/www.ortho-hart.at\\\/cs\\\/loketni-jamka\\\/osteoartroza-lokte\\\/\",\"url\":\"https:\\\/\\\/www.ortho-hart.at\\\/cs\\\/loketni-jamka\\\/osteoartroza-lokte\\\/\",\"name\":\"- Specialista na lokty V\u00edde\u0148 Ellenbogenspezialist Wien - Dr. Radek Hart\",\"isPartOf\":{\"@id\":\"https:\\\/\\\/www.ortho-hart.at\\\/cs\\\/#website\"},\"primaryImageOfPage\":{\"@id\":\"https:\\\/\\\/www.ortho-hart.at\\\/cs\\\/loketni-jamka\\\/osteoartroza-lokte\\\/#primaryimage\"},\"image\":{\"@id\":\"https:\\\/\\\/www.ortho-hart.at\\\/cs\\\/loketni-jamka\\\/osteoartroza-lokte\\\/#primaryimage\"},\"thumbnailUrl\":\"https:\\\/\\\/www.ortho-hart.at\\\/wp-content\\\/uploads\\\/2023\\\/06\\\/Ellenbogenarthrose-768x1024.jpeg\",\"datePublished\":\"2023-06-21T08:02:44+00:00\",\"dateModified\":\"2024-10-31T08:56:43+00:00\",\"description\":\"Dr. Radek Hart je specialista na loketn\u00ed klouby ve V\u00eddni\",\"breadcrumb\":{\"@id\":\"https:\\\/\\\/www.ortho-hart.at\\\/cs\\\/loketni-jamka\\\/osteoartroza-lokte\\\/#breadcrumb\"},\"inLanguage\":\"cs\",\"potentialAction\":[{\"@type\":\"ReadAction\",\"target\":[\"https:\\\/\\\/www.ortho-hart.at\\\/cs\\\/loketni-jamka\\\/osteoartroza-lokte\\\/\"]}]},{\"@type\":\"ImageObject\",\"inLanguage\":\"cs\",\"@id\":\"https:\\\/\\\/www.ortho-hart.at\\\/cs\\\/loketni-jamka\\\/osteoartroza-lokte\\\/#primaryimage\",\"url\":\"https:\\\/\\\/www.ortho-hart.at\\\/wp-content\\\/uploads\\\/2023\\\/06\\\/Ellenbogenarthrose-768x1024.jpeg\",\"contentUrl\":\"https:\\\/\\\/www.ortho-hart.at\\\/wp-content\\\/uploads\\\/2023\\\/06\\\/Ellenbogenarthrose-768x1024.jpeg\"},{\"@type\":\"BreadcrumbList\",\"@id\":\"https:\\\/\\\/www.ortho-hart.at\\\/cs\\\/loketni-jamka\\\/osteoartroza-lokte\\\/#breadcrumb\",\"itemListElement\":[{\"@type\":\"ListItem\",\"position\":1,\"name\":\"Startseite\",\"item\":\"https:\\\/\\\/www.ortho-hart.at\\\/cs\\\/domovska-stranka\\\/\"},{\"@type\":\"ListItem\",\"position\":2,\"name\":\"Loketn\u00ed jamka\",\"item\":\"https:\\\/\\\/www.ortho-hart.at\\\/cs\\\/loketni-jamka\\\/\"},{\"@type\":\"ListItem\",\"position\":3,\"name\":\"Osteoartr\u00f3za lokte\"}]},{\"@type\":\"WebSite\",\"@id\":\"https:\\\/\\\/www.ortho-hart.at\\\/cs\\\/#website\",\"url\":\"https:\\\/\\\/www.ortho-hart.at\\\/cs\\\/\",\"name\":\"Ellenbogenspezialist Wien - Dr. Radek Hart\",\"description\":\"Orthop\u00e4de 1190 Wien - Spezialist f\u00fcr Ellenbogen\",\"publisher\":{\"@id\":\"https:\\\/\\\/www.ortho-hart.at\\\/cs\\\/#organization\"},\"potentialAction\":[{\"@type\":\"SearchAction\",\"target\":{\"@type\":\"EntryPoint\",\"urlTemplate\":\"https:\\\/\\\/www.ortho-hart.at\\\/cs\\\/?s={search_term_string}\"},\"query-input\":{\"@type\":\"PropertyValueSpecification\",\"valueRequired\":true,\"valueName\":\"search_term_string\"}}],\"inLanguage\":\"cs\"},{\"@type\":\"Organization\",\"@id\":\"https:\\\/\\\/www.ortho-hart.at\\\/cs\\\/#organization\",\"name\":\"Ellenbogenspezialist Wien - Dr. Radek Hart\",\"url\":\"https:\\\/\\\/www.ortho-hart.at\\\/cs\\\/\",\"logo\":{\"@type\":\"ImageObject\",\"inLanguage\":\"cs\",\"@id\":\"https:\\\/\\\/www.ortho-hart.at\\\/cs\\\/#\\\/schema\\\/logo\\\/image\\\/\",\"url\":\"https:\\\/\\\/www.ortho-hart.at\\\/wp-content\\\/uploads\\\/2023\\\/04\\\/Logo-Favicon-schwarz.svg\",\"contentUrl\":\"https:\\\/\\\/www.ortho-hart.at\\\/wp-content\\\/uploads\\\/2023\\\/04\\\/Logo-Favicon-schwarz.svg\",\"width\":241,\"height\":226,\"caption\":\"Ellenbogenspezialist Wien - Dr. Radek Hart\"},\"image\":{\"@id\":\"https:\\\/\\\/www.ortho-hart.at\\\/cs\\\/#\\\/schema\\\/logo\\\/image\\\/\"}}]}<\/script>\n<!-- \/ Yoast SEO plugin. -->","yoast_head_json":{"title":"- Specialista na lokty V\u00edde\u0148 Ellenbogenspezialist Wien - Dr. Radek Hart","description":"Dr. Radek Hart je specialista na loketn\u00ed klouby ve V\u00eddni","robots":{"index":"index","follow":"follow","max-snippet":"max-snippet:-1","max-image-preview":"max-image-preview:large","max-video-preview":"max-video-preview:-1"},"canonical":"https:\/\/www.ortho-hart.at\/cs\/loketni-jamka\/osteoartroza-lokte\/","og_locale":"cs_CZ","og_type":"article","og_title":"- Specialista na lokty V\u00edde\u0148 Ellenbogenspezialist Wien - Dr. Radek Hart","og_description":"Dr. Radek Hart je specialista na loketn\u00ed klouby ve V\u00eddni","og_url":"https:\/\/www.ortho-hart.at\/cs\/loketni-jamka\/osteoartroza-lokte\/","og_site_name":"Ellenbogenspezialist Wien - Dr. Radek Hart","article_modified_time":"2024-10-31T08:56:43+00:00","og_image":[{"url":"https:\/\/www.ortho-hart.at\/wp-content\/uploads\/2023\/06\/Ellenbogenarthrose-768x1024.jpeg","type":"","width":"","height":""}],"twitter_card":"summary_large_image","twitter_misc":{"Odhadovan\u00e1 doba \u010dten\u00ed":"8 minut"},"schema":{"@context":"https:\/\/schema.org","@graph":[{"@type":"WebPage","@id":"https:\/\/www.ortho-hart.at\/cs\/loketni-jamka\/osteoartroza-lokte\/","url":"https:\/\/www.ortho-hart.at\/cs\/loketni-jamka\/osteoartroza-lokte\/","name":"- Specialista na lokty V\u00edde\u0148 Ellenbogenspezialist Wien - Dr. Radek Hart","isPartOf":{"@id":"https:\/\/www.ortho-hart.at\/cs\/#website"},"primaryImageOfPage":{"@id":"https:\/\/www.ortho-hart.at\/cs\/loketni-jamka\/osteoartroza-lokte\/#primaryimage"},"image":{"@id":"https:\/\/www.ortho-hart.at\/cs\/loketni-jamka\/osteoartroza-lokte\/#primaryimage"},"thumbnailUrl":"https:\/\/www.ortho-hart.at\/wp-content\/uploads\/2023\/06\/Ellenbogenarthrose-768x1024.jpeg","datePublished":"2023-06-21T08:02:44+00:00","dateModified":"2024-10-31T08:56:43+00:00","description":"Dr. Radek Hart je specialista na loketn\u00ed klouby ve V\u00eddni","breadcrumb":{"@id":"https:\/\/www.ortho-hart.at\/cs\/loketni-jamka\/osteoartroza-lokte\/#breadcrumb"},"inLanguage":"cs","potentialAction":[{"@type":"ReadAction","target":["https:\/\/www.ortho-hart.at\/cs\/loketni-jamka\/osteoartroza-lokte\/"]}]},{"@type":"ImageObject","inLanguage":"cs","@id":"https:\/\/www.ortho-hart.at\/cs\/loketni-jamka\/osteoartroza-lokte\/#primaryimage","url":"https:\/\/www.ortho-hart.at\/wp-content\/uploads\/2023\/06\/Ellenbogenarthrose-768x1024.jpeg","contentUrl":"https:\/\/www.ortho-hart.at\/wp-content\/uploads\/2023\/06\/Ellenbogenarthrose-768x1024.jpeg"},{"@type":"BreadcrumbList","@id":"https:\/\/www.ortho-hart.at\/cs\/loketni-jamka\/osteoartroza-lokte\/#breadcrumb","itemListElement":[{"@type":"ListItem","position":1,"name":"Startseite","item":"https:\/\/www.ortho-hart.at\/cs\/domovska-stranka\/"},{"@type":"ListItem","position":2,"name":"Loketn\u00ed jamka","item":"https:\/\/www.ortho-hart.at\/cs\/loketni-jamka\/"},{"@type":"ListItem","position":3,"name":"Osteoartr\u00f3za lokte"}]},{"@type":"WebSite","@id":"https:\/\/www.ortho-hart.at\/cs\/#website","url":"https:\/\/www.ortho-hart.at\/cs\/","name":"Ellenbogenspezialist Wien - Dr. Radek Hart","description":"Orthop\u00e4de 1190 Wien - Spezialist f\u00fcr Ellenbogen","publisher":{"@id":"https:\/\/www.ortho-hart.at\/cs\/#organization"},"potentialAction":[{"@type":"SearchAction","target":{"@type":"EntryPoint","urlTemplate":"https:\/\/www.ortho-hart.at\/cs\/?s={search_term_string}"},"query-input":{"@type":"PropertyValueSpecification","valueRequired":true,"valueName":"search_term_string"}}],"inLanguage":"cs"},{"@type":"Organization","@id":"https:\/\/www.ortho-hart.at\/cs\/#organization","name":"Ellenbogenspezialist Wien - Dr. Radek Hart","url":"https:\/\/www.ortho-hart.at\/cs\/","logo":{"@type":"ImageObject","inLanguage":"cs","@id":"https:\/\/www.ortho-hart.at\/cs\/#\/schema\/logo\/image\/","url":"https:\/\/www.ortho-hart.at\/wp-content\/uploads\/2023\/04\/Logo-Favicon-schwarz.svg","contentUrl":"https:\/\/www.ortho-hart.at\/wp-content\/uploads\/2023\/04\/Logo-Favicon-schwarz.svg","width":241,"height":226,"caption":"Ellenbogenspezialist Wien - Dr. Radek Hart"},"image":{"@id":"https:\/\/www.ortho-hart.at\/cs\/#\/schema\/logo\/image\/"}}]}},"_links":{"self":[{"href":"https:\/\/www.ortho-hart.at\/cs\/wp-json\/wp\/v2\/pages\/4240","targetHints":{"allow":["GET"]}}],"collection":[{"href":"https:\/\/www.ortho-hart.at\/cs\/wp-json\/wp\/v2\/pages"}],"about":[{"href":"https:\/\/www.ortho-hart.at\/cs\/wp-json\/wp\/v2\/types\/page"}],"author":[{"embeddable":true,"href":"https:\/\/www.ortho-hart.at\/cs\/wp-json\/wp\/v2\/users\/2"}],"replies":[{"embeddable":true,"href":"https:\/\/www.ortho-hart.at\/cs\/wp-json\/wp\/v2\/comments?post=4240"}],"version-history":[{"count":0,"href":"https:\/\/www.ortho-hart.at\/cs\/wp-json\/wp\/v2\/pages\/4240\/revisions"}],"up":[{"embeddable":true,"href":"https:\/\/www.ortho-hart.at\/cs\/wp-json\/wp\/v2\/pages\/4214"}],"wp:attachment":[{"href":"https:\/\/www.ortho-hart.at\/cs\/wp-json\/wp\/v2\/media?parent=4240"}],"curies":[{"name":"wp","href":"https:\/\/api.w.org\/{rel}","templated":true}]}}