{"id":4191,"date":"2023-04-21T08:07:05","date_gmt":"2023-04-21T07:07:05","guid":{"rendered":"https:\/\/www.ortho-hart.at\/koleno\/"},"modified":"2024-10-31T09:56:24","modified_gmt":"2024-10-31T08:56:24","slug":"koleno","status":"publish","type":"page","link":"https:\/\/www.ortho-hart.at\/cs\/koleno\/","title":{"rendered":"Koleno"},"content":{"rendered":"\t\t<div data-elementor-type=\"wp-page\" data-elementor-id=\"4191\" class=\"elementor elementor-4191 elementor-267\" data-elementor-post-type=\"page\">\n\t\t\t\t\t\t<section class=\"elementor-section elementor-top-section elementor-element elementor-element-ab23b4e elementor-section-boxed elementor-section-height-default elementor-section-height-default\" data-id=\"ab23b4e\" data-element_type=\"section\" data-e-type=\"section\">\n\t\t\t\t\t\t<div class=\"elementor-container elementor-column-gap-default\">\n\t\t\t\t\t<div class=\"elementor-column elementor-col-100 elementor-top-column elementor-element elementor-element-31b5417\" data-id=\"31b5417\" data-element_type=\"column\" data-e-type=\"column\">\n\t\t\t<div class=\"elementor-widget-wrap elementor-element-populated\">\n\t\t\t\t\t\t<section class=\"elementor-section elementor-inner-section elementor-element elementor-element-1cf7ef7 elementor-section-boxed elementor-section-height-default elementor-section-height-default\" data-id=\"1cf7ef7\" data-element_type=\"section\" data-e-type=\"section\">\n\t\t\t\t\t\t<div class=\"elementor-container elementor-column-gap-no\">\n\t\t\t\t\t<div class=\"elementor-column elementor-col-50 elementor-inner-column elementor-element elementor-element-e5ba4ef\" data-id=\"e5ba4ef\" data-element_type=\"column\" data-e-type=\"column\">\n\t\t\t<div class=\"elementor-widget-wrap elementor-element-populated\">\n\t\t\t\t\t\t<div class=\"elementor-element elementor-element-dfd1ea8 elementor-widget elementor-widget-heading\" data-id=\"dfd1ea8\" data-element_type=\"widget\" data-e-type=\"widget\" data-widget_type=\"heading.default\">\n\t\t\t\t<div class=\"elementor-widget-container\">\n\t\t\t\t\t<h1 class=\"elementor-heading-title elementor-size-default\">Koleno<\/h1>\t\t\t\t<\/div>\n\t\t\t\t<\/div>\n\t\t\t\t<div class=\"elementor-element elementor-element-11dc25f elementor-widget-divider--view-line elementor-widget elementor-widget-global elementor-global-4145 elementor-global-172 elementor-widget-divider\" data-id=\"11dc25f\" data-element_type=\"widget\" data-e-type=\"widget\" data-widget_type=\"divider.default\">\n\t\t\t\t<div class=\"elementor-widget-container\">\n\t\t\t\t\t\t\t<div class=\"elementor-divider\">\n\t\t\t<span class=\"elementor-divider-separator\">\n\t\t\t\t\t\t<\/span>\n\t\t<\/div>\n\t\t\t\t\t\t<\/div>\n\t\t\t\t<\/div>\n\t\t\t\t<div class=\"elementor-element elementor-element-ee40da4 elementor-widget elementor-widget-text-editor\" data-id=\"ee40da4\" data-element_type=\"widget\" data-e-type=\"widget\" data-widget_type=\"text-editor.default\">\n\t\t\t\t<div class=\"elementor-widget-container\">\n\t\t\t\t\t\t\t\t\t<p class=\"wnd-align-center\"><span class=\"wsw-02\">Koleno<\/span><span class=\"wnd-font-size-90 wsw-02\"><strong> <\/strong>Kolenn\u00ed kloub je slo\u017eit\u00fd syst\u00e9m kloubn\u00edch ploch, vaz\u016f a sval\u016f se \u0161lachami.<\/span><\/p>\n<p class=\"wnd-align-center\"><span class=\"wnd-font-size-90 wsw-02\">Spektrum po\u0161kozen\u00ed kolenn\u00edho kloubu je velmi \u0161irok\u00e9 &#8211; od poran\u011bn\u00ed menisk\u016f, chrupavek a vaz\u016f p\u0159es v\u00fdvojov\u00e9 a po\u00farazov\u00e9 zm\u011bny a\u017e po osteoartr\u00f3zu.<\/span><\/p>\n<p class=\"wnd-align-center\"><span class=\"wnd-font-size-90 wsw-02\">Proto v\u017edy vol\u00edme l\u00e9\u010debn\u00fd postup individu\u00e1ln\u011b podle typu a rozsahu posti\u017een\u00ed. L\u00e9\u010d\u00edme nebo transplantujeme menisky a chrupavky, rekonstruujeme vazy, \u0159e\u0161\u00edme kostn\u00ed defekty, osov\u00e9 odchylky a patologie \u010d\u00e9\u0161ky a implantujeme \u010d\u00e1ste\u010dn\u00e9 nebo \u00fapln\u00e9 endoprot\u00e9zy. <\/span><\/p>\n\t\t\t\t\t\t\t\t<\/div>\n\t\t\t\t<\/div>\n\t\t\t\t\t<\/div>\n\t\t<\/div>\n\t\t\t\t<div class=\"elementor-column elementor-col-50 elementor-inner-column elementor-element elementor-element-4094ced\" data-id=\"4094ced\" data-element_type=\"column\" data-e-type=\"column\">\n\t\t\t<div class=\"elementor-widget-wrap elementor-element-populated\">\n\t\t\t\t\t\t<div class=\"elementor-element elementor-element-c3ed9db elementor-widget__width-initial elementor-widget elementor-widget-image\" data-id=\"c3ed9db\" data-element_type=\"widget\" data-e-type=\"widget\" data-widget_type=\"image.default\">\n\t\t\t\t<div class=\"elementor-widget-container\">\n\t\t\t\t\t\t\t\t\t\t\t\t\t\t\t<img fetchpriority=\"high\" decoding=\"async\" width=\"934\" height=\"1024\" src=\"https:\/\/www.ortho-hart.at\/wp-content\/uploads\/2024\/04\/Knie-e1712134555309-934x1024.jpg\" class=\"attachment-large size-large wp-image-4192\" alt=\"\" srcset=\"https:\/\/www.ortho-hart.at\/wp-content\/uploads\/2024\/04\/Knie-e1712134555309-934x1024.jpg 934w, https:\/\/www.ortho-hart.at\/wp-content\/uploads\/2024\/04\/Knie-e1712134555309-274x300.jpg 274w, https:\/\/www.ortho-hart.at\/wp-content\/uploads\/2024\/04\/Knie-e1712134555309-768x842.jpg 768w, https:\/\/www.ortho-hart.at\/wp-content\/uploads\/2024\/04\/Knie-e1712134555309-1401x1536.jpg 1401w, https:\/\/www.ortho-hart.at\/wp-content\/uploads\/2024\/04\/Knie-e1712134555309.jpg 1704w\" sizes=\"(max-width: 934px) 100vw, 934px\" \/>\t\t\t\t\t\t\t\t\t\t\t\t\t\t\t<\/div>\n\t\t\t\t<\/div>\n\t\t\t\t\t<\/div>\n\t\t<\/div>\n\t\t\t\t\t<\/div>\n\t\t<\/section>\n\t\t\t\t\t<\/div>\n\t\t<\/div>\n\t\t\t\t\t<\/div>\n\t\t<\/section>\n\t\t\t\t<section class=\"elementor-section elementor-top-section elementor-element elementor-element-6970de4 elementor-section-boxed elementor-section-height-default elementor-section-height-default elementor-invisible\" data-id=\"6970de4\" data-element_type=\"section\" data-e-type=\"section\" data-settings=\"{&quot;background_background&quot;:&quot;classic&quot;,&quot;animation&quot;:&quot;fadeInUp&quot;}\">\n\t\t\t\t\t\t<div class=\"elementor-container elementor-column-gap-default\">\n\t\t\t\t\t<div class=\"elementor-column elementor-col-100 elementor-top-column elementor-element elementor-element-b15948f\" data-id=\"b15948f\" data-element_type=\"column\" data-e-type=\"column\">\n\t\t\t<div class=\"elementor-widget-wrap elementor-element-populated\">\n\t\t\t\t\t\t<div class=\"elementor-element elementor-element-48ca232 elementor-widget elementor-widget-gallery\" data-id=\"48ca232\" data-element_type=\"widget\" data-e-type=\"widget\" data-settings=\"{&quot;gap&quot;:{&quot;unit&quot;:&quot;px&quot;,&quot;size&quot;:20,&quot;sizes&quot;:[]},&quot;columns_tablet&quot;:3,&quot;aspect_ratio&quot;:&quot;1:1&quot;,&quot;overlay_description&quot;:&quot;alt&quot;,&quot;columns&quot;:5,&quot;gap_mobile&quot;:{&quot;unit&quot;:&quot;px&quot;,&quot;size&quot;:20,&quot;sizes&quot;:[]},&quot;gallery_layout&quot;:&quot;grid&quot;,&quot;columns_mobile&quot;:1,&quot;gap_tablet&quot;:{&quot;unit&quot;:&quot;px&quot;,&quot;size&quot;:10,&quot;sizes&quot;:[]},&quot;link_to&quot;:&quot;file&quot;,&quot;overlay_background&quot;:&quot;yes&quot;,&quot;content_hover_animation&quot;:&quot;fade-in&quot;}\" data-widget_type=\"gallery.default\">\n\t\t\t\t<div class=\"elementor-widget-container\">\n\t\t\t\t\t\t\t<div class=\"elementor-gallery__container\">\n\t\t\t\t\t\t\t<a class=\"e-gallery-item elementor-gallery-item elementor-animated-content\" href=\"https:\/\/www.ortho-hart.at\/wp-content\/uploads\/2023\/04\/Komplexer-Eingriff-wegen-Kniescheibenarthrose.jpg\" data-elementor-open-lightbox=\"yes\" data-elementor-lightbox-slideshow=\"48ca232\" data-elementor-lightbox-title=\"Komplexer Eingriff wegen Kniescheibenarthrose\" data-e-action-hash=\"#elementor-action%3Aaction%3Dlightbox%26settings%3DeyJpZCI6NDA0LCJ1cmwiOiJodHRwczpcL1wvd3d3Lm9ydGhvLWhhcnQuYXRcL3dwLWNvbnRlbnRcL3VwbG9hZHNcLzIwMjNcLzA0XC9Lb21wbGV4ZXItRWluZ3JpZmYtd2VnZW4tS25pZXNjaGVpYmVuYXJ0aHJvc2UuanBnIiwic2xpZGVzaG93IjoiNDhjYTIzMiJ9\">\n\t\t\t\t\t<div class=\"e-gallery-image elementor-gallery-item__image\" data-thumbnail=\"https:\/\/www.ortho-hart.at\/wp-content\/uploads\/2023\/04\/Komplexer-Eingriff-wegen-Kniescheibenarthrose.jpg\" data-width=\"1020\" data-height=\"1920\" aria-label=\"Komplexer Eingriff wegen Kniescheibenarthrose\" role=\"img\" ><\/div>\n\t\t\t\t\t\t\t\t\t\t\t<div class=\"elementor-gallery-item__overlay\"><\/div>\n\t\t\t\t\t\t\t\t\t\t\t\t\t\t\t<div class=\"elementor-gallery-item__content\">\n\t\t\t\t\t\t\t\t\t\t\t\t\t\t<div class=\"elementor-gallery-item__description\">\n\t\t\t\t\t\t\t\t\t\t\t\t\t\t\t\t\t\tKomplexer Eingriff wegen Kniescheibenarthrose\t\t\t\t\t\t\t\t<\/div>\n\t\t\t\t\t\t\t\t\t\t\t\t<\/div>\n\t\t\t\t\t\t\t\t\t<\/a>\n\t\t\t\t\t\t\t<a class=\"e-gallery-item elementor-gallery-item elementor-animated-content\" href=\"https:\/\/www.ortho-hart.at\/wp-content\/uploads\/2023\/04\/Zweiteiliger-Kniegelenksersatz.jpg\" data-elementor-open-lightbox=\"yes\" data-elementor-lightbox-slideshow=\"48ca232\" data-elementor-lightbox-title=\"Zweiteiliger Kniegelenksersatz\" data-e-action-hash=\"#elementor-action%3Aaction%3Dlightbox%26settings%3DeyJpZCI6NDAzLCJ1cmwiOiJodHRwczpcL1wvd3d3Lm9ydGhvLWhhcnQuYXRcL3dwLWNvbnRlbnRcL3VwbG9hZHNcLzIwMjNcLzA0XC9ad2VpdGVpbGlnZXItS25pZWdlbGVua3NlcnNhdHouanBnIiwic2xpZGVzaG93IjoiNDhjYTIzMiJ9\">\n\t\t\t\t\t<div class=\"e-gallery-image elementor-gallery-item__image\" data-thumbnail=\"https:\/\/www.ortho-hart.at\/wp-content\/uploads\/2023\/04\/Zweiteiliger-Kniegelenksersatz.jpg\" data-width=\"941\" data-height=\"1543\" aria-label=\"Zweiteiliger Kniegelenksersatz\" role=\"img\" ><\/div>\n\t\t\t\t\t\t\t\t\t\t\t<div class=\"elementor-gallery-item__overlay\"><\/div>\n\t\t\t\t\t\t\t\t\t\t\t\t\t\t\t<div class=\"elementor-gallery-item__content\">\n\t\t\t\t\t\t\t\t\t\t\t\t\t\t<div class=\"elementor-gallery-item__description\">\n\t\t\t\t\t\t\t\t\t\t\t\t\t\t\t\t\t\tZweiteiliger Kniegelenksersatz\t\t\t\t\t\t\t\t<\/div>\n\t\t\t\t\t\t\t\t\t\t\t\t<\/div>\n\t\t\t\t\t\t\t\t\t<\/a>\n\t\t\t\t\t\t\t<a class=\"e-gallery-item elementor-gallery-item elementor-animated-content\" href=\"https:\/\/www.ortho-hart.at\/wp-content\/uploads\/2023\/04\/Hemischlittenendoprothese-aeusserlich.jpg\" data-elementor-open-lightbox=\"yes\" data-elementor-lightbox-slideshow=\"48ca232\" data-elementor-lightbox-title=\"Hemischlittenendoprothese \u00e4u\u00dferlich\" data-e-action-hash=\"#elementor-action%3Aaction%3Dlightbox%26settings%3DeyJpZCI6NDAyLCJ1cmwiOiJodHRwczpcL1wvd3d3Lm9ydGhvLWhhcnQuYXRcL3dwLWNvbnRlbnRcL3VwbG9hZHNcLzIwMjNcLzA0XC9IZW1pc2NobGl0dGVuZW5kb3Byb3RoZXNlLWFldXNzZXJsaWNoLmpwZyIsInNsaWRlc2hvdyI6IjQ4Y2EyMzIifQ%3D%3D\">\n\t\t\t\t\t<div class=\"e-gallery-image elementor-gallery-item__image\" data-thumbnail=\"https:\/\/www.ortho-hart.at\/wp-content\/uploads\/2023\/04\/Hemischlittenendoprothese-aeusserlich.jpg\" data-width=\"993\" data-height=\"1389\" aria-label=\"Hemischlittenendoprothese \u00e4u\u00dferlich\" role=\"img\" ><\/div>\n\t\t\t\t\t\t\t\t\t\t\t<div class=\"elementor-gallery-item__overlay\"><\/div>\n\t\t\t\t\t\t\t\t\t\t\t\t\t\t\t<div class=\"elementor-gallery-item__content\">\n\t\t\t\t\t\t\t\t\t\t\t\t\t\t<div class=\"elementor-gallery-item__description\">\n\t\t\t\t\t\t\t\t\t\t\t\t\t\t\t\t\t\tHemischlittenendoprothese \u00e4u\u00dferlich\t\t\t\t\t\t\t\t<\/div>\n\t\t\t\t\t\t\t\t\t\t\t\t<\/div>\n\t\t\t\t\t\t\t\t\t<\/a>\n\t\t\t\t\t\t\t<a class=\"e-gallery-item elementor-gallery-item elementor-animated-content\" href=\"https:\/\/www.ortho-hart.at\/wp-content\/uploads\/2023\/04\/Transplantation-des-inneren-Teils-des-Kniegelenks.jpg\" data-elementor-open-lightbox=\"yes\" data-elementor-lightbox-slideshow=\"48ca232\" data-elementor-lightbox-title=\"Transplantation des inneren Teils des Kniegelenks\" data-e-action-hash=\"#elementor-action%3Aaction%3Dlightbox%26settings%3DeyJpZCI6NDAxLCJ1cmwiOiJodHRwczpcL1wvd3d3Lm9ydGhvLWhhcnQuYXRcL3dwLWNvbnRlbnRcL3VwbG9hZHNcLzIwMjNcLzA0XC9UcmFuc3BsYW50YXRpb24tZGVzLWlubmVyZW4tVGVpbHMtZGVzLUtuaWVnZWxlbmtzLmpwZyIsInNsaWRlc2hvdyI6IjQ4Y2EyMzIifQ%3D%3D\">\n\t\t\t\t\t<div class=\"e-gallery-image elementor-gallery-item__image\" data-thumbnail=\"https:\/\/www.ortho-hart.at\/wp-content\/uploads\/2023\/04\/Transplantation-des-inneren-Teils-des-Kniegelenks.jpg\" data-width=\"1052\" data-height=\"1920\" aria-label=\"Transplantation des inneren Teils des Kniegelenks\" role=\"img\" ><\/div>\n\t\t\t\t\t\t\t\t\t\t\t<div class=\"elementor-gallery-item__overlay\"><\/div>\n\t\t\t\t\t\t\t\t\t\t\t\t\t\t\t<div class=\"elementor-gallery-item__content\">\n\t\t\t\t\t\t\t\t\t\t\t\t\t\t<div class=\"elementor-gallery-item__description\">\n\t\t\t\t\t\t\t\t\t\t\t\t\t\t\t\t\t\tTransplantation des inneren Teils des Kniegelenks\t\t\t\t\t\t\t\t<\/div>\n\t\t\t\t\t\t\t\t\t\t\t\t<\/div>\n\t\t\t\t\t\t\t\t\t<\/a>\n\t\t\t\t\t\t\t<a class=\"e-gallery-item elementor-gallery-item elementor-animated-content\" href=\"https:\/\/www.ortho-hart.at\/wp-content\/uploads\/2023\/04\/Totalendoprothesen-rechts-uebliche-links-mit-Erhalung-der-beiden-Kreuzbaender.jpg\" data-elementor-open-lightbox=\"yes\" data-elementor-lightbox-slideshow=\"48ca232\" data-elementor-lightbox-title=\"Totalendoprothesen - rechts \u00fcbliche, links mit Erhalung der beiden Kreuzb\u00e4nder\" data-e-action-hash=\"#elementor-action%3Aaction%3Dlightbox%26settings%3DeyJpZCI6NDAwLCJ1cmwiOiJodHRwczpcL1wvd3d3Lm9ydGhvLWhhcnQuYXRcL3dwLWNvbnRlbnRcL3VwbG9hZHNcLzIwMjNcLzA0XC9Ub3RhbGVuZG9wcm90aGVzZW4tcmVjaHRzLXVlYmxpY2hlLWxpbmtzLW1pdC1FcmhhbHVuZy1kZXItYmVpZGVuLUtyZXV6YmFlbmRlci5qcGciLCJzbGlkZXNob3ciOiI0OGNhMjMyIn0%3D\">\n\t\t\t\t\t<div class=\"e-gallery-image elementor-gallery-item__image\" data-thumbnail=\"https:\/\/www.ortho-hart.at\/wp-content\/uploads\/2023\/04\/Totalendoprothesen-rechts-uebliche-links-mit-Erhalung-der-beiden-Kreuzbaender.jpg\" data-width=\"1920\" data-height=\"1796\" aria-label=\"Totalendoprothesen - rechts \u00fcbliche, links mit Erhalung der beiden Kreuzb\u00e4nder\" role=\"img\" ><\/div>\n\t\t\t\t\t\t\t\t\t\t\t<div class=\"elementor-gallery-item__overlay\"><\/div>\n\t\t\t\t\t\t\t\t\t\t\t\t\t\t\t<div class=\"elementor-gallery-item__content\">\n\t\t\t\t\t\t\t\t\t\t\t\t\t\t<div class=\"elementor-gallery-item__description\">\n\t\t\t\t\t\t\t\t\t\t\t\t\t\t\t\t\t\tTotalendoprothesen - rechts \u00fcbliche, links mit Erhalung der beiden Kreuzb\u00e4nder\t\t\t\t\t\t\t\t<\/div>\n\t\t\t\t\t\t\t\t\t\t\t\t<\/div>\n\t\t\t\t\t\t\t\t\t<\/a>\n\t\t\t\t\t\t\t<a class=\"e-gallery-item elementor-gallery-item elementor-animated-content\" href=\"https:\/\/www.ortho-hart.at\/wp-content\/uploads\/2023\/04\/Transplantation-des-Knochens-und-Knorpels.jpg\" data-elementor-open-lightbox=\"yes\" data-elementor-lightbox-slideshow=\"48ca232\" data-elementor-lightbox-title=\"Transplantation des Knochens und Knorpels\" data-e-action-hash=\"#elementor-action%3Aaction%3Dlightbox%26settings%3DeyJpZCI6Mzk5LCJ1cmwiOiJodHRwczpcL1wvd3d3Lm9ydGhvLWhhcnQuYXRcL3dwLWNvbnRlbnRcL3VwbG9hZHNcLzIwMjNcLzA0XC9UcmFuc3BsYW50YXRpb24tZGVzLUtub2NoZW5zLXVuZC1Lbm9ycGVscy5qcGciLCJzbGlkZXNob3ciOiI0OGNhMjMyIn0%3D\">\n\t\t\t\t\t<div class=\"e-gallery-image elementor-gallery-item__image\" data-thumbnail=\"https:\/\/www.ortho-hart.at\/wp-content\/uploads\/2023\/04\/Transplantation-des-Knochens-und-Knorpels.jpg\" data-width=\"909\" data-height=\"1920\" aria-label=\"Transplantation des Knochens und Knorpels\" role=\"img\" ><\/div>\n\t\t\t\t\t\t\t\t\t\t\t<div class=\"elementor-gallery-item__overlay\"><\/div>\n\t\t\t\t\t\t\t\t\t\t\t\t\t\t\t<div class=\"elementor-gallery-item__content\">\n\t\t\t\t\t\t\t\t\t\t\t\t\t\t<div class=\"elementor-gallery-item__description\">\n\t\t\t\t\t\t\t\t\t\t\t\t\t\t\t\t\t\tTransplantation des Knochens und Knorpels\t\t\t\t\t\t\t\t<\/div>\n\t\t\t\t\t\t\t\t\t\t\t\t<\/div>\n\t\t\t\t\t\t\t\t\t<\/a>\n\t\t\t\t\t<\/div>\n\t\t\t\t\t<\/div>\n\t\t\t\t<\/div>\n\t\t\t\t\t<\/div>\n\t\t<\/div>\n\t\t\t\t\t<\/div>\n\t\t<\/section>\n\t\t\t\t<\/div>\n\t\t","protected":false},"excerpt":{"rendered":"<p>Koleno Kolenn\u00ed kloub je slo\u017eit\u00fd syst\u00e9m kloubn\u00edch ploch, vaz\u016f a sval\u016f se \u0161lachami. Spektrum po\u0161kozen\u00ed kolenn\u00edho kloubu je velmi \u0161irok\u00e9 &#8211; od poran\u011bn\u00ed menisk\u016f, chrupavek a vaz\u016f p\u0159es v\u00fdvojov\u00e9 a po\u00farazov\u00e9 zm\u011bny a\u017e po osteoartr\u00f3zu. Proto v\u017edy vol\u00edme l\u00e9\u010debn\u00fd postup individu\u00e1ln\u011b podle typu a rozsahu posti\u017een\u00ed. L\u00e9\u010d\u00edme nebo transplantujeme menisky a chrupavky, rekonstruujeme vazy, \u0159e\u0161\u00edme&hellip;&nbsp;<\/p>\n","protected":false},"author":2,"featured_media":0,"parent":0,"menu_order":0,"comment_status":"closed","ping_status":"closed","template":"page-templates\/template-pagebuilder-full-width.php","meta":{"neve_meta_sidebar":"","neve_meta_container":"","neve_meta_enable_content_width":"","neve_meta_content_width":0,"neve_meta_title_alignment":"","neve_meta_author_avatar":"","neve_post_elements_order":"","neve_meta_disable_header":"","neve_meta_disable_footer":"","neve_meta_disable_title":"","neve_meta_reading_time":"","footnotes":""},"class_list":["post-4191","page","type-page","status-publish","hentry"],"yoast_head":"<!-- This site is optimized with the Yoast SEO plugin v27.5 - https:\/\/yoast.com\/product\/yoast-seo-wordpress\/ -->\n<title>Koleno - Ellenbogenspezialist Wien - Dr. Radek Hart<\/title>\n<meta name=\"robots\" content=\"index, follow, max-snippet:-1, max-image-preview:large, max-video-preview:-1\" \/>\n<link rel=\"canonical\" href=\"https:\/\/www.ortho-hart.at\/cs\/koleno\/\" \/>\n<meta property=\"og:locale\" content=\"cs_CZ\" \/>\n<meta property=\"og:type\" content=\"article\" \/>\n<meta property=\"og:title\" content=\"Koleno - Ellenbogenspezialist Wien - Dr. Radek Hart\" \/>\n<meta property=\"og:description\" content=\"Koleno Kolenn\u00ed kloub je slo\u017eit\u00fd syst\u00e9m kloubn\u00edch ploch, vaz\u016f a sval\u016f se \u0161lachami. Spektrum po\u0161kozen\u00ed kolenn\u00edho kloubu je velmi \u0161irok\u00e9 &#8211; od poran\u011bn\u00ed menisk\u016f, chrupavek a vaz\u016f p\u0159es v\u00fdvojov\u00e9 a po\u00farazov\u00e9 zm\u011bny a\u017e po osteoartr\u00f3zu. Proto v\u017edy vol\u00edme l\u00e9\u010debn\u00fd postup individu\u00e1ln\u011b podle typu a rozsahu posti\u017een\u00ed. L\u00e9\u010d\u00edme nebo transplantujeme menisky a chrupavky, rekonstruujeme vazy, \u0159e\u0161\u00edme&hellip;&nbsp;\" \/>\n<meta property=\"og:url\" content=\"https:\/\/www.ortho-hart.at\/cs\/koleno\/\" \/>\n<meta property=\"og:site_name\" content=\"Ellenbogenspezialist Wien - Dr. Radek Hart\" \/>\n<meta property=\"article:modified_time\" content=\"2024-10-31T08:56:24+00:00\" \/>\n<meta property=\"og:image\" content=\"https:\/\/www.ortho-hart.at\/wp-content\/uploads\/2024\/04\/Knie-e1712134555309-934x1024.jpg\" \/>\n<meta name=\"twitter:card\" content=\"summary_large_image\" \/>\n<meta name=\"twitter:label1\" content=\"Odhadovan\u00e1 doba \u010dten\u00ed\" \/>\n\t<meta name=\"twitter:data1\" content=\"1 minuta\" \/>\n<script type=\"application\/ld+json\" class=\"yoast-schema-graph\">{\"@context\":\"https:\\\/\\\/schema.org\",\"@graph\":[{\"@type\":\"WebPage\",\"@id\":\"https:\\\/\\\/www.ortho-hart.at\\\/cs\\\/koleno\\\/\",\"url\":\"https:\\\/\\\/www.ortho-hart.at\\\/cs\\\/koleno\\\/\",\"name\":\"Koleno - Ellenbogenspezialist Wien - Dr. Radek Hart\",\"isPartOf\":{\"@id\":\"https:\\\/\\\/www.ortho-hart.at\\\/cs\\\/#website\"},\"primaryImageOfPage\":{\"@id\":\"https:\\\/\\\/www.ortho-hart.at\\\/cs\\\/koleno\\\/#primaryimage\"},\"image\":{\"@id\":\"https:\\\/\\\/www.ortho-hart.at\\\/cs\\\/koleno\\\/#primaryimage\"},\"thumbnailUrl\":\"https:\\\/\\\/www.ortho-hart.at\\\/wp-content\\\/uploads\\\/2024\\\/04\\\/Knie-e1712134555309-934x1024.jpg\",\"datePublished\":\"2023-04-21T07:07:05+00:00\",\"dateModified\":\"2024-10-31T08:56:24+00:00\",\"breadcrumb\":{\"@id\":\"https:\\\/\\\/www.ortho-hart.at\\\/cs\\\/koleno\\\/#breadcrumb\"},\"inLanguage\":\"cs\",\"potentialAction\":[{\"@type\":\"ReadAction\",\"target\":[\"https:\\\/\\\/www.ortho-hart.at\\\/cs\\\/koleno\\\/\"]}]},{\"@type\":\"ImageObject\",\"inLanguage\":\"cs\",\"@id\":\"https:\\\/\\\/www.ortho-hart.at\\\/cs\\\/koleno\\\/#primaryimage\",\"url\":\"https:\\\/\\\/www.ortho-hart.at\\\/wp-content\\\/uploads\\\/2024\\\/04\\\/Knie-e1712134555309-934x1024.jpg\",\"contentUrl\":\"https:\\\/\\\/www.ortho-hart.at\\\/wp-content\\\/uploads\\\/2024\\\/04\\\/Knie-e1712134555309-934x1024.jpg\"},{\"@type\":\"BreadcrumbList\",\"@id\":\"https:\\\/\\\/www.ortho-hart.at\\\/cs\\\/koleno\\\/#breadcrumb\",\"itemListElement\":[{\"@type\":\"ListItem\",\"position\":1,\"name\":\"Startseite\",\"item\":\"https:\\\/\\\/www.ortho-hart.at\\\/cs\\\/domovska-stranka\\\/\"},{\"@type\":\"ListItem\",\"position\":2,\"name\":\"Koleno\"}]},{\"@type\":\"WebSite\",\"@id\":\"https:\\\/\\\/www.ortho-hart.at\\\/cs\\\/#website\",\"url\":\"https:\\\/\\\/www.ortho-hart.at\\\/cs\\\/\",\"name\":\"Ellenbogenspezialist Wien - Dr. Radek Hart\",\"description\":\"Orthop\u00e4de 1190 Wien - Spezialist f\u00fcr Ellenbogen\",\"publisher\":{\"@id\":\"https:\\\/\\\/www.ortho-hart.at\\\/cs\\\/#organization\"},\"potentialAction\":[{\"@type\":\"SearchAction\",\"target\":{\"@type\":\"EntryPoint\",\"urlTemplate\":\"https:\\\/\\\/www.ortho-hart.at\\\/cs\\\/?s={search_term_string}\"},\"query-input\":{\"@type\":\"PropertyValueSpecification\",\"valueRequired\":true,\"valueName\":\"search_term_string\"}}],\"inLanguage\":\"cs\"},{\"@type\":\"Organization\",\"@id\":\"https:\\\/\\\/www.ortho-hart.at\\\/cs\\\/#organization\",\"name\":\"Ellenbogenspezialist Wien - Dr. Radek Hart\",\"url\":\"https:\\\/\\\/www.ortho-hart.at\\\/cs\\\/\",\"logo\":{\"@type\":\"ImageObject\",\"inLanguage\":\"cs\",\"@id\":\"https:\\\/\\\/www.ortho-hart.at\\\/cs\\\/#\\\/schema\\\/logo\\\/image\\\/\",\"url\":\"https:\\\/\\\/www.ortho-hart.at\\\/wp-content\\\/uploads\\\/2023\\\/04\\\/Logo-Favicon-schwarz.svg\",\"contentUrl\":\"https:\\\/\\\/www.ortho-hart.at\\\/wp-content\\\/uploads\\\/2023\\\/04\\\/Logo-Favicon-schwarz.svg\",\"width\":241,\"height\":226,\"caption\":\"Ellenbogenspezialist Wien - Dr. Radek Hart\"},\"image\":{\"@id\":\"https:\\\/\\\/www.ortho-hart.at\\\/cs\\\/#\\\/schema\\\/logo\\\/image\\\/\"}}]}<\/script>\n<!-- \/ Yoast SEO plugin. -->","yoast_head_json":{"title":"Koleno - Ellenbogenspezialist Wien - Dr. Radek Hart","robots":{"index":"index","follow":"follow","max-snippet":"max-snippet:-1","max-image-preview":"max-image-preview:large","max-video-preview":"max-video-preview:-1"},"canonical":"https:\/\/www.ortho-hart.at\/cs\/koleno\/","og_locale":"cs_CZ","og_type":"article","og_title":"Koleno - Ellenbogenspezialist Wien - Dr. Radek Hart","og_description":"Koleno Kolenn\u00ed kloub je slo\u017eit\u00fd syst\u00e9m kloubn\u00edch ploch, vaz\u016f a sval\u016f se \u0161lachami. Spektrum po\u0161kozen\u00ed kolenn\u00edho kloubu je velmi \u0161irok\u00e9 &#8211; od poran\u011bn\u00ed menisk\u016f, chrupavek a vaz\u016f p\u0159es v\u00fdvojov\u00e9 a po\u00farazov\u00e9 zm\u011bny a\u017e po osteoartr\u00f3zu. Proto v\u017edy vol\u00edme l\u00e9\u010debn\u00fd postup individu\u00e1ln\u011b podle typu a rozsahu posti\u017een\u00ed. L\u00e9\u010d\u00edme nebo transplantujeme menisky a chrupavky, rekonstruujeme vazy, \u0159e\u0161\u00edme&hellip;&nbsp;","og_url":"https:\/\/www.ortho-hart.at\/cs\/koleno\/","og_site_name":"Ellenbogenspezialist Wien - Dr. Radek Hart","article_modified_time":"2024-10-31T08:56:24+00:00","og_image":[{"url":"https:\/\/www.ortho-hart.at\/wp-content\/uploads\/2024\/04\/Knie-e1712134555309-934x1024.jpg","type":"","width":"","height":""}],"twitter_card":"summary_large_image","twitter_misc":{"Odhadovan\u00e1 doba \u010dten\u00ed":"1 minuta"},"schema":{"@context":"https:\/\/schema.org","@graph":[{"@type":"WebPage","@id":"https:\/\/www.ortho-hart.at\/cs\/koleno\/","url":"https:\/\/www.ortho-hart.at\/cs\/koleno\/","name":"Koleno - Ellenbogenspezialist Wien - Dr. Radek Hart","isPartOf":{"@id":"https:\/\/www.ortho-hart.at\/cs\/#website"},"primaryImageOfPage":{"@id":"https:\/\/www.ortho-hart.at\/cs\/koleno\/#primaryimage"},"image":{"@id":"https:\/\/www.ortho-hart.at\/cs\/koleno\/#primaryimage"},"thumbnailUrl":"https:\/\/www.ortho-hart.at\/wp-content\/uploads\/2024\/04\/Knie-e1712134555309-934x1024.jpg","datePublished":"2023-04-21T07:07:05+00:00","dateModified":"2024-10-31T08:56:24+00:00","breadcrumb":{"@id":"https:\/\/www.ortho-hart.at\/cs\/koleno\/#breadcrumb"},"inLanguage":"cs","potentialAction":[{"@type":"ReadAction","target":["https:\/\/www.ortho-hart.at\/cs\/koleno\/"]}]},{"@type":"ImageObject","inLanguage":"cs","@id":"https:\/\/www.ortho-hart.at\/cs\/koleno\/#primaryimage","url":"https:\/\/www.ortho-hart.at\/wp-content\/uploads\/2024\/04\/Knie-e1712134555309-934x1024.jpg","contentUrl":"https:\/\/www.ortho-hart.at\/wp-content\/uploads\/2024\/04\/Knie-e1712134555309-934x1024.jpg"},{"@type":"BreadcrumbList","@id":"https:\/\/www.ortho-hart.at\/cs\/koleno\/#breadcrumb","itemListElement":[{"@type":"ListItem","position":1,"name":"Startseite","item":"https:\/\/www.ortho-hart.at\/cs\/domovska-stranka\/"},{"@type":"ListItem","position":2,"name":"Koleno"}]},{"@type":"WebSite","@id":"https:\/\/www.ortho-hart.at\/cs\/#website","url":"https:\/\/www.ortho-hart.at\/cs\/","name":"Ellenbogenspezialist Wien - Dr. Radek Hart","description":"Orthop\u00e4de 1190 Wien - Spezialist f\u00fcr Ellenbogen","publisher":{"@id":"https:\/\/www.ortho-hart.at\/cs\/#organization"},"potentialAction":[{"@type":"SearchAction","target":{"@type":"EntryPoint","urlTemplate":"https:\/\/www.ortho-hart.at\/cs\/?s={search_term_string}"},"query-input":{"@type":"PropertyValueSpecification","valueRequired":true,"valueName":"search_term_string"}}],"inLanguage":"cs"},{"@type":"Organization","@id":"https:\/\/www.ortho-hart.at\/cs\/#organization","name":"Ellenbogenspezialist Wien - Dr. Radek Hart","url":"https:\/\/www.ortho-hart.at\/cs\/","logo":{"@type":"ImageObject","inLanguage":"cs","@id":"https:\/\/www.ortho-hart.at\/cs\/#\/schema\/logo\/image\/","url":"https:\/\/www.ortho-hart.at\/wp-content\/uploads\/2023\/04\/Logo-Favicon-schwarz.svg","contentUrl":"https:\/\/www.ortho-hart.at\/wp-content\/uploads\/2023\/04\/Logo-Favicon-schwarz.svg","width":241,"height":226,"caption":"Ellenbogenspezialist Wien - Dr. Radek Hart"},"image":{"@id":"https:\/\/www.ortho-hart.at\/cs\/#\/schema\/logo\/image\/"}}]}},"_links":{"self":[{"href":"https:\/\/www.ortho-hart.at\/cs\/wp-json\/wp\/v2\/pages\/4191","targetHints":{"allow":["GET"]}}],"collection":[{"href":"https:\/\/www.ortho-hart.at\/cs\/wp-json\/wp\/v2\/pages"}],"about":[{"href":"https:\/\/www.ortho-hart.at\/cs\/wp-json\/wp\/v2\/types\/page"}],"author":[{"embeddable":true,"href":"https:\/\/www.ortho-hart.at\/cs\/wp-json\/wp\/v2\/users\/2"}],"replies":[{"embeddable":true,"href":"https:\/\/www.ortho-hart.at\/cs\/wp-json\/wp\/v2\/comments?post=4191"}],"version-history":[{"count":0,"href":"https:\/\/www.ortho-hart.at\/cs\/wp-json\/wp\/v2\/pages\/4191\/revisions"}],"wp:attachment":[{"href":"https:\/\/www.ortho-hart.at\/cs\/wp-json\/wp\/v2\/media?parent=4191"}],"curies":[{"name":"wp","href":"https:\/\/api.w.org\/{rel}","templated":true}]}}