{"id":4156,"date":"2023-04-21T08:06:09","date_gmt":"2023-04-21T07:06:09","guid":{"rendered":"https:\/\/www.ortho-hart.at\/rameno\/"},"modified":"2024-10-31T09:56:14","modified_gmt":"2024-10-31T08:56:14","slug":"rameno","status":"publish","type":"page","link":"https:\/\/www.ortho-hart.at\/cs\/rameno\/","title":{"rendered":"Rameno"},"content":{"rendered":"\t\t<div data-elementor-type=\"wp-page\" data-elementor-id=\"4156\" class=\"elementor elementor-4156 elementor-258\" data-elementor-post-type=\"page\">\n\t\t\t\t\t\t<section class=\"elementor-section elementor-top-section elementor-element elementor-element-633ba5f elementor-section-boxed elementor-section-height-default elementor-section-height-default\" data-id=\"633ba5f\" data-element_type=\"section\" data-e-type=\"section\">\n\t\t\t\t\t\t<div class=\"elementor-container elementor-column-gap-default\">\n\t\t\t\t\t<div class=\"elementor-column elementor-col-100 elementor-top-column elementor-element elementor-element-5aaa08d\" data-id=\"5aaa08d\" data-element_type=\"column\" data-e-type=\"column\">\n\t\t\t<div class=\"elementor-widget-wrap elementor-element-populated\">\n\t\t\t\t\t\t<section class=\"elementor-section elementor-inner-section elementor-element elementor-element-8f5f9b9 elementor-section-boxed elementor-section-height-default elementor-section-height-default\" data-id=\"8f5f9b9\" data-element_type=\"section\" data-e-type=\"section\">\n\t\t\t\t\t\t<div class=\"elementor-container elementor-column-gap-no\">\n\t\t\t\t\t<div class=\"elementor-column elementor-col-50 elementor-inner-column elementor-element elementor-element-e300ce5\" data-id=\"e300ce5\" data-element_type=\"column\" data-e-type=\"column\">\n\t\t\t<div class=\"elementor-widget-wrap elementor-element-populated\">\n\t\t\t\t\t\t<div class=\"elementor-element elementor-element-7ffafe8 elementor-widget elementor-widget-heading\" data-id=\"7ffafe8\" data-element_type=\"widget\" data-e-type=\"widget\" data-widget_type=\"heading.default\">\n\t\t\t\t<div class=\"elementor-widget-container\">\n\t\t\t\t\t<h1 class=\"elementor-heading-title elementor-size-default\">Rameno<\/h1>\t\t\t\t<\/div>\n\t\t\t\t<\/div>\n\t\t\t\t<div class=\"elementor-element elementor-element-7c49e0b elementor-widget-divider--view-line elementor-widget elementor-widget-global elementor-global-4145 elementor-global-172 elementor-widget-divider\" data-id=\"7c49e0b\" data-element_type=\"widget\" data-e-type=\"widget\" data-widget_type=\"divider.default\">\n\t\t\t\t<div class=\"elementor-widget-container\">\n\t\t\t\t\t\t\t<div class=\"elementor-divider\">\n\t\t\t<span class=\"elementor-divider-separator\">\n\t\t\t\t\t\t<\/span>\n\t\t<\/div>\n\t\t\t\t\t\t<\/div>\n\t\t\t\t<\/div>\n\t\t\t\t<div class=\"elementor-element elementor-element-6e6156d elementor-widget elementor-widget-text-editor\" data-id=\"6e6156d\" data-element_type=\"widget\" data-e-type=\"widget\" data-widget_type=\"text-editor.default\">\n\t\t\t\t<div class=\"elementor-widget-container\">\n\t\t\t\t\t\t\t\t\t<p>Ramenn\u00ed kloub je nejpohybliv\u011bj\u0161\u00edm velk\u00fdm kloubem v lidsk\u00e9m t\u011ble a funguje jen d\u00edky slo\u017eit\u00e9 souh\u0159e kost\u00ed, kloubn\u00edho pouzdra, vaz\u016f, sval\u016f a jejich \u0161lach.  <\/p>\n<p>L\u00e9\u010d\u00edme nestabilitu, kostn\u00ed defekty, po\u0161kozen\u00ed \u0161lach a osteoartr\u00f3zu ramenn\u00edho kloubu.<\/p>\n<p>Mezi nej\u010dast\u011bj\u0161\u00ed operace ramene pat\u0159\u00ed artroskopie, rekonstrukce kostn\u00edch defekt\u016f (obvykle po\u00farazov\u00fdch) a \u0161lach, p\u0159enos sval\u016f a implantace endoprot\u00e9z.<\/p>\n\t\t\t\t\t\t\t\t<\/div>\n\t\t\t\t<\/div>\n\t\t\t\t\t<\/div>\n\t\t<\/div>\n\t\t\t\t<div class=\"elementor-column elementor-col-50 elementor-inner-column elementor-element elementor-element-3a94c94\" data-id=\"3a94c94\" data-element_type=\"column\" data-e-type=\"column\">\n\t\t\t<div class=\"elementor-widget-wrap elementor-element-populated\">\n\t\t\t\t\t\t<div class=\"elementor-element elementor-element-415651d elementor-widget elementor-widget-image\" data-id=\"415651d\" data-element_type=\"widget\" data-e-type=\"widget\" data-widget_type=\"image.default\">\n\t\t\t\t<div class=\"elementor-widget-container\">\n\t\t\t\t\t\t\t\t\t\t\t\t\t\t\t<img fetchpriority=\"high\" decoding=\"async\" width=\"744\" height=\"1024\" src=\"https:\/\/www.ortho-hart.at\/wp-content\/uploads\/2024\/04\/Schulter-744x1024.jpg\" class=\"attachment-large size-large wp-image-4157\" alt=\"\" srcset=\"https:\/\/www.ortho-hart.at\/wp-content\/uploads\/2024\/04\/Schulter-744x1024.jpg 744w, https:\/\/www.ortho-hart.at\/wp-content\/uploads\/2024\/04\/Schulter-218x300.jpg 218w, https:\/\/www.ortho-hart.at\/wp-content\/uploads\/2024\/04\/Schulter-768x1057.jpg 768w, https:\/\/www.ortho-hart.at\/wp-content\/uploads\/2024\/04\/Schulter-1116x1536.jpg 1116w, https:\/\/www.ortho-hart.at\/wp-content\/uploads\/2024\/04\/Schulter-1488x2048.jpg 1488w, https:\/\/www.ortho-hart.at\/wp-content\/uploads\/2024\/04\/Schulter.jpg 1704w\" sizes=\"(max-width: 744px) 100vw, 744px\" \/>\t\t\t\t\t\t\t\t\t\t\t\t\t\t\t<\/div>\n\t\t\t\t<\/div>\n\t\t\t\t\t<\/div>\n\t\t<\/div>\n\t\t\t\t\t<\/div>\n\t\t<\/section>\n\t\t\t\t\t<\/div>\n\t\t<\/div>\n\t\t\t\t\t<\/div>\n\t\t<\/section>\n\t\t\t\t<section class=\"elementor-section elementor-top-section elementor-element elementor-element-859ddea elementor-section-boxed elementor-section-height-default elementor-section-height-default elementor-invisible\" data-id=\"859ddea\" data-element_type=\"section\" data-e-type=\"section\" data-settings=\"{&quot;background_background&quot;:&quot;classic&quot;,&quot;animation&quot;:&quot;fadeInUp&quot;}\">\n\t\t\t\t\t\t<div class=\"elementor-container elementor-column-gap-default\">\n\t\t\t\t\t<div class=\"elementor-column elementor-col-100 elementor-top-column elementor-element elementor-element-7a5a988\" data-id=\"7a5a988\" data-element_type=\"column\" data-e-type=\"column\">\n\t\t\t<div class=\"elementor-widget-wrap elementor-element-populated\">\n\t\t\t\t\t\t<div class=\"elementor-element elementor-element-e175a43 elementor-widget elementor-widget-gallery\" data-id=\"e175a43\" data-element_type=\"widget\" data-e-type=\"widget\" data-settings=\"{&quot;gap&quot;:{&quot;unit&quot;:&quot;px&quot;,&quot;size&quot;:20,&quot;sizes&quot;:[]},&quot;columns_tablet&quot;:3,&quot;aspect_ratio&quot;:&quot;1:1&quot;,&quot;overlay_description&quot;:&quot;alt&quot;,&quot;columns&quot;:5,&quot;gallery_layout&quot;:&quot;grid&quot;,&quot;columns_mobile&quot;:1,&quot;gap_tablet&quot;:{&quot;unit&quot;:&quot;px&quot;,&quot;size&quot;:10,&quot;sizes&quot;:[]},&quot;gap_mobile&quot;:{&quot;unit&quot;:&quot;px&quot;,&quot;size&quot;:10,&quot;sizes&quot;:[]},&quot;link_to&quot;:&quot;file&quot;,&quot;overlay_background&quot;:&quot;yes&quot;,&quot;content_hover_animation&quot;:&quot;fade-in&quot;}\" data-widget_type=\"gallery.default\">\n\t\t\t\t<div class=\"elementor-widget-container\">\n\t\t\t\t\t\t\t<div class=\"elementor-gallery__container\">\n\t\t\t\t\t\t\t<a class=\"e-gallery-item elementor-gallery-item elementor-animated-content\" href=\"https:\/\/www.ortho-hart.at\/wp-content\/uploads\/2023\/04\/Totalendoprothese-nach-Tumor.webp\" data-elementor-open-lightbox=\"yes\" data-elementor-lightbox-slideshow=\"e175a43\" data-elementor-lightbox-title=\"Totalendoprothese nach einem Tumor\" data-e-action-hash=\"#elementor-action%3Aaction%3Dlightbox%26settings%3DeyJpZCI6MzQ2LCJ1cmwiOiJodHRwczpcL1wvd3d3Lm9ydGhvLWhhcnQuYXRcL3dwLWNvbnRlbnRcL3VwbG9hZHNcLzIwMjNcLzA0XC9Ub3RhbGVuZG9wcm90aGVzZS1uYWNoLVR1bW9yLndlYnAiLCJzbGlkZXNob3ciOiJlMTc1YTQzIn0%3D\">\n\t\t\t\t\t<div class=\"e-gallery-image elementor-gallery-item__image\" data-thumbnail=\"https:\/\/www.ortho-hart.at\/wp-content\/uploads\/2023\/04\/Totalendoprothese-nach-Tumor.webp\" data-width=\"1099\" data-height=\"1920\" aria-label=\"Totalendoprothese nach einem Tumor\" role=\"img\" ><\/div>\n\t\t\t\t\t\t\t\t\t\t\t<div class=\"elementor-gallery-item__overlay\"><\/div>\n\t\t\t\t\t\t\t\t\t\t\t\t\t\t\t<div class=\"elementor-gallery-item__content\">\n\t\t\t\t\t\t\t\t\t\t\t\t\t\t<div class=\"elementor-gallery-item__description\">\n\t\t\t\t\t\t\t\t\t\t\t\t\t\t\t\t\t\tTotalendoprothese nach einem Tumor\t\t\t\t\t\t\t\t<\/div>\n\t\t\t\t\t\t\t\t\t\t\t\t<\/div>\n\t\t\t\t\t\t\t\t\t<\/a>\n\t\t\t\t\t\t\t<a class=\"e-gallery-item elementor-gallery-item elementor-animated-content\" href=\"https:\/\/www.ortho-hart.at\/wp-content\/uploads\/2023\/04\/Ersatz-des-Oberarmknochens.jpg\" data-elementor-open-lightbox=\"yes\" data-elementor-lightbox-slideshow=\"e175a43\" data-elementor-lightbox-title=\"Ersatz des Oberarmknochens\" data-e-action-hash=\"#elementor-action%3Aaction%3Dlightbox%26settings%3DeyJpZCI6MzQ3LCJ1cmwiOiJodHRwczpcL1wvd3d3Lm9ydGhvLWhhcnQuYXRcL3dwLWNvbnRlbnRcL3VwbG9hZHNcLzIwMjNcLzA0XC9FcnNhdHotZGVzLU9iZXJhcm1rbm9jaGVucy5qcGciLCJzbGlkZXNob3ciOiJlMTc1YTQzIn0%3D\">\n\t\t\t\t\t<div class=\"e-gallery-image elementor-gallery-item__image\" data-thumbnail=\"https:\/\/www.ortho-hart.at\/wp-content\/uploads\/2023\/04\/Ersatz-des-Oberarmknochens.jpg\" data-width=\"1157\" data-height=\"1920\" aria-label=\"Ersatz des Oberarmknochens\" role=\"img\" ><\/div>\n\t\t\t\t\t\t\t\t\t\t\t<div class=\"elementor-gallery-item__overlay\"><\/div>\n\t\t\t\t\t\t\t\t\t\t\t\t\t\t\t<div class=\"elementor-gallery-item__content\">\n\t\t\t\t\t\t\t\t\t\t\t\t\t\t<div class=\"elementor-gallery-item__description\">\n\t\t\t\t\t\t\t\t\t\t\t\t\t\t\t\t\t\tErsatz des Oberarmknochens\t\t\t\t\t\t\t\t<\/div>\n\t\t\t\t\t\t\t\t\t\t\t\t<\/div>\n\t\t\t\t\t\t\t\t\t<\/a>\n\t\t\t\t\t\t\t<a class=\"e-gallery-item elementor-gallery-item elementor-animated-content\" href=\"https:\/\/www.ortho-hart.at\/wp-content\/uploads\/2023\/04\/Schulterstabilisierung.jpg\" data-elementor-open-lightbox=\"yes\" data-elementor-lightbox-slideshow=\"e175a43\" data-elementor-lightbox-title=\"Schulterstabilisierung\" data-e-action-hash=\"#elementor-action%3Aaction%3Dlightbox%26settings%3DeyJpZCI6MzQ4LCJ1cmwiOiJodHRwczpcL1wvd3d3Lm9ydGhvLWhhcnQuYXRcL3dwLWNvbnRlbnRcL3VwbG9hZHNcLzIwMjNcLzA0XC9TY2h1bHRlcnN0YWJpbGlzaWVydW5nLmpwZyIsInNsaWRlc2hvdyI6ImUxNzVhNDMifQ%3D%3D\">\n\t\t\t\t\t<div class=\"e-gallery-image elementor-gallery-item__image\" data-thumbnail=\"https:\/\/www.ortho-hart.at\/wp-content\/uploads\/2023\/04\/Schulterstabilisierung.jpg\" data-width=\"1018\" data-height=\"1202\" aria-label=\"Schulterstabilisierung\" role=\"img\" ><\/div>\n\t\t\t\t\t\t\t\t\t\t\t<div class=\"elementor-gallery-item__overlay\"><\/div>\n\t\t\t\t\t\t\t\t\t\t\t\t\t\t\t<div class=\"elementor-gallery-item__content\">\n\t\t\t\t\t\t\t\t\t\t\t\t\t\t<div class=\"elementor-gallery-item__description\">\n\t\t\t\t\t\t\t\t\t\t\t\t\t\t\t\t\t\tSchulterstabilisierung\t\t\t\t\t\t\t\t<\/div>\n\t\t\t\t\t\t\t\t\t\t\t\t<\/div>\n\t\t\t\t\t\t\t\t\t<\/a>\n\t\t\t\t\t\t\t<a class=\"e-gallery-item elementor-gallery-item elementor-animated-content\" href=\"https:\/\/www.ortho-hart.at\/wp-content\/uploads\/2023\/04\/Schulterblattrekonstruktion.jpg\" data-elementor-open-lightbox=\"yes\" data-elementor-lightbox-slideshow=\"e175a43\" data-elementor-lightbox-title=\"Schulterblattrekonstruktion\" data-e-action-hash=\"#elementor-action%3Aaction%3Dlightbox%26settings%3DeyJpZCI6MzQ5LCJ1cmwiOiJodHRwczpcL1wvd3d3Lm9ydGhvLWhhcnQuYXRcL3dwLWNvbnRlbnRcL3VwbG9hZHNcLzIwMjNcLzA0XC9TY2h1bHRlcmJsYXR0cmVrb25zdHJ1a3Rpb24uanBnIiwic2xpZGVzaG93IjoiZTE3NWE0MyJ9\">\n\t\t\t\t\t<div class=\"e-gallery-image elementor-gallery-item__image\" data-thumbnail=\"https:\/\/www.ortho-hart.at\/wp-content\/uploads\/2023\/04\/Schulterblattrekonstruktion.jpg\" data-width=\"935\" data-height=\"1138\" aria-label=\"Schulterblattrekonstruktion\" role=\"img\" ><\/div>\n\t\t\t\t\t\t\t\t\t\t\t<div class=\"elementor-gallery-item__overlay\"><\/div>\n\t\t\t\t\t\t\t\t\t\t\t\t\t\t\t<div class=\"elementor-gallery-item__content\">\n\t\t\t\t\t\t\t\t\t\t\t\t\t\t<div class=\"elementor-gallery-item__description\">\n\t\t\t\t\t\t\t\t\t\t\t\t\t\t\t\t\t\tSchulterblattrekonstruktion\t\t\t\t\t\t\t\t<\/div>\n\t\t\t\t\t\t\t\t\t\t\t\t<\/div>\n\t\t\t\t\t\t\t\t\t<\/a>\n\t\t\t\t\t\t\t<a class=\"e-gallery-item elementor-gallery-item elementor-animated-content\" href=\"https:\/\/www.ortho-hart.at\/wp-content\/uploads\/2023\/04\/Totalendoprothese-nach-Unfall.jpg\" data-elementor-open-lightbox=\"yes\" data-elementor-lightbox-slideshow=\"e175a43\" data-elementor-lightbox-title=\"Totalendoprothese nach einem Unfall\" data-e-action-hash=\"#elementor-action%3Aaction%3Dlightbox%26settings%3DeyJpZCI6MzUxLCJ1cmwiOiJodHRwczpcL1wvd3d3Lm9ydGhvLWhhcnQuYXRcL3dwLWNvbnRlbnRcL3VwbG9hZHNcLzIwMjNcLzA0XC9Ub3RhbGVuZG9wcm90aGVzZS1uYWNoLVVuZmFsbC5qcGciLCJzbGlkZXNob3ciOiJlMTc1YTQzIn0%3D\">\n\t\t\t\t\t<div class=\"e-gallery-image elementor-gallery-item__image\" data-thumbnail=\"https:\/\/www.ortho-hart.at\/wp-content\/uploads\/2023\/04\/Totalendoprothese-nach-Unfall.jpg\" data-width=\"229\" data-height=\"438\" aria-label=\"Totalendoprothese nach einem Unfall\" role=\"img\" ><\/div>\n\t\t\t\t\t\t\t\t\t\t\t<div class=\"elementor-gallery-item__overlay\"><\/div>\n\t\t\t\t\t\t\t\t\t\t\t\t\t\t\t<div class=\"elementor-gallery-item__content\">\n\t\t\t\t\t\t\t\t\t\t\t\t\t\t<div class=\"elementor-gallery-item__description\">\n\t\t\t\t\t\t\t\t\t\t\t\t\t\t\t\t\t\tTotalendoprothese nach einem Unfall\t\t\t\t\t\t\t\t<\/div>\n\t\t\t\t\t\t\t\t\t\t\t\t<\/div>\n\t\t\t\t\t\t\t\t\t<\/a>\n\t\t\t\t\t<\/div>\n\t\t\t\t\t<\/div>\n\t\t\t\t<\/div>\n\t\t\t\t\t<\/div>\n\t\t<\/div>\n\t\t\t\t\t<\/div>\n\t\t<\/section>\n\t\t\t\t<\/div>\n\t\t","protected":false},"excerpt":{"rendered":"<p>Ramenn\u00ed kloub je nejpohybliv\u011bj\u0161\u00edm velk\u00fdm kloubem v lidsk\u00e9m t\u011ble a funguje jen d\u00edky slo\u017eit\u00e9 souh\u0159e kost\u00ed, kloubn\u00edho pouzdra, vaz\u016f, sval\u016f a jejich \u0161lach. L\u00e9\u010d\u00edme nestabilitu, kostn\u00ed defekty, po\u0161kozen\u00ed \u0161lach a osteoartr\u00f3zu ramenn\u00edho kloubu. Mezi nej\u010dast\u011bj\u0161\u00ed operace ramene pat\u0159\u00ed artroskopie, rekonstrukce kostn\u00edch defekt\u016f (obvykle po\u00farazov\u00fdch) a \u0161lach, p\u0159enos sval\u016f a implantace endoprot\u00e9z. Totalendoprothese nach einem Tumor&hellip;&nbsp;<\/p>\n","protected":false},"author":2,"featured_media":0,"parent":0,"menu_order":0,"comment_status":"closed","ping_status":"closed","template":"page-templates\/template-pagebuilder-full-width.php","meta":{"neve_meta_sidebar":"","neve_meta_container":"","neve_meta_enable_content_width":"","neve_meta_content_width":0,"neve_meta_title_alignment":"","neve_meta_author_avatar":"","neve_post_elements_order":"","neve_meta_disable_header":"","neve_meta_disable_footer":"","neve_meta_disable_title":"","neve_meta_reading_time":"","footnotes":""},"class_list":["post-4156","page","type-page","status-publish","hentry"],"yoast_head":"<!-- This site is optimized with the Yoast SEO plugin v27.5 - https:\/\/yoast.com\/product\/yoast-seo-wordpress\/ -->\n<title>Rameno - Ellenbogenspezialist Wien - Dr. Radek Hart<\/title>\n<meta name=\"robots\" content=\"index, follow, max-snippet:-1, max-image-preview:large, max-video-preview:-1\" \/>\n<link rel=\"canonical\" href=\"https:\/\/www.ortho-hart.at\/cs\/rameno\/\" \/>\n<meta property=\"og:locale\" content=\"cs_CZ\" \/>\n<meta property=\"og:type\" content=\"article\" \/>\n<meta property=\"og:title\" content=\"Rameno - Ellenbogenspezialist Wien - Dr. Radek Hart\" \/>\n<meta property=\"og:description\" content=\"Ramenn\u00ed kloub je nejpohybliv\u011bj\u0161\u00edm velk\u00fdm kloubem v lidsk\u00e9m t\u011ble a funguje jen d\u00edky slo\u017eit\u00e9 souh\u0159e kost\u00ed, kloubn\u00edho pouzdra, vaz\u016f, sval\u016f a jejich \u0161lach. L\u00e9\u010d\u00edme nestabilitu, kostn\u00ed defekty, po\u0161kozen\u00ed \u0161lach a osteoartr\u00f3zu ramenn\u00edho kloubu. Mezi nej\u010dast\u011bj\u0161\u00ed operace ramene pat\u0159\u00ed artroskopie, rekonstrukce kostn\u00edch defekt\u016f (obvykle po\u00farazov\u00fdch) a \u0161lach, p\u0159enos sval\u016f a implantace endoprot\u00e9z. Totalendoprothese nach einem Tumor&hellip;&nbsp;\" \/>\n<meta property=\"og:url\" content=\"https:\/\/www.ortho-hart.at\/cs\/rameno\/\" \/>\n<meta property=\"og:site_name\" content=\"Ellenbogenspezialist Wien - Dr. Radek Hart\" \/>\n<meta property=\"article:modified_time\" content=\"2024-10-31T08:56:14+00:00\" \/>\n<meta property=\"og:image\" content=\"https:\/\/www.ortho-hart.at\/wp-content\/uploads\/2024\/04\/Schulter-744x1024.jpg\" \/>\n<meta name=\"twitter:card\" content=\"summary_large_image\" \/>\n<script type=\"application\/ld+json\" class=\"yoast-schema-graph\">{\"@context\":\"https:\\\/\\\/schema.org\",\"@graph\":[{\"@type\":\"WebPage\",\"@id\":\"https:\\\/\\\/www.ortho-hart.at\\\/cs\\\/rameno\\\/\",\"url\":\"https:\\\/\\\/www.ortho-hart.at\\\/cs\\\/rameno\\\/\",\"name\":\"Rameno - Ellenbogenspezialist Wien - Dr. Radek Hart\",\"isPartOf\":{\"@id\":\"https:\\\/\\\/www.ortho-hart.at\\\/cs\\\/#website\"},\"primaryImageOfPage\":{\"@id\":\"https:\\\/\\\/www.ortho-hart.at\\\/cs\\\/rameno\\\/#primaryimage\"},\"image\":{\"@id\":\"https:\\\/\\\/www.ortho-hart.at\\\/cs\\\/rameno\\\/#primaryimage\"},\"thumbnailUrl\":\"https:\\\/\\\/www.ortho-hart.at\\\/wp-content\\\/uploads\\\/2024\\\/04\\\/Schulter-744x1024.jpg\",\"datePublished\":\"2023-04-21T07:06:09+00:00\",\"dateModified\":\"2024-10-31T08:56:14+00:00\",\"breadcrumb\":{\"@id\":\"https:\\\/\\\/www.ortho-hart.at\\\/cs\\\/rameno\\\/#breadcrumb\"},\"inLanguage\":\"cs\",\"potentialAction\":[{\"@type\":\"ReadAction\",\"target\":[\"https:\\\/\\\/www.ortho-hart.at\\\/cs\\\/rameno\\\/\"]}]},{\"@type\":\"ImageObject\",\"inLanguage\":\"cs\",\"@id\":\"https:\\\/\\\/www.ortho-hart.at\\\/cs\\\/rameno\\\/#primaryimage\",\"url\":\"https:\\\/\\\/www.ortho-hart.at\\\/wp-content\\\/uploads\\\/2024\\\/04\\\/Schulter-744x1024.jpg\",\"contentUrl\":\"https:\\\/\\\/www.ortho-hart.at\\\/wp-content\\\/uploads\\\/2024\\\/04\\\/Schulter-744x1024.jpg\"},{\"@type\":\"BreadcrumbList\",\"@id\":\"https:\\\/\\\/www.ortho-hart.at\\\/cs\\\/rameno\\\/#breadcrumb\",\"itemListElement\":[{\"@type\":\"ListItem\",\"position\":1,\"name\":\"Startseite\",\"item\":\"https:\\\/\\\/www.ortho-hart.at\\\/cs\\\/domovska-stranka\\\/\"},{\"@type\":\"ListItem\",\"position\":2,\"name\":\"Rameno\"}]},{\"@type\":\"WebSite\",\"@id\":\"https:\\\/\\\/www.ortho-hart.at\\\/cs\\\/#website\",\"url\":\"https:\\\/\\\/www.ortho-hart.at\\\/cs\\\/\",\"name\":\"Ellenbogenspezialist Wien - Dr. Radek Hart\",\"description\":\"Orthop\u00e4de 1190 Wien - Spezialist f\u00fcr Ellenbogen\",\"publisher\":{\"@id\":\"https:\\\/\\\/www.ortho-hart.at\\\/cs\\\/#organization\"},\"potentialAction\":[{\"@type\":\"SearchAction\",\"target\":{\"@type\":\"EntryPoint\",\"urlTemplate\":\"https:\\\/\\\/www.ortho-hart.at\\\/cs\\\/?s={search_term_string}\"},\"query-input\":{\"@type\":\"PropertyValueSpecification\",\"valueRequired\":true,\"valueName\":\"search_term_string\"}}],\"inLanguage\":\"cs\"},{\"@type\":\"Organization\",\"@id\":\"https:\\\/\\\/www.ortho-hart.at\\\/cs\\\/#organization\",\"name\":\"Ellenbogenspezialist Wien - Dr. Radek Hart\",\"url\":\"https:\\\/\\\/www.ortho-hart.at\\\/cs\\\/\",\"logo\":{\"@type\":\"ImageObject\",\"inLanguage\":\"cs\",\"@id\":\"https:\\\/\\\/www.ortho-hart.at\\\/cs\\\/#\\\/schema\\\/logo\\\/image\\\/\",\"url\":\"https:\\\/\\\/www.ortho-hart.at\\\/wp-content\\\/uploads\\\/2023\\\/04\\\/Logo-Favicon-schwarz.svg\",\"contentUrl\":\"https:\\\/\\\/www.ortho-hart.at\\\/wp-content\\\/uploads\\\/2023\\\/04\\\/Logo-Favicon-schwarz.svg\",\"width\":241,\"height\":226,\"caption\":\"Ellenbogenspezialist Wien - Dr. Radek Hart\"},\"image\":{\"@id\":\"https:\\\/\\\/www.ortho-hart.at\\\/cs\\\/#\\\/schema\\\/logo\\\/image\\\/\"}}]}<\/script>\n<!-- \/ Yoast SEO plugin. -->","yoast_head_json":{"title":"Rameno - Ellenbogenspezialist Wien - Dr. Radek Hart","robots":{"index":"index","follow":"follow","max-snippet":"max-snippet:-1","max-image-preview":"max-image-preview:large","max-video-preview":"max-video-preview:-1"},"canonical":"https:\/\/www.ortho-hart.at\/cs\/rameno\/","og_locale":"cs_CZ","og_type":"article","og_title":"Rameno - Ellenbogenspezialist Wien - Dr. Radek Hart","og_description":"Ramenn\u00ed kloub je nejpohybliv\u011bj\u0161\u00edm velk\u00fdm kloubem v lidsk\u00e9m t\u011ble a funguje jen d\u00edky slo\u017eit\u00e9 souh\u0159e kost\u00ed, kloubn\u00edho pouzdra, vaz\u016f, sval\u016f a jejich \u0161lach. L\u00e9\u010d\u00edme nestabilitu, kostn\u00ed defekty, po\u0161kozen\u00ed \u0161lach a osteoartr\u00f3zu ramenn\u00edho kloubu. Mezi nej\u010dast\u011bj\u0161\u00ed operace ramene pat\u0159\u00ed artroskopie, rekonstrukce kostn\u00edch defekt\u016f (obvykle po\u00farazov\u00fdch) a \u0161lach, p\u0159enos sval\u016f a implantace endoprot\u00e9z. Totalendoprothese nach einem Tumor&hellip;&nbsp;","og_url":"https:\/\/www.ortho-hart.at\/cs\/rameno\/","og_site_name":"Ellenbogenspezialist Wien - Dr. Radek Hart","article_modified_time":"2024-10-31T08:56:14+00:00","og_image":[{"url":"https:\/\/www.ortho-hart.at\/wp-content\/uploads\/2024\/04\/Schulter-744x1024.jpg","type":"","width":"","height":""}],"twitter_card":"summary_large_image","schema":{"@context":"https:\/\/schema.org","@graph":[{"@type":"WebPage","@id":"https:\/\/www.ortho-hart.at\/cs\/rameno\/","url":"https:\/\/www.ortho-hart.at\/cs\/rameno\/","name":"Rameno - Ellenbogenspezialist Wien - Dr. Radek Hart","isPartOf":{"@id":"https:\/\/www.ortho-hart.at\/cs\/#website"},"primaryImageOfPage":{"@id":"https:\/\/www.ortho-hart.at\/cs\/rameno\/#primaryimage"},"image":{"@id":"https:\/\/www.ortho-hart.at\/cs\/rameno\/#primaryimage"},"thumbnailUrl":"https:\/\/www.ortho-hart.at\/wp-content\/uploads\/2024\/04\/Schulter-744x1024.jpg","datePublished":"2023-04-21T07:06:09+00:00","dateModified":"2024-10-31T08:56:14+00:00","breadcrumb":{"@id":"https:\/\/www.ortho-hart.at\/cs\/rameno\/#breadcrumb"},"inLanguage":"cs","potentialAction":[{"@type":"ReadAction","target":["https:\/\/www.ortho-hart.at\/cs\/rameno\/"]}]},{"@type":"ImageObject","inLanguage":"cs","@id":"https:\/\/www.ortho-hart.at\/cs\/rameno\/#primaryimage","url":"https:\/\/www.ortho-hart.at\/wp-content\/uploads\/2024\/04\/Schulter-744x1024.jpg","contentUrl":"https:\/\/www.ortho-hart.at\/wp-content\/uploads\/2024\/04\/Schulter-744x1024.jpg"},{"@type":"BreadcrumbList","@id":"https:\/\/www.ortho-hart.at\/cs\/rameno\/#breadcrumb","itemListElement":[{"@type":"ListItem","position":1,"name":"Startseite","item":"https:\/\/www.ortho-hart.at\/cs\/domovska-stranka\/"},{"@type":"ListItem","position":2,"name":"Rameno"}]},{"@type":"WebSite","@id":"https:\/\/www.ortho-hart.at\/cs\/#website","url":"https:\/\/www.ortho-hart.at\/cs\/","name":"Ellenbogenspezialist Wien - Dr. Radek Hart","description":"Orthop\u00e4de 1190 Wien - Spezialist f\u00fcr Ellenbogen","publisher":{"@id":"https:\/\/www.ortho-hart.at\/cs\/#organization"},"potentialAction":[{"@type":"SearchAction","target":{"@type":"EntryPoint","urlTemplate":"https:\/\/www.ortho-hart.at\/cs\/?s={search_term_string}"},"query-input":{"@type":"PropertyValueSpecification","valueRequired":true,"valueName":"search_term_string"}}],"inLanguage":"cs"},{"@type":"Organization","@id":"https:\/\/www.ortho-hart.at\/cs\/#organization","name":"Ellenbogenspezialist Wien - Dr. Radek Hart","url":"https:\/\/www.ortho-hart.at\/cs\/","logo":{"@type":"ImageObject","inLanguage":"cs","@id":"https:\/\/www.ortho-hart.at\/cs\/#\/schema\/logo\/image\/","url":"https:\/\/www.ortho-hart.at\/wp-content\/uploads\/2023\/04\/Logo-Favicon-schwarz.svg","contentUrl":"https:\/\/www.ortho-hart.at\/wp-content\/uploads\/2023\/04\/Logo-Favicon-schwarz.svg","width":241,"height":226,"caption":"Ellenbogenspezialist Wien - Dr. Radek Hart"},"image":{"@id":"https:\/\/www.ortho-hart.at\/cs\/#\/schema\/logo\/image\/"}}]}},"_links":{"self":[{"href":"https:\/\/www.ortho-hart.at\/cs\/wp-json\/wp\/v2\/pages\/4156","targetHints":{"allow":["GET"]}}],"collection":[{"href":"https:\/\/www.ortho-hart.at\/cs\/wp-json\/wp\/v2\/pages"}],"about":[{"href":"https:\/\/www.ortho-hart.at\/cs\/wp-json\/wp\/v2\/types\/page"}],"author":[{"embeddable":true,"href":"https:\/\/www.ortho-hart.at\/cs\/wp-json\/wp\/v2\/users\/2"}],"replies":[{"embeddable":true,"href":"https:\/\/www.ortho-hart.at\/cs\/wp-json\/wp\/v2\/comments?post=4156"}],"version-history":[{"count":0,"href":"https:\/\/www.ortho-hart.at\/cs\/wp-json\/wp\/v2\/pages\/4156\/revisions"}],"wp:attachment":[{"href":"https:\/\/www.ortho-hart.at\/cs\/wp-json\/wp\/v2\/media?parent=4156"}],"curies":[{"name":"wp","href":"https:\/\/api.w.org\/{rel}","templated":true}]}}