{"id":4153,"date":"2023-04-21T08:05:29","date_gmt":"2023-04-21T07:05:29","guid":{"rendered":"https:\/\/www.ortho-hart.at\/zapesti\/"},"modified":"2025-03-26T10:14:03","modified_gmt":"2025-03-26T09:14:03","slug":"zapesti","status":"publish","type":"page","link":"https:\/\/www.ortho-hart.at\/cs\/zapesti\/","title":{"rendered":"Z\u00e1p\u011bst\u00ed"},"content":{"rendered":"\t\t<div data-elementor-type=\"wp-page\" data-elementor-id=\"4153\" class=\"elementor elementor-4153 elementor-248\" data-elementor-post-type=\"page\">\n\t\t\t\t\t\t<section class=\"elementor-section elementor-top-section elementor-element elementor-element-e83cbb5 elementor-section-boxed elementor-section-height-default elementor-section-height-default\" data-id=\"e83cbb5\" data-element_type=\"section\" data-e-type=\"section\">\n\t\t\t\t\t\t<div class=\"elementor-container elementor-column-gap-default\">\n\t\t\t\t\t<div class=\"elementor-column elementor-col-100 elementor-top-column elementor-element elementor-element-39fd8d0\" data-id=\"39fd8d0\" data-element_type=\"column\" data-e-type=\"column\">\n\t\t\t<div class=\"elementor-widget-wrap elementor-element-populated\">\n\t\t\t\t\t\t<div class=\"elementor-element elementor-element-5a85db1 elementor-widget elementor-widget-heading\" data-id=\"5a85db1\" data-element_type=\"widget\" data-e-type=\"widget\" data-widget_type=\"heading.default\">\n\t\t\t\t<div class=\"elementor-widget-container\">\n\t\t\t\t\t<h1 class=\"elementor-heading-title elementor-size-default\">Z\u00e1p\u011bst\u00ed<\/h1>\t\t\t\t<\/div>\n\t\t\t\t<\/div>\n\t\t\t\t<div class=\"elementor-element elementor-element-6771c40 elementor-widget-divider--view-line elementor-widget elementor-widget-global elementor-global-4145 elementor-global-172 elementor-widget-divider\" data-id=\"6771c40\" data-element_type=\"widget\" data-e-type=\"widget\" data-widget_type=\"divider.default\">\n\t\t\t\t<div class=\"elementor-widget-container\">\n\t\t\t\t\t\t\t<div class=\"elementor-divider\">\n\t\t\t<span class=\"elementor-divider-separator\">\n\t\t\t\t\t\t<\/span>\n\t\t<\/div>\n\t\t\t\t\t\t<\/div>\n\t\t\t\t<\/div>\n\t\t\t\t<div class=\"elementor-element elementor-element-2727203 elementor-widget elementor-widget-text-editor\" data-id=\"2727203\" data-element_type=\"widget\" data-e-type=\"widget\" data-widget_type=\"text-editor.default\">\n\t\t\t\t<div class=\"elementor-widget-container\">\n\t\t\t\t\t\t\t\t\t<p class=\"wnd-align-center\"><span class=\"wsw-02\">Z\u00e1p\u011bst\u00ed <\/span><span class=\"wsw-02\">se skl\u00e1d\u00e1 z osmi mal\u00fdch kost\u00ed a tvo\u0159\u00ed slo\u017eit\u00fd kloub s ob\u011bma kostmi p\u0159edlokt\u00ed.<\/span><\/p>\n<p class=\"wnd-align-center\"><span class=\"wsw-02\">Mezi nej\u010dast\u011bj\u0161\u00ed probl\u00e9my pat\u0159\u00ed po\u00farazov\u00e9 stavy &#8211; nespr\u00e1vn\u011b zhojen\u00e9 zlomeniny, poran\u011bn\u00ed vaz\u016f a \u0161lach a n\u00e1sledn\u00e1 osteoartr\u00f3za.  <\/span><\/p>\n<p class=\"wnd-align-center\"><span class=\"wsw-02\">\u0158e\u0161\u00edme nezhojen\u00e9 nebo nespr\u00e1vn\u011b zhojen\u00e9 zlomeniny korek\u010dn\u00edmi operacemi, nahrazujeme poran\u011bn\u00e9 vazy, \u010d\u00e1ste\u010dn\u011b nebo \u00fapln\u011b zpev\u0148ujeme klouby s osteoartr\u00f3zou nebo nahrazujeme klouby endoprot\u00e9zami.<\/span><\/p>\n\t\t\t\t\t\t\t\t<\/div>\n\t\t\t\t<\/div>\n\t\t\t\t\t<\/div>\n\t\t<\/div>\n\t\t\t\t\t<\/div>\n\t\t<\/section>\n\t\t\t\t<section class=\"elementor-section elementor-top-section elementor-element elementor-element-8d63827 elementor-section-boxed elementor-section-height-default elementor-section-height-default elementor-invisible\" data-id=\"8d63827\" data-element_type=\"section\" data-e-type=\"section\" data-settings=\"{&quot;background_background&quot;:&quot;classic&quot;,&quot;animation&quot;:&quot;fadeInUp&quot;}\">\n\t\t\t\t\t\t<div class=\"elementor-container elementor-column-gap-default\">\n\t\t\t\t\t<div class=\"elementor-column elementor-col-100 elementor-top-column elementor-element elementor-element-9087f51\" data-id=\"9087f51\" data-element_type=\"column\" data-e-type=\"column\">\n\t\t\t<div class=\"elementor-widget-wrap elementor-element-populated\">\n\t\t\t\t\t\t<div class=\"elementor-element elementor-element-b8d6a94 elementor-widget elementor-widget-gallery\" data-id=\"b8d6a94\" data-element_type=\"widget\" data-e-type=\"widget\" data-settings=\"{&quot;gap&quot;:{&quot;unit&quot;:&quot;px&quot;,&quot;size&quot;:20,&quot;sizes&quot;:[]},&quot;columns_tablet&quot;:3,&quot;aspect_ratio&quot;:&quot;1:1&quot;,&quot;overlay_description&quot;:&quot;alt&quot;,&quot;columns&quot;:5,&quot;gallery_layout&quot;:&quot;grid&quot;,&quot;columns_mobile&quot;:1,&quot;gap_tablet&quot;:{&quot;unit&quot;:&quot;px&quot;,&quot;size&quot;:10,&quot;sizes&quot;:[]},&quot;gap_mobile&quot;:{&quot;unit&quot;:&quot;px&quot;,&quot;size&quot;:10,&quot;sizes&quot;:[]},&quot;link_to&quot;:&quot;file&quot;,&quot;overlay_background&quot;:&quot;yes&quot;,&quot;content_hover_animation&quot;:&quot;fade-in&quot;}\" data-widget_type=\"gallery.default\">\n\t\t\t\t<div class=\"elementor-widget-container\">\n\t\t\t\t\t\t\t<div class=\"elementor-gallery__container\">\n\t\t\t\t\t\t\t<a class=\"e-gallery-item elementor-gallery-item elementor-animated-content\" href=\"https:\/\/www.ortho-hart.at\/wp-content\/uploads\/2023\/04\/Achsekorrektur-der-Speiche.webp\" data-elementor-open-lightbox=\"yes\" data-elementor-lightbox-slideshow=\"b8d6a94\" data-elementor-lightbox-title=\"Achsekorrektur der Speiche\" data-e-action-hash=\"#elementor-action%3Aaction%3Dlightbox%26settings%3DeyJpZCI6MzIzLCJ1cmwiOiJodHRwczpcL1wvd3d3Lm9ydGhvLWhhcnQuYXRcL3dwLWNvbnRlbnRcL3VwbG9hZHNcLzIwMjNcLzA0XC9BY2hzZWtvcnJla3R1ci1kZXItU3BlaWNoZS53ZWJwIiwic2xpZGVzaG93IjoiYjhkNmE5NCJ9\">\n\t\t\t\t\t<div class=\"e-gallery-image elementor-gallery-item__image\" data-thumbnail=\"https:\/\/www.ortho-hart.at\/wp-content\/uploads\/2023\/04\/Achsekorrektur-der-Speiche.webp\" data-width=\"1064\" data-height=\"1907\" aria-label=\"Achsekorrektur der Speiche\" role=\"img\" ><\/div>\n\t\t\t\t\t\t\t\t\t\t\t<div class=\"elementor-gallery-item__overlay\"><\/div>\n\t\t\t\t\t\t\t\t\t\t\t\t\t\t\t<div class=\"elementor-gallery-item__content\">\n\t\t\t\t\t\t\t\t\t\t\t\t\t\t<div class=\"elementor-gallery-item__description\">\n\t\t\t\t\t\t\t\t\t\t\t\t\t\t\t\t\t\tAchsekorrektur der Speiche\t\t\t\t\t\t\t\t<\/div>\n\t\t\t\t\t\t\t\t\t\t\t\t<\/div>\n\t\t\t\t\t\t\t\t\t<\/a>\n\t\t\t\t\t\t\t<a class=\"e-gallery-item elementor-gallery-item elementor-animated-content\" href=\"https:\/\/www.ortho-hart.at\/wp-content\/uploads\/2023\/04\/Vernagelung-einer-Fraktur.webp\" data-elementor-open-lightbox=\"yes\" data-elementor-lightbox-slideshow=\"b8d6a94\" data-elementor-lightbox-title=\"Vernagelung einer Fraktur\" data-e-action-hash=\"#elementor-action%3Aaction%3Dlightbox%26settings%3DeyJpZCI6MzI0LCJ1cmwiOiJodHRwczpcL1wvd3d3Lm9ydGhvLWhhcnQuYXRcL3dwLWNvbnRlbnRcL3VwbG9hZHNcLzIwMjNcLzA0XC9WZXJuYWdlbHVuZy1laW5lci1GcmFrdHVyLndlYnAiLCJzbGlkZXNob3ciOiJiOGQ2YTk0In0%3D\">\n\t\t\t\t\t<div class=\"e-gallery-image elementor-gallery-item__image\" data-thumbnail=\"https:\/\/www.ortho-hart.at\/wp-content\/uploads\/2023\/04\/Vernagelung-einer-Fraktur.webp\" data-width=\"758\" data-height=\"1920\" aria-label=\"Vernagelung einer Fraktur\" role=\"img\" ><\/div>\n\t\t\t\t\t\t\t\t\t\t\t<div class=\"elementor-gallery-item__overlay\"><\/div>\n\t\t\t\t\t\t\t\t\t\t\t\t\t\t\t<div class=\"elementor-gallery-item__content\">\n\t\t\t\t\t\t\t\t\t\t\t\t\t\t<div class=\"elementor-gallery-item__description\">\n\t\t\t\t\t\t\t\t\t\t\t\t\t\t\t\t\t\tVernagelung einer Fraktur\t\t\t\t\t\t\t\t<\/div>\n\t\t\t\t\t\t\t\t\t\t\t\t<\/div>\n\t\t\t\t\t\t\t\t\t<\/a>\n\t\t\t\t\t\t\t<a class=\"e-gallery-item elementor-gallery-item elementor-animated-content\" href=\"https:\/\/www.ortho-hart.at\/wp-content\/uploads\/2023\/04\/Verplattung-einer-Fraktur.webp\" data-elementor-open-lightbox=\"yes\" data-elementor-lightbox-slideshow=\"b8d6a94\" data-elementor-lightbox-title=\"Verplattung einer Fraktur\" data-e-action-hash=\"#elementor-action%3Aaction%3Dlightbox%26settings%3DeyJpZCI6MzI1LCJ1cmwiOiJodHRwczpcL1wvd3d3Lm9ydGhvLWhhcnQuYXRcL3dwLWNvbnRlbnRcL3VwbG9hZHNcLzIwMjNcLzA0XC9WZXJwbGF0dHVuZy1laW5lci1GcmFrdHVyLndlYnAiLCJzbGlkZXNob3ciOiJiOGQ2YTk0In0%3D\">\n\t\t\t\t\t<div class=\"e-gallery-image elementor-gallery-item__image\" data-thumbnail=\"https:\/\/www.ortho-hart.at\/wp-content\/uploads\/2023\/04\/Verplattung-einer-Fraktur.webp\" data-width=\"703\" data-height=\"1348\" aria-label=\"Verplattung einer Fraktur\" role=\"img\" ><\/div>\n\t\t\t\t\t\t\t\t\t\t\t<div class=\"elementor-gallery-item__overlay\"><\/div>\n\t\t\t\t\t\t\t\t\t\t\t\t\t\t\t<div class=\"elementor-gallery-item__content\">\n\t\t\t\t\t\t\t\t\t\t\t\t\t\t<div class=\"elementor-gallery-item__description\">\n\t\t\t\t\t\t\t\t\t\t\t\t\t\t\t\t\t\tVerplattung einer Fraktur\t\t\t\t\t\t\t\t<\/div>\n\t\t\t\t\t\t\t\t\t\t\t\t<\/div>\n\t\t\t\t\t\t\t\t\t<\/a>\n\t\t\t\t\t\t\t<a class=\"e-gallery-item elementor-gallery-item elementor-animated-content\" href=\"https:\/\/www.ortho-hart.at\/wp-content\/uploads\/2023\/04\/Verschraubung-Gelenk-Speiche-Elle.webp\" data-elementor-open-lightbox=\"yes\" data-elementor-lightbox-slideshow=\"b8d6a94\" data-elementor-lightbox-title=\"Verschraubung des Gelenks zwischen Speiche und Elle\" data-e-action-hash=\"#elementor-action%3Aaction%3Dlightbox%26settings%3DeyJpZCI6MzIwLCJ1cmwiOiJodHRwczpcL1wvd3d3Lm9ydGhvLWhhcnQuYXRcL3dwLWNvbnRlbnRcL3VwbG9hZHNcLzIwMjNcLzA0XC9WZXJzY2hyYXVidW5nLUdlbGVuay1TcGVpY2hlLUVsbGUud2VicCIsInNsaWRlc2hvdyI6ImI4ZDZhOTQifQ%3D%3D\">\n\t\t\t\t\t<div class=\"e-gallery-image elementor-gallery-item__image\" data-thumbnail=\"https:\/\/www.ortho-hart.at\/wp-content\/uploads\/2023\/04\/Verschraubung-Gelenk-Speiche-Elle.webp\" data-width=\"801\" data-height=\"1606\" aria-label=\"Verschraubung des Gelenks zwischen Speiche und Elle\" role=\"img\" ><\/div>\n\t\t\t\t\t\t\t\t\t\t\t<div class=\"elementor-gallery-item__overlay\"><\/div>\n\t\t\t\t\t\t\t\t\t\t\t\t\t\t\t<div class=\"elementor-gallery-item__content\">\n\t\t\t\t\t\t\t\t\t\t\t\t\t\t<div class=\"elementor-gallery-item__description\">\n\t\t\t\t\t\t\t\t\t\t\t\t\t\t\t\t\t\tVerschraubung des Gelenks zwischen Speiche und Elle\t\t\t\t\t\t\t\t<\/div>\n\t\t\t\t\t\t\t\t\t\t\t\t<\/div>\n\t\t\t\t\t\t\t\t\t<\/a>\n\t\t\t\t\t\t\t<a class=\"e-gallery-item elementor-gallery-item elementor-animated-content\" href=\"https:\/\/www.ortho-hart.at\/wp-content\/uploads\/2023\/04\/Endoprothese-unterer-Elle.webp\" data-elementor-open-lightbox=\"yes\" data-elementor-lightbox-slideshow=\"b8d6a94\" data-elementor-lightbox-title=\"Endoprothese unterer Elle\" data-e-action-hash=\"#elementor-action%3Aaction%3Dlightbox%26settings%3DeyJpZCI6MzIxLCJ1cmwiOiJodHRwczpcL1wvd3d3Lm9ydGhvLWhhcnQuYXRcL3dwLWNvbnRlbnRcL3VwbG9hZHNcLzIwMjNcLzA0XC9FbmRvcHJvdGhlc2UtdW50ZXJlci1FbGxlLndlYnAiLCJzbGlkZXNob3ciOiJiOGQ2YTk0In0%3D\">\n\t\t\t\t\t<div class=\"e-gallery-image elementor-gallery-item__image\" data-thumbnail=\"https:\/\/www.ortho-hart.at\/wp-content\/uploads\/2023\/04\/Endoprothese-unterer-Elle.webp\" data-width=\"823\" data-height=\"1344\" aria-label=\"Endoprothese unterer Elle\" role=\"img\" ><\/div>\n\t\t\t\t\t\t\t\t\t\t\t<div class=\"elementor-gallery-item__overlay\"><\/div>\n\t\t\t\t\t\t\t\t\t\t\t\t\t\t\t<div class=\"elementor-gallery-item__content\">\n\t\t\t\t\t\t\t\t\t\t\t\t\t\t<div class=\"elementor-gallery-item__description\">\n\t\t\t\t\t\t\t\t\t\t\t\t\t\t\t\t\t\tEndoprothese unterer Elle\t\t\t\t\t\t\t\t<\/div>\n\t\t\t\t\t\t\t\t\t\t\t\t<\/div>\n\t\t\t\t\t\t\t\t\t<\/a>\n\t\t\t\t\t\t\t<a class=\"e-gallery-item elementor-gallery-item elementor-animated-content\" href=\"https:\/\/www.ortho-hart.at\/wp-content\/uploads\/2023\/04\/Verschraubung-Handwurzelbeinen.webp\" data-elementor-open-lightbox=\"yes\" data-elementor-lightbox-slideshow=\"b8d6a94\" data-elementor-lightbox-title=\"Verschraubung einigen Handwurzelbeinen\" data-e-action-hash=\"#elementor-action%3Aaction%3Dlightbox%26settings%3DeyJpZCI6MzIyLCJ1cmwiOiJodHRwczpcL1wvd3d3Lm9ydGhvLWhhcnQuYXRcL3dwLWNvbnRlbnRcL3VwbG9hZHNcLzIwMjNcLzA0XC9WZXJzY2hyYXVidW5nLUhhbmR3dXJ6ZWxiZWluZW4ud2VicCIsInNsaWRlc2hvdyI6ImI4ZDZhOTQifQ%3D%3D\">\n\t\t\t\t\t<div class=\"e-gallery-image elementor-gallery-item__image\" data-thumbnail=\"https:\/\/www.ortho-hart.at\/wp-content\/uploads\/2023\/04\/Verschraubung-Handwurzelbeinen.webp\" data-width=\"734\" data-height=\"1008\" aria-label=\"Verschraubung einigen Handwurzelbeinen\" role=\"img\" ><\/div>\n\t\t\t\t\t\t\t\t\t\t\t<div class=\"elementor-gallery-item__overlay\"><\/div>\n\t\t\t\t\t\t\t\t\t\t\t\t\t\t\t<div class=\"elementor-gallery-item__content\">\n\t\t\t\t\t\t\t\t\t\t\t\t\t\t<div class=\"elementor-gallery-item__description\">\n\t\t\t\t\t\t\t\t\t\t\t\t\t\t\t\t\t\tVerschraubung einigen Handwurzelbeinen\t\t\t\t\t\t\t\t<\/div>\n\t\t\t\t\t\t\t\t\t\t\t\t<\/div>\n\t\t\t\t\t\t\t\t\t<\/a>\n\t\t\t\t\t<\/div>\n\t\t\t\t\t<\/div>\n\t\t\t\t<\/div>\n\t\t\t\t\t<\/div>\n\t\t<\/div>\n\t\t\t\t\t<\/div>\n\t\t<\/section>\n\t\t\t\t<\/div>\n\t\t","protected":false},"excerpt":{"rendered":"<p>Z\u00e1p\u011bst\u00ed se skl\u00e1d\u00e1 z osmi mal\u00fdch kost\u00ed a tvo\u0159\u00ed slo\u017eit\u00fd kloub s ob\u011bma kostmi p\u0159edlokt\u00ed. Mezi nej\u010dast\u011bj\u0161\u00ed probl\u00e9my pat\u0159\u00ed po\u00farazov\u00e9 stavy &#8211; nespr\u00e1vn\u011b zhojen\u00e9 zlomeniny, poran\u011bn\u00ed vaz\u016f a \u0161lach a n\u00e1sledn\u00e1 osteoartr\u00f3za. \u0158e\u0161\u00edme nezhojen\u00e9 nebo nespr\u00e1vn\u011b zhojen\u00e9 zlomeniny korek\u010dn\u00edmi operacemi, nahrazujeme poran\u011bn\u00e9 vazy, \u010d\u00e1ste\u010dn\u011b nebo \u00fapln\u011b zpev\u0148ujeme klouby s osteoartr\u00f3zou nebo nahrazujeme klouby endoprot\u00e9zami. Achsekorrektur&hellip;&nbsp;<\/p>\n","protected":false},"author":2,"featured_media":0,"parent":0,"menu_order":0,"comment_status":"closed","ping_status":"closed","template":"page-templates\/template-pagebuilder-full-width.php","meta":{"neve_meta_sidebar":"","neve_meta_container":"","neve_meta_enable_content_width":"","neve_meta_content_width":0,"neve_meta_title_alignment":"","neve_meta_author_avatar":"","neve_post_elements_order":"","neve_meta_disable_header":"","neve_meta_disable_footer":"","neve_meta_disable_title":"","neve_meta_reading_time":"","footnotes":""},"class_list":["post-4153","page","type-page","status-publish","hentry"],"yoast_head":"<!-- This site is optimized with the Yoast SEO plugin v27.5 - https:\/\/yoast.com\/product\/yoast-seo-wordpress\/ -->\n<title>Z\u00e1p\u011bst\u00ed - Ellenbogenspezialist Wien - Dr. Radek Hart<\/title>\n<meta name=\"robots\" content=\"index, follow, max-snippet:-1, max-image-preview:large, max-video-preview:-1\" \/>\n<link rel=\"canonical\" href=\"https:\/\/www.ortho-hart.at\/cs\/zapesti\/\" \/>\n<meta property=\"og:locale\" content=\"cs_CZ\" \/>\n<meta property=\"og:type\" content=\"article\" \/>\n<meta property=\"og:title\" content=\"Z\u00e1p\u011bst\u00ed - Ellenbogenspezialist Wien - Dr. Radek Hart\" \/>\n<meta property=\"og:description\" content=\"Z\u00e1p\u011bst\u00ed se skl\u00e1d\u00e1 z osmi mal\u00fdch kost\u00ed a tvo\u0159\u00ed slo\u017eit\u00fd kloub s ob\u011bma kostmi p\u0159edlokt\u00ed. Mezi nej\u010dast\u011bj\u0161\u00ed probl\u00e9my pat\u0159\u00ed po\u00farazov\u00e9 stavy &#8211; nespr\u00e1vn\u011b zhojen\u00e9 zlomeniny, poran\u011bn\u00ed vaz\u016f a \u0161lach a n\u00e1sledn\u00e1 osteoartr\u00f3za. \u0158e\u0161\u00edme nezhojen\u00e9 nebo nespr\u00e1vn\u011b zhojen\u00e9 zlomeniny korek\u010dn\u00edmi operacemi, nahrazujeme poran\u011bn\u00e9 vazy, \u010d\u00e1ste\u010dn\u011b nebo \u00fapln\u011b zpev\u0148ujeme klouby s osteoartr\u00f3zou nebo nahrazujeme klouby endoprot\u00e9zami. Achsekorrektur&hellip;&nbsp;\" \/>\n<meta property=\"og:url\" content=\"https:\/\/www.ortho-hart.at\/cs\/zapesti\/\" \/>\n<meta property=\"og:site_name\" content=\"Ellenbogenspezialist Wien - Dr. Radek Hart\" \/>\n<meta property=\"article:modified_time\" content=\"2025-03-26T09:14:03+00:00\" \/>\n<meta name=\"twitter:card\" content=\"summary_large_image\" \/>\n<meta name=\"twitter:label1\" content=\"Odhadovan\u00e1 doba \u010dten\u00ed\" \/>\n\t<meta name=\"twitter:data1\" content=\"1 minuta\" \/>\n<script type=\"application\/ld+json\" class=\"yoast-schema-graph\">{\"@context\":\"https:\\\/\\\/schema.org\",\"@graph\":[{\"@type\":\"WebPage\",\"@id\":\"https:\\\/\\\/www.ortho-hart.at\\\/cs\\\/zapesti\\\/\",\"url\":\"https:\\\/\\\/www.ortho-hart.at\\\/cs\\\/zapesti\\\/\",\"name\":\"Z\u00e1p\u011bst\u00ed - Ellenbogenspezialist Wien - Dr. Radek Hart\",\"isPartOf\":{\"@id\":\"https:\\\/\\\/www.ortho-hart.at\\\/cs\\\/#website\"},\"datePublished\":\"2023-04-21T07:05:29+00:00\",\"dateModified\":\"2025-03-26T09:14:03+00:00\",\"breadcrumb\":{\"@id\":\"https:\\\/\\\/www.ortho-hart.at\\\/cs\\\/zapesti\\\/#breadcrumb\"},\"inLanguage\":\"cs\",\"potentialAction\":[{\"@type\":\"ReadAction\",\"target\":[\"https:\\\/\\\/www.ortho-hart.at\\\/cs\\\/zapesti\\\/\"]}]},{\"@type\":\"BreadcrumbList\",\"@id\":\"https:\\\/\\\/www.ortho-hart.at\\\/cs\\\/zapesti\\\/#breadcrumb\",\"itemListElement\":[{\"@type\":\"ListItem\",\"position\":1,\"name\":\"Startseite\",\"item\":\"https:\\\/\\\/www.ortho-hart.at\\\/cs\\\/domovska-stranka\\\/\"},{\"@type\":\"ListItem\",\"position\":2,\"name\":\"Z\u00e1p\u011bst\u00ed\"}]},{\"@type\":\"WebSite\",\"@id\":\"https:\\\/\\\/www.ortho-hart.at\\\/cs\\\/#website\",\"url\":\"https:\\\/\\\/www.ortho-hart.at\\\/cs\\\/\",\"name\":\"Ellenbogenspezialist Wien - Dr. Radek Hart\",\"description\":\"Orthop\u00e4de 1190 Wien - Spezialist f\u00fcr Ellenbogen\",\"publisher\":{\"@id\":\"https:\\\/\\\/www.ortho-hart.at\\\/cs\\\/#organization\"},\"potentialAction\":[{\"@type\":\"SearchAction\",\"target\":{\"@type\":\"EntryPoint\",\"urlTemplate\":\"https:\\\/\\\/www.ortho-hart.at\\\/cs\\\/?s={search_term_string}\"},\"query-input\":{\"@type\":\"PropertyValueSpecification\",\"valueRequired\":true,\"valueName\":\"search_term_string\"}}],\"inLanguage\":\"cs\"},{\"@type\":\"Organization\",\"@id\":\"https:\\\/\\\/www.ortho-hart.at\\\/cs\\\/#organization\",\"name\":\"Ellenbogenspezialist Wien - Dr. Radek Hart\",\"url\":\"https:\\\/\\\/www.ortho-hart.at\\\/cs\\\/\",\"logo\":{\"@type\":\"ImageObject\",\"inLanguage\":\"cs\",\"@id\":\"https:\\\/\\\/www.ortho-hart.at\\\/cs\\\/#\\\/schema\\\/logo\\\/image\\\/\",\"url\":\"https:\\\/\\\/www.ortho-hart.at\\\/wp-content\\\/uploads\\\/2023\\\/04\\\/Logo-Favicon-schwarz.svg\",\"contentUrl\":\"https:\\\/\\\/www.ortho-hart.at\\\/wp-content\\\/uploads\\\/2023\\\/04\\\/Logo-Favicon-schwarz.svg\",\"width\":241,\"height\":226,\"caption\":\"Ellenbogenspezialist Wien - Dr. Radek Hart\"},\"image\":{\"@id\":\"https:\\\/\\\/www.ortho-hart.at\\\/cs\\\/#\\\/schema\\\/logo\\\/image\\\/\"}}]}<\/script>\n<!-- \/ Yoast SEO plugin. -->","yoast_head_json":{"title":"Z\u00e1p\u011bst\u00ed - Ellenbogenspezialist Wien - Dr. Radek Hart","robots":{"index":"index","follow":"follow","max-snippet":"max-snippet:-1","max-image-preview":"max-image-preview:large","max-video-preview":"max-video-preview:-1"},"canonical":"https:\/\/www.ortho-hart.at\/cs\/zapesti\/","og_locale":"cs_CZ","og_type":"article","og_title":"Z\u00e1p\u011bst\u00ed - Ellenbogenspezialist Wien - Dr. Radek Hart","og_description":"Z\u00e1p\u011bst\u00ed se skl\u00e1d\u00e1 z osmi mal\u00fdch kost\u00ed a tvo\u0159\u00ed slo\u017eit\u00fd kloub s ob\u011bma kostmi p\u0159edlokt\u00ed. Mezi nej\u010dast\u011bj\u0161\u00ed probl\u00e9my pat\u0159\u00ed po\u00farazov\u00e9 stavy &#8211; nespr\u00e1vn\u011b zhojen\u00e9 zlomeniny, poran\u011bn\u00ed vaz\u016f a \u0161lach a n\u00e1sledn\u00e1 osteoartr\u00f3za. \u0158e\u0161\u00edme nezhojen\u00e9 nebo nespr\u00e1vn\u011b zhojen\u00e9 zlomeniny korek\u010dn\u00edmi operacemi, nahrazujeme poran\u011bn\u00e9 vazy, \u010d\u00e1ste\u010dn\u011b nebo \u00fapln\u011b zpev\u0148ujeme klouby s osteoartr\u00f3zou nebo nahrazujeme klouby endoprot\u00e9zami. Achsekorrektur&hellip;&nbsp;","og_url":"https:\/\/www.ortho-hart.at\/cs\/zapesti\/","og_site_name":"Ellenbogenspezialist Wien - Dr. Radek Hart","article_modified_time":"2025-03-26T09:14:03+00:00","twitter_card":"summary_large_image","twitter_misc":{"Odhadovan\u00e1 doba \u010dten\u00ed":"1 minuta"},"schema":{"@context":"https:\/\/schema.org","@graph":[{"@type":"WebPage","@id":"https:\/\/www.ortho-hart.at\/cs\/zapesti\/","url":"https:\/\/www.ortho-hart.at\/cs\/zapesti\/","name":"Z\u00e1p\u011bst\u00ed - Ellenbogenspezialist Wien - Dr. Radek Hart","isPartOf":{"@id":"https:\/\/www.ortho-hart.at\/cs\/#website"},"datePublished":"2023-04-21T07:05:29+00:00","dateModified":"2025-03-26T09:14:03+00:00","breadcrumb":{"@id":"https:\/\/www.ortho-hart.at\/cs\/zapesti\/#breadcrumb"},"inLanguage":"cs","potentialAction":[{"@type":"ReadAction","target":["https:\/\/www.ortho-hart.at\/cs\/zapesti\/"]}]},{"@type":"BreadcrumbList","@id":"https:\/\/www.ortho-hart.at\/cs\/zapesti\/#breadcrumb","itemListElement":[{"@type":"ListItem","position":1,"name":"Startseite","item":"https:\/\/www.ortho-hart.at\/cs\/domovska-stranka\/"},{"@type":"ListItem","position":2,"name":"Z\u00e1p\u011bst\u00ed"}]},{"@type":"WebSite","@id":"https:\/\/www.ortho-hart.at\/cs\/#website","url":"https:\/\/www.ortho-hart.at\/cs\/","name":"Ellenbogenspezialist Wien - Dr. Radek Hart","description":"Orthop\u00e4de 1190 Wien - Spezialist f\u00fcr Ellenbogen","publisher":{"@id":"https:\/\/www.ortho-hart.at\/cs\/#organization"},"potentialAction":[{"@type":"SearchAction","target":{"@type":"EntryPoint","urlTemplate":"https:\/\/www.ortho-hart.at\/cs\/?s={search_term_string}"},"query-input":{"@type":"PropertyValueSpecification","valueRequired":true,"valueName":"search_term_string"}}],"inLanguage":"cs"},{"@type":"Organization","@id":"https:\/\/www.ortho-hart.at\/cs\/#organization","name":"Ellenbogenspezialist Wien - Dr. Radek Hart","url":"https:\/\/www.ortho-hart.at\/cs\/","logo":{"@type":"ImageObject","inLanguage":"cs","@id":"https:\/\/www.ortho-hart.at\/cs\/#\/schema\/logo\/image\/","url":"https:\/\/www.ortho-hart.at\/wp-content\/uploads\/2023\/04\/Logo-Favicon-schwarz.svg","contentUrl":"https:\/\/www.ortho-hart.at\/wp-content\/uploads\/2023\/04\/Logo-Favicon-schwarz.svg","width":241,"height":226,"caption":"Ellenbogenspezialist Wien - Dr. Radek Hart"},"image":{"@id":"https:\/\/www.ortho-hart.at\/cs\/#\/schema\/logo\/image\/"}}]}},"_links":{"self":[{"href":"https:\/\/www.ortho-hart.at\/cs\/wp-json\/wp\/v2\/pages\/4153","targetHints":{"allow":["GET"]}}],"collection":[{"href":"https:\/\/www.ortho-hart.at\/cs\/wp-json\/wp\/v2\/pages"}],"about":[{"href":"https:\/\/www.ortho-hart.at\/cs\/wp-json\/wp\/v2\/types\/page"}],"author":[{"embeddable":true,"href":"https:\/\/www.ortho-hart.at\/cs\/wp-json\/wp\/v2\/users\/2"}],"replies":[{"embeddable":true,"href":"https:\/\/www.ortho-hart.at\/cs\/wp-json\/wp\/v2\/comments?post=4153"}],"version-history":[{"count":0,"href":"https:\/\/www.ortho-hart.at\/cs\/wp-json\/wp\/v2\/pages\/4153\/revisions"}],"wp:attachment":[{"href":"https:\/\/www.ortho-hart.at\/cs\/wp-json\/wp\/v2\/media?parent=4153"}],"curies":[{"name":"wp","href":"https:\/\/api.w.org\/{rel}","templated":true}]}}