{"id":4054,"date":"2023-12-05T09:00:19","date_gmt":"2023-12-05T08:00:19","guid":{"rendered":"https:\/\/www.ortho-hart.at\/odchylky-os\/"},"modified":"2025-03-26T10:44:33","modified_gmt":"2025-03-26T09:44:33","slug":"odchylky-os","status":"publish","type":"page","link":"https:\/\/www.ortho-hart.at\/cs\/loketni-jamka\/odchylky-os\/","title":{"rendered":"Odchylky os"},"content":{"rendered":"\t\t<div data-elementor-type=\"wp-page\" data-elementor-id=\"4054\" class=\"elementor elementor-4054 elementor-2355\" data-elementor-post-type=\"page\">\n\t\t\t\t\t\t<section class=\"elementor-section elementor-top-section elementor-element elementor-element-2ae1db5 elementor-section-boxed elementor-section-height-default elementor-section-height-default\" data-id=\"2ae1db5\" data-element_type=\"section\" data-e-type=\"section\">\n\t\t\t\t\t\t<div class=\"elementor-container elementor-column-gap-default\">\n\t\t\t\t\t<div class=\"elementor-column elementor-col-100 elementor-top-column elementor-element elementor-element-2178975\" data-id=\"2178975\" data-element_type=\"column\" data-e-type=\"column\">\n\t\t\t<div class=\"elementor-widget-wrap elementor-element-populated\">\n\t\t\t\t\t\t<div class=\"elementor-element elementor-element-cc718f8 elementor-hidden-desktop elementor-hidden-tablet elementor-widget elementor-widget-heading\" data-id=\"cc718f8\" data-element_type=\"widget\" data-e-type=\"widget\" data-widget_type=\"heading.default\">\n\t\t\t\t<div class=\"elementor-widget-container\">\n\t\t\t\t\t<h1 class=\"elementor-heading-title elementor-size-default\">Odchylky osy lokte - cubitus varus a cubitus valgus<\/h1>\t\t\t\t<\/div>\n\t\t\t\t<\/div>\n\t\t\t\t<div class=\"elementor-element elementor-element-34077a9 elementor-hidden-mobile elementor-widget elementor-widget-heading\" data-id=\"34077a9\" data-element_type=\"widget\" data-e-type=\"widget\" data-widget_type=\"heading.default\">\n\t\t\t\t<div class=\"elementor-widget-container\">\n\t\t\t\t\t<h1 class=\"elementor-heading-title elementor-size-default\">Odchylky osy lokte - cubitus varus a cubitus valgus<\/h1>\t\t\t\t<\/div>\n\t\t\t\t<\/div>\n\t\t\t\t<div class=\"elementor-element elementor-element-58ac696 elementor-widget-divider--view-line elementor-widget elementor-widget-global elementor-global-4145 elementor-global-172 elementor-widget-divider\" data-id=\"58ac696\" data-element_type=\"widget\" data-e-type=\"widget\" data-widget_type=\"divider.default\">\n\t\t\t\t<div class=\"elementor-widget-container\">\n\t\t\t\t\t\t\t<div class=\"elementor-divider\">\n\t\t\t<span class=\"elementor-divider-separator\">\n\t\t\t\t\t\t<\/span>\n\t\t<\/div>\n\t\t\t\t\t\t<\/div>\n\t\t\t\t<\/div>\n\t\t\t\t<div class=\"elementor-element elementor-element-d7c58f0 elementor-widget elementor-widget-heading\" data-id=\"d7c58f0\" data-element_type=\"widget\" data-e-type=\"widget\" data-widget_type=\"heading.default\">\n\t\t\t\t<div class=\"elementor-widget-container\">\n\t\t\t\t\t<h2 class=\"elementor-heading-title elementor-size-default\">Axi\u00e1ln\u00ed odchylka lokte<\/h2>\t\t\t\t<\/div>\n\t\t\t\t<\/div>\n\t\t\t\t<div class=\"elementor-element elementor-element-60b387e elementor-widget elementor-widget-text-editor\" data-id=\"60b387e\" data-element_type=\"widget\" data-e-type=\"widget\" data-widget_type=\"text-editor.default\">\n\t\t\t\t<div class=\"elementor-widget-container\">\n\t\t\t\t\t\t\t\t\t<p>Ke zm\u011bn\u00e1m polohy (axi\u00e1ln\u00ed deviace) v loketn\u00edm kloubu doch\u00e1z\u00ed pom\u011brn\u011b \u010dasto. Obvykle se jedn\u00e1 o stav po \u00farazech v d\u011btstv\u00ed. Nej\u010dast\u011bj\u0161\u00ed odchylka osy kloubu je sm\u011brem dovnit\u0159, var\u00f3zn\u00ed, co\u017e znamen\u00e1 <b>zm\u011bnu sm\u011brem ke st\u0159edu t\u011bla<\/b> ve front\u00e1ln\u00ed rovin\u011b. To m\u016f\u017ee mimo jin\u00e9 v\u00e9st k z\u00e1va\u017en\u00e9mu omezen\u00ed pohybu.   <\/p>\n<p>Osa horn\u00ed kon\u010detiny je vyj\u00e1d\u0159ena \u00fahlem, kter\u00fd sv\u00edr\u00e1 pod\u00e9ln\u00e1 osa pa\u017ee a pod\u00e9ln\u00e1 osa p\u0159edlokt\u00ed p\u0159i nata\u017een\u00e9m lokti. Fyziologick\u00e1 hodnota tohoto \u00fahlu se pohybuje mezi 5 a 15 stupni sm\u011brem ven (od t\u011bla), p\u0159i\u010dem\u017e u \u017een je tento \u00fahel o n\u011bco v\u011bt\u0161\u00ed ne\u017e u mu\u017e\u016f. Tento \u00fahel se postupn\u011b zmen\u0161uje s flex\u00ed lokte. V p\u0159\u00edpad\u011b patologick\u00e9 osov\u00e9 \u00fachylky, kdy doln\u00ed konec pa\u017en\u00ed kosti sm\u011b\u0159uje dovnit\u0159 (cubitus varus), je \u00fahel v lokti z\u00e1porn\u00fd (ruka sm\u011b\u0159uje dovnit\u0159 vzhledem k pa\u017ei). P\u0159i flexi se pak ruka v\u016f\u010di pa\u017ei pohybuje atypicky sm\u011brem ven. Ve v\u011bt\u0161in\u011b p\u0159\u00edpad\u016f se v\u0161ak nejedn\u00e1 o deformaci pouze v jedn\u00e9 rovin\u011b, ale o prostorov\u00fd probl\u00e9m, tj. deformaci ve v\u0161ech t\u0159ech rovin\u00e1ch.     <\/p>\n\t\t\t\t\t\t\t\t<\/div>\n\t\t\t\t<\/div>\n\t\t\t\t<div class=\"elementor-element elementor-element-33ac99a elementor-widget elementor-widget-image\" data-id=\"33ac99a\" data-element_type=\"widget\" data-e-type=\"widget\" data-widget_type=\"image.default\">\n\t\t\t\t<div class=\"elementor-widget-container\">\n\t\t\t\t\t\t\t\t\t\t\t\t\t\t\t<img fetchpriority=\"high\" decoding=\"async\" width=\"2560\" height=\"1707\" src=\"https:\/\/www.ortho-hart.at\/wp-content\/uploads\/2023\/12\/Achsenabweichung-2-scaled.jpg\" class=\"attachment-full size-full wp-image-4056\" alt=\"\" srcset=\"https:\/\/www.ortho-hart.at\/wp-content\/uploads\/2023\/12\/Achsenabweichung-2-scaled.jpg 2560w, https:\/\/www.ortho-hart.at\/wp-content\/uploads\/2023\/12\/Achsenabweichung-2-300x200.jpg 300w, https:\/\/www.ortho-hart.at\/wp-content\/uploads\/2023\/12\/Achsenabweichung-2-1024x683.jpg 1024w, https:\/\/www.ortho-hart.at\/wp-content\/uploads\/2023\/12\/Achsenabweichung-2-768x512.jpg 768w, https:\/\/www.ortho-hart.at\/wp-content\/uploads\/2023\/12\/Achsenabweichung-2-1536x1024.jpg 1536w, https:\/\/www.ortho-hart.at\/wp-content\/uploads\/2023\/12\/Achsenabweichung-2-2048x1365.jpg 2048w, https:\/\/www.ortho-hart.at\/wp-content\/uploads\/2023\/12\/Achsenabweichung-2-930x620.jpg 930w\" sizes=\"(max-width: 2560px) 100vw, 2560px\" \/>\t\t\t\t\t\t\t\t\t\t\t\t\t\t\t<\/div>\n\t\t\t\t<\/div>\n\t\t\t\t\t<\/div>\n\t\t<\/div>\n\t\t\t\t\t<\/div>\n\t\t<\/section>\n\t\t\t\t<section class=\"elementor-section elementor-top-section elementor-element elementor-element-b2b6e34 elementor-section-boxed elementor-section-height-default elementor-section-height-default elementor-invisible\" data-id=\"b2b6e34\" data-element_type=\"section\" data-e-type=\"section\" data-settings=\"{&quot;background_background&quot;:&quot;classic&quot;,&quot;animation&quot;:&quot;fadeInLeft&quot;}\">\n\t\t\t\t\t\t<div class=\"elementor-container elementor-column-gap-default\">\n\t\t\t\t\t<div class=\"elementor-column elementor-col-100 elementor-top-column elementor-element elementor-element-ec31977\" data-id=\"ec31977\" data-element_type=\"column\" data-e-type=\"column\">\n\t\t\t<div class=\"elementor-widget-wrap elementor-element-populated\">\n\t\t\t\t\t\t<div class=\"elementor-element elementor-element-667b427 elementor-view-default elementor-widget elementor-widget-icon\" data-id=\"667b427\" data-element_type=\"widget\" data-e-type=\"widget\" data-widget_type=\"icon.default\">\n\t\t\t\t<div class=\"elementor-widget-container\">\n\t\t\t\t\t\t\t<div class=\"elementor-icon-wrapper\">\n\t\t\t<div class=\"elementor-icon\">\n\t\t\t<svg xmlns=\"http:\/\/www.w3.org\/2000\/svg\" id=\"Vrstva_1\" viewBox=\"0 0 241.63 226.08\"><defs><style>.cls-1{fill:#1d1d1b;}<\/style><\/defs><path class=\"cls-1\" d=\"M132.81,44.85V174.49h-20.76v-53.59h-44.21v53.59h-20.76V44.85h20.76v50.95h44.21V44.85h20.76Z\"><\/path><path class=\"cls-1\" d=\"M149.09,63.78s-2.19-.31-4.66-1.27-6.02-.62-6.23-2.83,2.4-6.19,2.54-7.36,.02-4.8,1.03-6.68c1.01-1.88,3.96,.14,6.3,.44,2.34,.3,5.13,.7,5.86,1.3s-1.38,3.48-2.47,6.12,1.15,10.46-2.37,10.28Z\"><\/path><path class=\"cls-1\" d=\"M160.53,68.46s-3.62-3.02-5.07-3.6-2.35-2.12-.06-3.58,6.78-7.82,7.27-9.22,2.01-3.07,3.86-1.4c1.85,1.67,4.59,4.19,5.89,4.72,1.31,.53,4.22,3.2,1.01,4.75-3.21,1.55-4.34,5.24-5.82,7.12-1.48,1.88-3.14,3.73-4.77,3.01-1.63-.73-2.31-1.79-2.31-1.79Z\"><\/path><path class=\"cls-1\" d=\"M170.99,78.38s-1.34-2.31-3.57-4.6c-2.24-2.29,1.18-3.53,2.35-3.91s6.68-4.03,7.88-5.27,3.21-2.69,4.77-.69,4.25,5.25,5.13,6.96c.88,1.71,3,3.94-1.04,5.27-4.05,1.32-8.64,4.74-9.66,5.73s-3.07,1.5-5.86-3.5Z\"><\/path><path class=\"cls-1\" d=\"M175.81,93.19s-.21-5.35-.52-7.02c-.31-1.68,2.73-1.36,5.03-1.47s8.49-3.88,10.06-4.09,2.2,2.1,2.52,4.51,1.26,7.44,1.57,9.12-.09,2.43-3.92,2.42c-3.83,0-9.54,1.56-11.72,1.88s-2.7-.07-3.02-5.35Z\"><\/path><path class=\"cls-1\" d=\"M173.35,109.95s1.15-3.04,1.57-4.93c.42-1.89,.8-2.52,2.81-1.78,2.01,.73,9.77,1.89,11.34,1.89s3.46-.19,3.67,1.32c.21,1.51-1.99,5.18-2.2,7.8-.21,2.62,.26,8-4.17,6.52-4.43-1.49-10.56-5.05-12.21-5.47s-2.81-2.2-.82-5.35Z\"><\/path><path class=\"cls-1\" d=\"M162.08,119.61s-3.78,3.56-6.61,5.66c-2.83,2.1-4.46,2.41-4.91,3.98s2.18,1.99,5.22,2.31,6.5,1.47,7.65,2.94,3.14,3.88,4.93,4.61c1.78,.73,2.62,1.47,4.19,3.77,1.57,2.31,2.73,6.92,4.72,8.81s3.14,5.66,4.19,7.76c1.05,2.1,1.57,3.77,1.68,6.81s0,7.55-1.15,9.22-4.51,4.19-3.56,5.56,8.18-5.14,9.85-6.92c1.68-1.78,1.57-5.45,2.52-7.02s2.83-5.87,2.31-9.02-.63-8.07-.42-10.06,.73-4.19-.63-5.14c-1.36-.94-.73-4.09-.73-5.77,0-1.68-2.41-2.62-2.62-4.19s-1.15-2.73-2.73-3.25c-1.57-.52-1.99-3.04-.73-3.88,1.26-.84,.1-2.1-3.25-2.52-3.35-.42-9.22-2.41-10.9-3.14s-4.4,.21-5.66-.52-1.91-1.32-3.35,0Z\"><\/path><\/svg>\t\t\t<\/div>\n\t\t<\/div>\n\t\t\t\t\t\t<\/div>\n\t\t\t\t<\/div>\n\t\t\t\t<div class=\"elementor-element elementor-element-06b65b1 elementor-widget elementor-widget-heading\" data-id=\"06b65b1\" data-element_type=\"widget\" data-e-type=\"widget\" data-widget_type=\"heading.default\">\n\t\t\t\t<div class=\"elementor-widget-container\">\n\t\t\t\t\t<h5 class=\"elementor-heading-title elementor-size-default\">Trp\u00edte axi\u00e1ln\u00ed deviac\u00ed lokte?<\/h5>\t\t\t\t<\/div>\n\t\t\t\t<\/div>\n\t\t\t\t<div class=\"elementor-element elementor-element-11fdcb7 elementor-align-center elementor-widget elementor-widget-button\" data-id=\"11fdcb7\" data-element_type=\"widget\" data-e-type=\"widget\" data-widget_type=\"button.default\">\n\t\t\t\t<div class=\"elementor-widget-container\">\n\t\t\t\t\t\t\t\t\t<div class=\"elementor-button-wrapper\">\n\t\t\t\t\t<a class=\"elementor-button elementor-button-link elementor-size-sm\" href=\"https:\/\/www.ortho-hart.at\/kontakt\/\">\n\t\t\t\t\t\t<span class=\"elementor-button-content-wrapper\">\n\t\t\t\t\t\t\t\t\t<span class=\"elementor-button-text\">Pros\u00edm, kontaktujte m\u011b<\/span>\n\t\t\t\t\t<\/span>\n\t\t\t\t\t<\/a>\n\t\t\t\t<\/div>\n\t\t\t\t\t\t\t\t<\/div>\n\t\t\t\t<\/div>\n\t\t\t\t\t<\/div>\n\t\t<\/div>\n\t\t\t\t\t<\/div>\n\t\t<\/section>\n\t\t\t\t<section class=\"elementor-section elementor-top-section elementor-element elementor-element-625dfdd elementor-section-boxed elementor-section-height-default elementor-section-height-default\" data-id=\"625dfdd\" data-element_type=\"section\" data-e-type=\"section\">\n\t\t\t\t\t\t<div class=\"elementor-container elementor-column-gap-default\">\n\t\t\t\t\t<div class=\"elementor-column elementor-col-100 elementor-top-column elementor-element elementor-element-5de9355\" data-id=\"5de9355\" data-element_type=\"column\" data-e-type=\"column\">\n\t\t\t<div class=\"elementor-widget-wrap elementor-element-populated\">\n\t\t\t\t\t\t<div class=\"elementor-element elementor-element-b540bf1 elementor-widget elementor-widget-heading\" data-id=\"b540bf1\" data-element_type=\"widget\" data-e-type=\"widget\" data-widget_type=\"heading.default\">\n\t\t\t\t<div class=\"elementor-widget-container\">\n\t\t\t\t\t<h2 class=\"elementor-heading-title elementor-size-default\">Formy vadn\u00e9ho postaven\u00ed - cubitus varus a cubitus valgus<\/h2>\t\t\t\t<\/div>\n\t\t\t\t<\/div>\n\t\t\t\t<div class=\"elementor-element elementor-element-01969dd elementor-widget-divider--view-line elementor-widget elementor-widget-global elementor-global-4145 elementor-global-172 elementor-widget-divider\" data-id=\"01969dd\" data-element_type=\"widget\" data-e-type=\"widget\" data-widget_type=\"divider.default\">\n\t\t\t\t<div class=\"elementor-widget-container\">\n\t\t\t\t\t\t\t<div class=\"elementor-divider\">\n\t\t\t<span class=\"elementor-divider-separator\">\n\t\t\t\t\t\t<\/span>\n\t\t<\/div>\n\t\t\t\t\t\t<\/div>\n\t\t\t\t<\/div>\n\t\t\t\t<div class=\"elementor-element elementor-element-a58f8bb elementor-widget elementor-widget-text-editor\" data-id=\"a58f8bb\" data-element_type=\"widget\" data-e-type=\"widget\" data-widget_type=\"text-editor.default\">\n\t\t\t\t<div class=\"elementor-widget-container\">\n\t\t\t\t\t\t\t\t\t<p>Fyziologick\u00fd tvar lokte m\u016f\u017ee b\u00fdt ovlivn\u011bn var\u00f3zn\u00ed nebo valg\u00f3zn\u00ed odchylkou. Axi\u00e1ln\u00ed odchylku lze rozpoznat na z\u00e1klad\u011b bo\u010dn\u00edho srovn\u00e1n\u00ed. <\/p>\n\t\t\t\t\t\t\t\t<\/div>\n\t\t\t\t<\/div>\n\t\t\t\t<section class=\"elementor-section elementor-inner-section elementor-element elementor-element-c8ad05b elementor-section-boxed elementor-section-height-default elementor-section-height-default\" data-id=\"c8ad05b\" data-element_type=\"section\" data-e-type=\"section\">\n\t\t\t\t\t\t<div class=\"elementor-container elementor-column-gap-no\">\n\t\t\t\t\t<div class=\"elementor-column elementor-col-50 elementor-inner-column elementor-element elementor-element-7447e42\" data-id=\"7447e42\" data-element_type=\"column\" data-e-type=\"column\">\n\t\t\t<div class=\"elementor-widget-wrap elementor-element-populated\">\n\t\t\t\t\t\t<div class=\"elementor-element elementor-element-6834462 elementor-widget elementor-widget-heading\" data-id=\"6834462\" data-element_type=\"widget\" data-e-type=\"widget\" data-widget_type=\"heading.default\">\n\t\t\t\t<div class=\"elementor-widget-container\">\n\t\t\t\t\t<h3 class=\"elementor-heading-title elementor-size-default\">1. cubitus varus:<\/h3>\t\t\t\t<\/div>\n\t\t\t\t<\/div>\n\t\t\t\t<div class=\"elementor-element elementor-element-362d696 elementor-widget elementor-widget-text-editor\" data-id=\"362d696\" data-element_type=\"widget\" data-e-type=\"widget\" data-widget_type=\"text-editor.default\">\n\t\t\t\t<div class=\"elementor-widget-container\">\n\t\t\t\t\t\t\t\t\t<p>Jedn\u00e1 se o <b>vych\u00fdlen\u00ed osy lokte sm\u011brem dovnit\u0159<\/b>. P\u0159edlokt\u00ed je posunuto sm\u011brem ke st\u0159edu t\u011bla ve vztahu k rameni. To m\u016f\u017ee b\u00fdt \u010dasto zp\u016fsobeno zlomeninou dist\u00e1ln\u00ed kosti pa\u017en\u00ed (kosti horn\u00ed kon\u010detiny), zejm\u00e9na v oblasti tzv. medi\u00e1ln\u00edho epikondylu.  <\/p>\n\t\t\t\t\t\t\t\t<\/div>\n\t\t\t\t<\/div>\n\t\t\t\t<div class=\"elementor-element elementor-element-2f00f79 elementor-widget elementor-widget-heading\" data-id=\"2f00f79\" data-element_type=\"widget\" data-e-type=\"widget\" data-widget_type=\"heading.default\">\n\t\t\t\t<div class=\"elementor-widget-container\">\n\t\t\t\t\t<h3 class=\"elementor-heading-title elementor-size-default\">2. cubitus valgus:<\/h3>\t\t\t\t<\/div>\n\t\t\t\t<\/div>\n\t\t\t\t<div class=\"elementor-element elementor-element-2a38b0b elementor-widget elementor-widget-text-editor\" data-id=\"2a38b0b\" data-element_type=\"widget\" data-e-type=\"widget\" data-widget_type=\"text-editor.default\">\n\t\t\t\t<div class=\"elementor-widget-container\">\n\t\t\t\t\t\t\t\t\t<p>Naproti tomu cubitus valgus je <b>vych\u00fdlen\u00ed osy lokte sm\u011brem ven<\/b>. P\u0159edlokt\u00ed se odchyluje od st\u0159edu t\u011bla ve vztahu k rameni. Kubus valgus m\u016f\u017ee b\u00fdt zp\u016fsoben tak\u00e9 zlomeninami, zejm\u00e9na v oblasti later\u00e1ln\u00edho epikondylu.  <\/p>\n\t\t\t\t\t\t\t\t<\/div>\n\t\t\t\t<\/div>\n\t\t\t\t\t<\/div>\n\t\t<\/div>\n\t\t\t\t<div class=\"elementor-column elementor-col-50 elementor-inner-column elementor-element elementor-element-db773de\" data-id=\"db773de\" data-element_type=\"column\" data-e-type=\"column\">\n\t\t\t<div class=\"elementor-widget-wrap elementor-element-populated\">\n\t\t\t\t\t\t<div class=\"elementor-element elementor-element-0e8dd77 elementor-widget elementor-widget-image\" data-id=\"0e8dd77\" data-element_type=\"widget\" data-e-type=\"widget\" data-widget_type=\"image.default\">\n\t\t\t\t<div class=\"elementor-widget-container\">\n\t\t\t\t\t\t\t\t\t\t\t\t\t\t\t<img decoding=\"async\" width=\"1024\" height=\"966\" src=\"https:\/\/www.ortho-hart.at\/wp-content\/uploads\/2023\/12\/Achsenabweichung-1-1024x966.jpeg\" class=\"attachment-large size-large wp-image-4057\" alt=\"\" srcset=\"https:\/\/www.ortho-hart.at\/wp-content\/uploads\/2023\/12\/Achsenabweichung-1-1024x966.jpeg 1024w, https:\/\/www.ortho-hart.at\/wp-content\/uploads\/2023\/12\/Achsenabweichung-1-300x283.jpeg 300w, https:\/\/www.ortho-hart.at\/wp-content\/uploads\/2023\/12\/Achsenabweichung-1-768x725.jpeg 768w, https:\/\/www.ortho-hart.at\/wp-content\/uploads\/2023\/12\/Achsenabweichung-1-1536x1449.jpeg 1536w, https:\/\/www.ortho-hart.at\/wp-content\/uploads\/2023\/12\/Achsenabweichung-1-2048x1933.jpeg 2048w\" sizes=\"(max-width: 1024px) 100vw, 1024px\" \/>\t\t\t\t\t\t\t\t\t\t\t\t\t\t\t<\/div>\n\t\t\t\t<\/div>\n\t\t\t\t\t<\/div>\n\t\t<\/div>\n\t\t\t\t\t<\/div>\n\t\t<\/section>\n\t\t\t\t\t<\/div>\n\t\t<\/div>\n\t\t\t\t\t<\/div>\n\t\t<\/section>\n\t\t\t\t<section class=\"elementor-section elementor-top-section elementor-element elementor-element-e9b7270 elementor-section-boxed elementor-section-height-default elementor-section-height-default\" data-id=\"e9b7270\" data-element_type=\"section\" data-e-type=\"section\">\n\t\t\t\t\t\t<div class=\"elementor-container elementor-column-gap-default\">\n\t\t\t\t\t<div class=\"elementor-column elementor-col-100 elementor-top-column elementor-element elementor-element-4eccadf\" data-id=\"4eccadf\" data-element_type=\"column\" data-e-type=\"column\">\n\t\t\t<div class=\"elementor-widget-wrap elementor-element-populated\">\n\t\t\t\t\t\t<div class=\"elementor-element elementor-element-a0d4540 elementor-widget elementor-widget-heading\" data-id=\"a0d4540\" data-element_type=\"widget\" data-e-type=\"widget\" data-widget_type=\"heading.default\">\n\t\t\t\t<div class=\"elementor-widget-container\">\n\t\t\t\t\t<h2 class=\"elementor-heading-title elementor-size-default\">Nespr\u00e1vn\u00e9 nastaven\u00ed m\u016f\u017ee v\u00e9st k siln\u00fdm bolestem<\/h2>\t\t\t\t<\/div>\n\t\t\t\t<\/div>\n\t\t\t\t<div class=\"elementor-element elementor-element-ac6ea28 elementor-widget-divider--view-line elementor-widget elementor-widget-global elementor-global-4145 elementor-global-172 elementor-widget-divider\" data-id=\"ac6ea28\" data-element_type=\"widget\" data-e-type=\"widget\" data-widget_type=\"divider.default\">\n\t\t\t\t<div class=\"elementor-widget-container\">\n\t\t\t\t\t\t\t<div class=\"elementor-divider\">\n\t\t\t<span class=\"elementor-divider-separator\">\n\t\t\t\t\t\t<\/span>\n\t\t<\/div>\n\t\t\t\t\t\t<\/div>\n\t\t\t\t<\/div>\n\t\t\t\t<div class=\"elementor-element elementor-element-62e83ad elementor-widget elementor-widget-text-editor\" data-id=\"62e83ad\" data-element_type=\"widget\" data-e-type=\"widget\" data-widget_type=\"text-editor.default\">\n\t\t\t\t<div class=\"elementor-widget-container\">\n\t\t\t\t\t\t\t\t\t<p>Axi\u00e1ln\u00ed odchylky v oblasti lokte nejsou v\u017edy jen kosmetick\u00fdm probl\u00e9mem. Vede k p\u0159et\u011b\u017eov\u00e1n\u00ed kloubu z vnit\u0159n\u00ed strany, co\u017e zp\u016fsobuje bolest a postupn\u00fd rozvoj <a href=\"https:\/\/www.ortho-hart.at\/cs\/loketni-jamka\/osteoartroza-lokte\/\">osteoartr\u00f3zy<\/a> (opot\u0159eben\u00ed kloubu). To vede k omezen\u00ed rozsahu pohybu, a t\u00edm i ke zhor\u0161en\u00ed funkce cel\u00e9 horn\u00ed kon\u010detiny. Na vn\u011bj\u0161\u00ed stran\u011b kloubu m\u016f\u017ee doch\u00e1zet k postupn\u00e9mu natahov\u00e1n\u00ed vn\u011bj\u0161\u00edho postrann\u00edho vazu, co\u017e m\u016f\u017ee v\u00e9st k <a href=\"https:\/\/www.ortho-hart.at\/cs\/loketni-jamka\/vykloubeni-lokte-a-nestabilita-lokte\/\">nestabilit\u011b<\/a> kloubu. Postupn\u011b m\u016f\u017ee doj\u00edt tak\u00e9 k ochrnut\u00ed loketn\u00edho nervu.    <\/p>\n\t\t\t\t\t\t\t\t<\/div>\n\t\t\t\t<\/div>\n\t\t\t\t\t<\/div>\n\t\t<\/div>\n\t\t\t\t\t<\/div>\n\t\t<\/section>\n\t\t\t\t<section class=\"elementor-section elementor-top-section elementor-element elementor-element-414cad5 elementor-section-boxed elementor-section-height-default elementor-section-height-default\" data-id=\"414cad5\" data-element_type=\"section\" data-e-type=\"section\">\n\t\t\t\t\t\t<div class=\"elementor-container elementor-column-gap-default\">\n\t\t\t\t\t<div class=\"elementor-column elementor-col-100 elementor-top-column elementor-element elementor-element-099abd6\" data-id=\"099abd6\" data-element_type=\"column\" data-e-type=\"column\">\n\t\t\t<div class=\"elementor-widget-wrap elementor-element-populated\">\n\t\t\t\t\t\t<div class=\"elementor-element elementor-element-2cbf8ac elementor-hidden-desktop elementor-hidden-tablet elementor-widget elementor-widget-heading\" data-id=\"2cbf8ac\" data-element_type=\"widget\" data-e-type=\"widget\" data-widget_type=\"heading.default\">\n\t\t\t\t<div class=\"elementor-widget-container\">\n\t\t\t\t\t<h2 class=\"elementor-heading-title elementor-size-default\">Mo\u017enosti l\u00e9\u010dby osov\u00fdch odchylek<\/h2>\t\t\t\t<\/div>\n\t\t\t\t<\/div>\n\t\t\t\t<div class=\"elementor-element elementor-element-ee08622 elementor-hidden-mobile elementor-widget elementor-widget-heading\" data-id=\"ee08622\" data-element_type=\"widget\" data-e-type=\"widget\" data-widget_type=\"heading.default\">\n\t\t\t\t<div class=\"elementor-widget-container\">\n\t\t\t\t\t<h2 class=\"elementor-heading-title elementor-size-default\">Mo\u017enosti l\u00e9\u010dby osov\u00fdch odchylek<\/h2>\t\t\t\t<\/div>\n\t\t\t\t<\/div>\n\t\t\t\t<div class=\"elementor-element elementor-element-edd1b59 elementor-widget-divider--view-line elementor-widget elementor-widget-global elementor-global-4145 elementor-global-172 elementor-widget-divider\" data-id=\"edd1b59\" data-element_type=\"widget\" data-e-type=\"widget\" data-widget_type=\"divider.default\">\n\t\t\t\t<div class=\"elementor-widget-container\">\n\t\t\t\t\t\t\t<div class=\"elementor-divider\">\n\t\t\t<span class=\"elementor-divider-separator\">\n\t\t\t\t\t\t<\/span>\n\t\t<\/div>\n\t\t\t\t\t\t<\/div>\n\t\t\t\t<\/div>\n\t\t\t\t<div class=\"elementor-element elementor-element-166acd2 elementor-widget elementor-widget-text-editor\" data-id=\"166acd2\" data-element_type=\"widget\" data-e-type=\"widget\" data-widget_type=\"text-editor.default\">\n\t\t\t\t<div class=\"elementor-widget-container\">\n\t\t\t\t\t\t\t\t\t<p>Zp\u016fsob l\u00e9\u010dby cubitus valgus a cubitus varus z\u00e1vis\u00ed na r\u016fzn\u00fdch faktorech:<\/p>\n\t\t\t\t\t\t\t\t<\/div>\n\t\t\t\t<\/div>\n\t\t\t\t<div class=\"elementor-element elementor-element-d2778ea elementor-icon-list--layout-traditional elementor-list-item-link-full_width elementor-widget elementor-widget-icon-list\" data-id=\"d2778ea\" data-element_type=\"widget\" data-e-type=\"widget\" data-widget_type=\"icon-list.default\">\n\t\t\t\t<div class=\"elementor-widget-container\">\n\t\t\t\t\t\t\t<ul class=\"elementor-icon-list-items\">\n\t\t\t\t\t\t\t<li class=\"elementor-icon-list-item\">\n\t\t\t\t\t\t\t\t\t\t\t<span class=\"elementor-icon-list-icon\">\n\t\t\t\t\t\t\t<i aria-hidden=\"true\" class=\"fas fa-chevron-circle-right\"><\/i>\t\t\t\t\t\t<\/span>\n\t\t\t\t\t\t\t\t\t\t<span class=\"elementor-icon-list-text\">Z\u00e1va\u017enost deformace<\/span>\n\t\t\t\t\t\t\t\t\t<\/li>\n\t\t\t\t\t\t\t\t<li class=\"elementor-icon-list-item\">\n\t\t\t\t\t\t\t\t\t\t\t<span class=\"elementor-icon-list-icon\">\n\t\t\t\t\t\t\t<i aria-hidden=\"true\" class=\"fas fa-chevron-circle-right\"><\/i>\t\t\t\t\t\t<\/span>\n\t\t\t\t\t\t\t\t\t\t<span class=\"elementor-icon-list-text\">V\u011bk pacienta<\/span>\n\t\t\t\t\t\t\t\t\t<\/li>\n\t\t\t\t\t\t\t\t<li class=\"elementor-icon-list-item\">\n\t\t\t\t\t\t\t\t\t\t\t<span class=\"elementor-icon-list-icon\">\n\t\t\t\t\t\t\t<i aria-hidden=\"true\" class=\"fas fa-chevron-circle-right\"><\/i>\t\t\t\t\t\t<\/span>\n\t\t\t\t\t\t\t\t\t\t<span class=\"elementor-icon-list-text\">v\u0161echny existuj\u00edc\u00ed p\u0159\u00edznaky<\/span>\n\t\t\t\t\t\t\t\t\t<\/li>\n\t\t\t\t\t\t<\/ul>\n\t\t\t\t\t\t<\/div>\n\t\t\t\t<\/div>\n\t\t\t\t<div class=\"elementor-element elementor-element-05a6bb3 elementor-widget elementor-widget-text-editor\" data-id=\"05a6bb3\" data-element_type=\"widget\" data-e-type=\"widget\" data-widget_type=\"text-editor.default\">\n\t\t\t\t<div class=\"elementor-widget-container\">\n\t\t\t\t\t\t\t\t\t<p>P\u0159esn\u00e1 diagn\u00f3za je nezbytn\u00e1 pro stanoven\u00ed spr\u00e1vn\u00e9 l\u00e9ka\u0159sk\u00e9 indikace k l\u00e9\u010db\u011b probl\u00e9m\u016f s loktem.  <a href=\"https:\/\/www.ortho-hart.at\/cs\/kontaktujte-nas\/\">Kontaktujte m\u011b a domluvte si sch\u016fzku!<\/a><\/p>\n\t\t\t\t\t\t\t\t<\/div>\n\t\t\t\t<\/div>\n\t\t\t\t\t<\/div>\n\t\t<\/div>\n\t\t\t\t\t<\/div>\n\t\t<\/section>\n\t\t\t\t<section class=\"elementor-section elementor-top-section elementor-element elementor-element-089d49a elementor-section-boxed elementor-section-height-default elementor-section-height-default\" data-id=\"089d49a\" data-element_type=\"section\" data-e-type=\"section\">\n\t\t\t\t\t\t<div class=\"elementor-container elementor-column-gap-default\">\n\t\t\t\t\t<div class=\"elementor-column elementor-col-100 elementor-top-column elementor-element elementor-element-7039c4c\" data-id=\"7039c4c\" data-element_type=\"column\" data-e-type=\"column\">\n\t\t\t<div class=\"elementor-widget-wrap elementor-element-populated\">\n\t\t\t\t\t\t<section class=\"elementor-section elementor-inner-section elementor-element elementor-element-ba2dd75 elementor-section-boxed elementor-section-height-default elementor-section-height-default\" data-id=\"ba2dd75\" data-element_type=\"section\" data-e-type=\"section\">\n\t\t\t\t\t\t<div class=\"elementor-container elementor-column-gap-no\">\n\t\t\t\t\t<div class=\"elementor-column elementor-col-50 elementor-inner-column elementor-element elementor-element-57a8248\" data-id=\"57a8248\" data-element_type=\"column\" data-e-type=\"column\">\n\t\t\t<div class=\"elementor-widget-wrap elementor-element-populated\">\n\t\t\t\t\t\t<div class=\"elementor-element elementor-element-e5fe634 elementor-widget elementor-widget-heading\" data-id=\"e5fe634\" data-element_type=\"widget\" data-e-type=\"widget\" data-widget_type=\"heading.default\">\n\t\t\t\t<div class=\"elementor-widget-container\">\n\t\t\t\t\t<h2 class=\"elementor-heading-title elementor-size-default\">Terapie a cvi\u010den\u00ed<\/h2>\t\t\t\t<\/div>\n\t\t\t\t<\/div>\n\t\t\t\t<div class=\"elementor-element elementor-element-10f3c2e elementor-widget-divider--view-line elementor-widget elementor-widget-global elementor-global-4145 elementor-global-172 elementor-widget-divider\" data-id=\"10f3c2e\" data-element_type=\"widget\" data-e-type=\"widget\" data-widget_type=\"divider.default\">\n\t\t\t\t<div class=\"elementor-widget-container\">\n\t\t\t\t\t\t\t<div class=\"elementor-divider\">\n\t\t\t<span class=\"elementor-divider-separator\">\n\t\t\t\t\t\t<\/span>\n\t\t<\/div>\n\t\t\t\t\t\t<\/div>\n\t\t\t\t<\/div>\n\t\t\t\t<div class=\"elementor-element elementor-element-9c80711 elementor-widget__width-initial elementor-widget elementor-widget-text-editor\" data-id=\"9c80711\" data-element_type=\"widget\" data-e-type=\"widget\" data-widget_type=\"text-editor.default\">\n\t\t\t\t<div class=\"elementor-widget-container\">\n\t\t\t\t\t\t\t\t\t<p>U leh\u010d\u00edch forem mohou <b>fyzioterapeutick\u00e1 cvi\u010den\u00ed <\/b>a <strong>c\u00edlen\u00e9 protahovac\u00ed cviky<\/strong> pomoci zlep\u0161it pohyblivost lokte. Fyzioterapie m\u016f\u017ee tak\u00e9 pomoci pos\u00edlit svaly a podpo\u0159it funkci lokte. <\/p>\n\t\t\t\t\t\t\t\t<\/div>\n\t\t\t\t<\/div>\n\t\t\t\t\t<\/div>\n\t\t<\/div>\n\t\t\t\t<div class=\"elementor-column elementor-col-50 elementor-inner-column elementor-element elementor-element-62441f4\" data-id=\"62441f4\" data-element_type=\"column\" data-e-type=\"column\">\n\t\t\t<div class=\"elementor-widget-wrap elementor-element-populated\">\n\t\t\t\t\t\t<div class=\"elementor-element elementor-element-052758f elementor-widget elementor-widget-image\" data-id=\"052758f\" data-element_type=\"widget\" data-e-type=\"widget\" data-widget_type=\"image.default\">\n\t\t\t\t<div class=\"elementor-widget-container\">\n\t\t\t\t\t\t\t\t\t\t\t\t\t\t\t<img decoding=\"async\" width=\"1024\" height=\"576\" src=\"https:\/\/www.ortho-hart.at\/wp-content\/uploads\/2023\/08\/Tennisellenbogen-5-1024x576.jpeg\" class=\"attachment-large size-large wp-image-4058\" alt=\"\" srcset=\"https:\/\/www.ortho-hart.at\/wp-content\/uploads\/2023\/08\/Tennisellenbogen-5-1024x576.jpeg 1024w, https:\/\/www.ortho-hart.at\/wp-content\/uploads\/2023\/08\/Tennisellenbogen-5-300x169.jpeg 300w, https:\/\/www.ortho-hart.at\/wp-content\/uploads\/2023\/08\/Tennisellenbogen-5-768x432.jpeg 768w, https:\/\/www.ortho-hart.at\/wp-content\/uploads\/2023\/08\/Tennisellenbogen-5-1536x864.jpeg 1536w, https:\/\/www.ortho-hart.at\/wp-content\/uploads\/2023\/08\/Tennisellenbogen-5-2048x1152.jpeg 2048w\" sizes=\"(max-width: 1024px) 100vw, 1024px\" \/>\t\t\t\t\t\t\t\t\t\t\t\t\t\t\t<\/div>\n\t\t\t\t<\/div>\n\t\t\t\t\t<\/div>\n\t\t<\/div>\n\t\t\t\t\t<\/div>\n\t\t<\/section>\n\t\t\t\t\t<\/div>\n\t\t<\/div>\n\t\t\t\t\t<\/div>\n\t\t<\/section>\n\t\t\t\t<section class=\"elementor-section elementor-top-section elementor-element elementor-element-7cd0196 elementor-section-boxed elementor-section-height-default elementor-section-height-default\" data-id=\"7cd0196\" data-element_type=\"section\" data-e-type=\"section\">\n\t\t\t\t\t\t<div class=\"elementor-container elementor-column-gap-default\">\n\t\t\t\t\t<div class=\"elementor-column elementor-col-100 elementor-top-column elementor-element elementor-element-15ada9c\" data-id=\"15ada9c\" data-element_type=\"column\" data-e-type=\"column\">\n\t\t\t<div class=\"elementor-widget-wrap elementor-element-populated\">\n\t\t\t\t\t\t<div class=\"elementor-element elementor-element-e5f0d5b elementor-widget elementor-widget-heading\" data-id=\"e5f0d5b\" data-element_type=\"widget\" data-e-type=\"widget\" data-widget_type=\"heading.default\">\n\t\t\t\t<div class=\"elementor-widget-container\">\n\t\t\t\t\t<h2 class=\"elementor-heading-title elementor-size-default\">Chirurgick\u00e1 korekce deviace lokte<\/h2>\t\t\t\t<\/div>\n\t\t\t\t<\/div>\n\t\t\t\t<div class=\"elementor-element elementor-element-480d581 elementor-widget-divider--view-line elementor-widget elementor-widget-global elementor-global-4145 elementor-global-172 elementor-widget-divider\" data-id=\"480d581\" data-element_type=\"widget\" data-e-type=\"widget\" data-widget_type=\"divider.default\">\n\t\t\t\t<div class=\"elementor-widget-container\">\n\t\t\t\t\t\t\t<div class=\"elementor-divider\">\n\t\t\t<span class=\"elementor-divider-separator\">\n\t\t\t\t\t\t<\/span>\n\t\t<\/div>\n\t\t\t\t\t\t<\/div>\n\t\t\t\t<\/div>\n\t\t\t\t<div class=\"elementor-element elementor-element-adb3492 elementor-widget elementor-widget-text-editor\" data-id=\"adb3492\" data-element_type=\"widget\" data-e-type=\"widget\" data-widget_type=\"text-editor.default\">\n\t\t\t\t<div class=\"elementor-widget-container\">\n\t\t\t\t\t\t\t\t\t<p>Pokud je bolest velmi siln\u00e1 nebo axi\u00e1ln\u00ed deviace vede k omezen\u00edm, je jedin\u00fdm \u0159e\u0161en\u00edm takov\u00e9 \u0161patn\u011b zhojen\u00e9 zlomeniny operace. <b>Korek\u010dn\u00ed osteotomie<\/b> je chirurgick\u00fd z\u00e1krok, p\u0159i kter\u00e9m se znovu srovnaj\u00ed kosti, aby se napravila deformace v lokti. <\/p>\n<p>Korekce v <b>d\u011btstv\u00ed <\/b>nebo <b>po z\u00e1stav\u011b r\u016fstu<\/b> je mo\u017en\u00e1. Korekce u d\u011bt\u00ed jsou pro chirurga obecn\u011b snaz\u0161\u00ed ne\u017e operace u dosp\u011bl\u00e9ho pacienta. Pr\u016fm\u011brn\u00fd v\u011bk poran\u011bn\u00ed je 5-6 let, pr\u016fm\u011brn\u00fd v\u011bk korekce u d\u011bt\u00ed je 10 let.    <\/p>\n<p>Existuje \u0159ada mo\u017enost\u00ed chirurgick\u00e9 korekce t\u00e9to deformity. Ty jsou zcela odli\u0161n\u00e9 pro d\u011bti a dosp\u011bl\u00e9. Hlavn\u00edm rozd\u00edlem je nejen rychlost hojen\u00ed (u d\u011bt\u00ed je rychlej\u0161\u00ed), ale d\u011bti maj\u00ed tak\u00e9 <b>pevn\u011bj\u0161\u00ed okostici<\/b>. To usnad\u0148uje obnoven\u00ed rozsahu pohybu fixovan\u00e9ho loketn\u00edho kloubu po operaci. Opera\u010dn\u00ed p\u0159\u00edstup je u d\u011bt\u00ed men\u0161\u00ed, a proto m\u00e9n\u011b invazivn\u00ed. Vnit\u0159n\u00ed fixace kosti po korekci je u d\u011bt\u00ed tak\u00e9 v\u00fdrazn\u011b m\u00e9n\u011b n\u00e1ro\u010dn\u00e1.     <\/p>\n<p>P\u0159i operaci se v\u017edy sna\u017e\u00edm korigovat nejen zjevnou axi\u00e1ln\u00ed odchylku p\u0159edlokt\u00ed dovnit\u0159, ale tak\u00e9 odchylku ve zb\u00fdvaj\u00edc\u00edch dvou rovin\u00e1ch (odchylka dozadu a rota\u010dn\u00ed odchylka). To vy\u017eaduje nejen nezbytn\u00e1 <b>zobrazovac\u00ed vy\u0161et\u0159en\u00ed,<\/b> ale tak\u00e9 n\u00e1sledn\u00e9 velmi <b>pe\u010dliv\u00e9 napl\u00e1nov\u00e1n\u00ed operace<\/b>. Samotn\u00e1 operace nen\u00ed jednoduch\u00e1 a m\u011bl by ji prov\u00e1d\u011bt <a href=\"https:\/\/www.ortho-hart.at\/cs\/loketni-jamka\/\"><b>zku\u0161en\u00fd odborn\u00edk<\/b><\/a>. Po spr\u00e1vn\u011b proveden\u00e9 operaci za\u010d\u00edn\u00e1 pacient od druh\u00e9ho poopera\u010dn\u00edho dne s <b>aktivn\u00edm rehabilita\u010dn\u00edm cvi\u010den\u00edm<\/b>, aby nebyl omezen rozsah pohybu. Operoval jsem ji\u017e des\u00edtky pacient\u016f a v\u011bt\u0161inou jsou velmi spokojeni.    <\/p>\n\t\t\t\t\t\t\t\t<\/div>\n\t\t\t\t<\/div>\n\t\t\t\t\t<\/div>\n\t\t<\/div>\n\t\t\t\t\t<\/div>\n\t\t<\/section>\n\t\t\t\t<\/div>\n\t\t","protected":false},"excerpt":{"rendered":"<p>Odchylky osy lokte &#8211; cubitus varus a cubitus valgus Odchylky osy lokte &#8211; cubitus varus a cubitus valgus Axi\u00e1ln\u00ed odchylka lokte Ke zm\u011bn\u00e1m polohy (axi\u00e1ln\u00ed deviace) v loketn\u00edm kloubu doch\u00e1z\u00ed pom\u011brn\u011b \u010dasto. Obvykle se jedn\u00e1 o stav po \u00farazech v d\u011btstv\u00ed. Nej\u010dast\u011bj\u0161\u00ed odchylka osy kloubu je sm\u011brem dovnit\u0159, var\u00f3zn\u00ed, co\u017e znamen\u00e1 zm\u011bnu sm\u011brem ke st\u0159edu&hellip;&nbsp;<\/p>\n","protected":false},"author":2,"featured_media":0,"parent":4214,"menu_order":0,"comment_status":"closed","ping_status":"closed","template":"page-templates\/template-pagebuilder-full-width.php","meta":{"neve_meta_sidebar":"","neve_meta_container":"","neve_meta_enable_content_width":"","neve_meta_content_width":0,"neve_meta_title_alignment":"","neve_meta_author_avatar":"","neve_post_elements_order":"","neve_meta_disable_header":"","neve_meta_disable_footer":"","neve_meta_disable_title":"","neve_meta_reading_time":"","footnotes":""},"class_list":["post-4054","page","type-page","status-publish","hentry"],"yoast_head":"<!-- This site is optimized with the Yoast SEO plugin v27.5 - https:\/\/yoast.com\/product\/yoast-seo-wordpress\/ -->\n<title>- Specialista na lokty V\u00edde\u0148 Ellenbogenspezialist Wien - Dr. Radek Hart<\/title>\n<meta name=\"description\" content=\"Tenisov\u00fd loket (neboli tenisov\u00fd loket) je b\u011b\u017en\u00e9 onemocn\u011bn\u00ed, kter\u00e9 je spojeno se silnou bolest\u00ed. Dr. Hart je v\u00e1\u0161 kontakt!\" \/>\n<meta name=\"robots\" content=\"index, follow, max-snippet:-1, max-image-preview:large, max-video-preview:-1\" \/>\n<link rel=\"canonical\" href=\"https:\/\/www.ortho-hart.at\/cs\/loketni-jamka\/odchylky-os\/\" \/>\n<meta property=\"og:locale\" content=\"cs_CZ\" \/>\n<meta property=\"og:type\" content=\"article\" \/>\n<meta property=\"og:title\" content=\"- Specialista na lokty V\u00edde\u0148 Ellenbogenspezialist Wien - Dr. Radek Hart\" \/>\n<meta property=\"og:description\" content=\"Tenisov\u00fd loket (neboli tenisov\u00fd loket) je b\u011b\u017en\u00e9 onemocn\u011bn\u00ed, kter\u00e9 je spojeno se silnou bolest\u00ed. Dr. Hart je v\u00e1\u0161 kontakt!\" \/>\n<meta property=\"og:url\" content=\"https:\/\/www.ortho-hart.at\/cs\/loketni-jamka\/odchylky-os\/\" \/>\n<meta property=\"og:site_name\" content=\"Ellenbogenspezialist Wien - Dr. Radek Hart\" \/>\n<meta property=\"article:modified_time\" content=\"2025-03-26T09:44:33+00:00\" \/>\n<meta property=\"og:image\" content=\"https:\/\/www.ortho-hart.at\/wp-content\/uploads\/2023\/12\/Achsenabweichung-2-scaled.jpg\" \/>\n\t<meta property=\"og:image:width\" content=\"2560\" \/>\n\t<meta property=\"og:image:height\" content=\"1707\" \/>\n\t<meta property=\"og:image:type\" content=\"image\/jpeg\" \/>\n<meta name=\"twitter:card\" content=\"summary_large_image\" \/>\n<meta name=\"twitter:label1\" content=\"Odhadovan\u00e1 doba \u010dten\u00ed\" \/>\n\t<meta name=\"twitter:data1\" content=\"4 minuty\" \/>\n<script type=\"application\/ld+json\" class=\"yoast-schema-graph\">{\"@context\":\"https:\\\/\\\/schema.org\",\"@graph\":[{\"@type\":\"WebPage\",\"@id\":\"https:\\\/\\\/www.ortho-hart.at\\\/cs\\\/loketni-jamka\\\/odchylky-os\\\/\",\"url\":\"https:\\\/\\\/www.ortho-hart.at\\\/cs\\\/loketni-jamka\\\/odchylky-os\\\/\",\"name\":\"- Specialista na lokty V\u00edde\u0148 Ellenbogenspezialist Wien - Dr. Radek Hart\",\"isPartOf\":{\"@id\":\"https:\\\/\\\/www.ortho-hart.at\\\/cs\\\/#website\"},\"primaryImageOfPage\":{\"@id\":\"https:\\\/\\\/www.ortho-hart.at\\\/cs\\\/loketni-jamka\\\/odchylky-os\\\/#primaryimage\"},\"image\":{\"@id\":\"https:\\\/\\\/www.ortho-hart.at\\\/cs\\\/loketni-jamka\\\/odchylky-os\\\/#primaryimage\"},\"thumbnailUrl\":\"https:\\\/\\\/www.ortho-hart.at\\\/wp-content\\\/uploads\\\/2023\\\/12\\\/Achsenabweichung-2-scaled.jpg\",\"datePublished\":\"2023-12-05T08:00:19+00:00\",\"dateModified\":\"2025-03-26T09:44:33+00:00\",\"description\":\"Tenisov\u00fd loket (neboli tenisov\u00fd loket) je b\u011b\u017en\u00e9 onemocn\u011bn\u00ed, kter\u00e9 je spojeno se silnou bolest\u00ed. Dr. Hart je v\u00e1\u0161 kontakt!\",\"breadcrumb\":{\"@id\":\"https:\\\/\\\/www.ortho-hart.at\\\/cs\\\/loketni-jamka\\\/odchylky-os\\\/#breadcrumb\"},\"inLanguage\":\"cs\",\"potentialAction\":[{\"@type\":\"ReadAction\",\"target\":[\"https:\\\/\\\/www.ortho-hart.at\\\/cs\\\/loketni-jamka\\\/odchylky-os\\\/\"]}]},{\"@type\":\"ImageObject\",\"inLanguage\":\"cs\",\"@id\":\"https:\\\/\\\/www.ortho-hart.at\\\/cs\\\/loketni-jamka\\\/odchylky-os\\\/#primaryimage\",\"url\":\"https:\\\/\\\/www.ortho-hart.at\\\/wp-content\\\/uploads\\\/2023\\\/12\\\/Achsenabweichung-2-scaled.jpg\",\"contentUrl\":\"https:\\\/\\\/www.ortho-hart.at\\\/wp-content\\\/uploads\\\/2023\\\/12\\\/Achsenabweichung-2-scaled.jpg\"},{\"@type\":\"BreadcrumbList\",\"@id\":\"https:\\\/\\\/www.ortho-hart.at\\\/cs\\\/loketni-jamka\\\/odchylky-os\\\/#breadcrumb\",\"itemListElement\":[{\"@type\":\"ListItem\",\"position\":1,\"name\":\"Startseite\",\"item\":\"https:\\\/\\\/www.ortho-hart.at\\\/cs\\\/domovska-stranka\\\/\"},{\"@type\":\"ListItem\",\"position\":2,\"name\":\"Loketn\u00ed jamka\",\"item\":\"https:\\\/\\\/www.ortho-hart.at\\\/cs\\\/loketni-jamka\\\/\"},{\"@type\":\"ListItem\",\"position\":3,\"name\":\"Odchylky os\"}]},{\"@type\":\"WebSite\",\"@id\":\"https:\\\/\\\/www.ortho-hart.at\\\/cs\\\/#website\",\"url\":\"https:\\\/\\\/www.ortho-hart.at\\\/cs\\\/\",\"name\":\"Ellenbogenspezialist Wien - Dr. Radek Hart\",\"description\":\"Orthop\u00e4de 1190 Wien - Spezialist f\u00fcr Ellenbogen\",\"publisher\":{\"@id\":\"https:\\\/\\\/www.ortho-hart.at\\\/cs\\\/#organization\"},\"potentialAction\":[{\"@type\":\"SearchAction\",\"target\":{\"@type\":\"EntryPoint\",\"urlTemplate\":\"https:\\\/\\\/www.ortho-hart.at\\\/cs\\\/?s={search_term_string}\"},\"query-input\":{\"@type\":\"PropertyValueSpecification\",\"valueRequired\":true,\"valueName\":\"search_term_string\"}}],\"inLanguage\":\"cs\"},{\"@type\":\"Organization\",\"@id\":\"https:\\\/\\\/www.ortho-hart.at\\\/cs\\\/#organization\",\"name\":\"Ellenbogenspezialist Wien - Dr. Radek Hart\",\"url\":\"https:\\\/\\\/www.ortho-hart.at\\\/cs\\\/\",\"logo\":{\"@type\":\"ImageObject\",\"inLanguage\":\"cs\",\"@id\":\"https:\\\/\\\/www.ortho-hart.at\\\/cs\\\/#\\\/schema\\\/logo\\\/image\\\/\",\"url\":\"https:\\\/\\\/www.ortho-hart.at\\\/wp-content\\\/uploads\\\/2023\\\/04\\\/Logo-Favicon-schwarz.svg\",\"contentUrl\":\"https:\\\/\\\/www.ortho-hart.at\\\/wp-content\\\/uploads\\\/2023\\\/04\\\/Logo-Favicon-schwarz.svg\",\"width\":241,\"height\":226,\"caption\":\"Ellenbogenspezialist Wien - Dr. Radek Hart\"},\"image\":{\"@id\":\"https:\\\/\\\/www.ortho-hart.at\\\/cs\\\/#\\\/schema\\\/logo\\\/image\\\/\"}}]}<\/script>\n<!-- \/ Yoast SEO plugin. -->","yoast_head_json":{"title":"- Specialista na lokty V\u00edde\u0148 Ellenbogenspezialist Wien - Dr. Radek Hart","description":"Tenisov\u00fd loket (neboli tenisov\u00fd loket) je b\u011b\u017en\u00e9 onemocn\u011bn\u00ed, kter\u00e9 je spojeno se silnou bolest\u00ed. Dr. Hart je v\u00e1\u0161 kontakt!","robots":{"index":"index","follow":"follow","max-snippet":"max-snippet:-1","max-image-preview":"max-image-preview:large","max-video-preview":"max-video-preview:-1"},"canonical":"https:\/\/www.ortho-hart.at\/cs\/loketni-jamka\/odchylky-os\/","og_locale":"cs_CZ","og_type":"article","og_title":"- Specialista na lokty V\u00edde\u0148 Ellenbogenspezialist Wien - Dr. Radek Hart","og_description":"Tenisov\u00fd loket (neboli tenisov\u00fd loket) je b\u011b\u017en\u00e9 onemocn\u011bn\u00ed, kter\u00e9 je spojeno se silnou bolest\u00ed. Dr. Hart je v\u00e1\u0161 kontakt!","og_url":"https:\/\/www.ortho-hart.at\/cs\/loketni-jamka\/odchylky-os\/","og_site_name":"Ellenbogenspezialist Wien - Dr. Radek Hart","article_modified_time":"2025-03-26T09:44:33+00:00","og_image":[{"width":2560,"height":1707,"url":"https:\/\/www.ortho-hart.at\/wp-content\/uploads\/2023\/12\/Achsenabweichung-2-scaled.jpg","type":"image\/jpeg"}],"twitter_card":"summary_large_image","twitter_misc":{"Odhadovan\u00e1 doba \u010dten\u00ed":"4 minuty"},"schema":{"@context":"https:\/\/schema.org","@graph":[{"@type":"WebPage","@id":"https:\/\/www.ortho-hart.at\/cs\/loketni-jamka\/odchylky-os\/","url":"https:\/\/www.ortho-hart.at\/cs\/loketni-jamka\/odchylky-os\/","name":"- Specialista na lokty V\u00edde\u0148 Ellenbogenspezialist Wien - Dr. Radek Hart","isPartOf":{"@id":"https:\/\/www.ortho-hart.at\/cs\/#website"},"primaryImageOfPage":{"@id":"https:\/\/www.ortho-hart.at\/cs\/loketni-jamka\/odchylky-os\/#primaryimage"},"image":{"@id":"https:\/\/www.ortho-hart.at\/cs\/loketni-jamka\/odchylky-os\/#primaryimage"},"thumbnailUrl":"https:\/\/www.ortho-hart.at\/wp-content\/uploads\/2023\/12\/Achsenabweichung-2-scaled.jpg","datePublished":"2023-12-05T08:00:19+00:00","dateModified":"2025-03-26T09:44:33+00:00","description":"Tenisov\u00fd loket (neboli tenisov\u00fd loket) je b\u011b\u017en\u00e9 onemocn\u011bn\u00ed, kter\u00e9 je spojeno se silnou bolest\u00ed. Dr. Hart je v\u00e1\u0161 kontakt!","breadcrumb":{"@id":"https:\/\/www.ortho-hart.at\/cs\/loketni-jamka\/odchylky-os\/#breadcrumb"},"inLanguage":"cs","potentialAction":[{"@type":"ReadAction","target":["https:\/\/www.ortho-hart.at\/cs\/loketni-jamka\/odchylky-os\/"]}]},{"@type":"ImageObject","inLanguage":"cs","@id":"https:\/\/www.ortho-hart.at\/cs\/loketni-jamka\/odchylky-os\/#primaryimage","url":"https:\/\/www.ortho-hart.at\/wp-content\/uploads\/2023\/12\/Achsenabweichung-2-scaled.jpg","contentUrl":"https:\/\/www.ortho-hart.at\/wp-content\/uploads\/2023\/12\/Achsenabweichung-2-scaled.jpg"},{"@type":"BreadcrumbList","@id":"https:\/\/www.ortho-hart.at\/cs\/loketni-jamka\/odchylky-os\/#breadcrumb","itemListElement":[{"@type":"ListItem","position":1,"name":"Startseite","item":"https:\/\/www.ortho-hart.at\/cs\/domovska-stranka\/"},{"@type":"ListItem","position":2,"name":"Loketn\u00ed jamka","item":"https:\/\/www.ortho-hart.at\/cs\/loketni-jamka\/"},{"@type":"ListItem","position":3,"name":"Odchylky os"}]},{"@type":"WebSite","@id":"https:\/\/www.ortho-hart.at\/cs\/#website","url":"https:\/\/www.ortho-hart.at\/cs\/","name":"Ellenbogenspezialist Wien - Dr. Radek Hart","description":"Orthop\u00e4de 1190 Wien - Spezialist f\u00fcr Ellenbogen","publisher":{"@id":"https:\/\/www.ortho-hart.at\/cs\/#organization"},"potentialAction":[{"@type":"SearchAction","target":{"@type":"EntryPoint","urlTemplate":"https:\/\/www.ortho-hart.at\/cs\/?s={search_term_string}"},"query-input":{"@type":"PropertyValueSpecification","valueRequired":true,"valueName":"search_term_string"}}],"inLanguage":"cs"},{"@type":"Organization","@id":"https:\/\/www.ortho-hart.at\/cs\/#organization","name":"Ellenbogenspezialist Wien - Dr. Radek Hart","url":"https:\/\/www.ortho-hart.at\/cs\/","logo":{"@type":"ImageObject","inLanguage":"cs","@id":"https:\/\/www.ortho-hart.at\/cs\/#\/schema\/logo\/image\/","url":"https:\/\/www.ortho-hart.at\/wp-content\/uploads\/2023\/04\/Logo-Favicon-schwarz.svg","contentUrl":"https:\/\/www.ortho-hart.at\/wp-content\/uploads\/2023\/04\/Logo-Favicon-schwarz.svg","width":241,"height":226,"caption":"Ellenbogenspezialist Wien - Dr. Radek Hart"},"image":{"@id":"https:\/\/www.ortho-hart.at\/cs\/#\/schema\/logo\/image\/"}}]}},"_links":{"self":[{"href":"https:\/\/www.ortho-hart.at\/cs\/wp-json\/wp\/v2\/pages\/4054","targetHints":{"allow":["GET"]}}],"collection":[{"href":"https:\/\/www.ortho-hart.at\/cs\/wp-json\/wp\/v2\/pages"}],"about":[{"href":"https:\/\/www.ortho-hart.at\/cs\/wp-json\/wp\/v2\/types\/page"}],"author":[{"embeddable":true,"href":"https:\/\/www.ortho-hart.at\/cs\/wp-json\/wp\/v2\/users\/2"}],"replies":[{"embeddable":true,"href":"https:\/\/www.ortho-hart.at\/cs\/wp-json\/wp\/v2\/comments?post=4054"}],"version-history":[{"count":0,"href":"https:\/\/www.ortho-hart.at\/cs\/wp-json\/wp\/v2\/pages\/4054\/revisions"}],"up":[{"embeddable":true,"href":"https:\/\/www.ortho-hart.at\/cs\/wp-json\/wp\/v2\/pages\/4214"}],"wp:attachment":[{"href":"https:\/\/www.ortho-hart.at\/cs\/wp-json\/wp\/v2\/media?parent=4054"}],"curies":[{"name":"wp","href":"https:\/\/api.w.org\/{rel}","templated":true}]}}