{"id":3940,"date":"2024-03-14T09:32:05","date_gmt":"2024-03-14T08:32:05","guid":{"rendered":"https:\/\/www.ortho-hart.at\/odkazy\/"},"modified":"2024-10-31T09:48:12","modified_gmt":"2024-10-31T08:48:12","slug":"odkazy","status":"publish","type":"page","link":"https:\/\/www.ortho-hart.at\/cs\/odkazy\/","title":{"rendered":"Odkazy"},"content":{"rendered":"\t\t<div data-elementor-type=\"wp-page\" data-elementor-id=\"3940\" class=\"elementor elementor-3940 elementor-2886\" data-elementor-post-type=\"page\">\n\t\t\t\t\t\t<section class=\"elementor-section elementor-top-section elementor-element elementor-element-8928ba1 elementor-section-boxed elementor-section-height-default elementor-section-height-default\" data-id=\"8928ba1\" data-element_type=\"section\" data-e-type=\"section\">\n\t\t\t\t\t\t<div class=\"elementor-container elementor-column-gap-default\">\n\t\t\t\t\t<div class=\"elementor-column elementor-col-100 elementor-top-column elementor-element elementor-element-bda8396\" data-id=\"bda8396\" data-element_type=\"column\" data-e-type=\"column\">\n\t\t\t<div class=\"elementor-widget-wrap elementor-element-populated\">\n\t\t\t\t\t\t<div class=\"elementor-element elementor-element-9460034 elementor-widget elementor-widget-heading\" data-id=\"9460034\" data-element_type=\"widget\" data-e-type=\"widget\" data-widget_type=\"heading.default\">\n\t\t\t\t<div class=\"elementor-widget-container\">\n\t\t\t\t\t<h2 class=\"elementor-heading-title elementor-size-default\">Odkazy<\/h2>\t\t\t\t<\/div>\n\t\t\t\t<\/div>\n\t\t\t\t<div class=\"elementor-element elementor-element-86286f5 elementor-widget-divider--view-line elementor-widget elementor-widget-divider\" data-id=\"86286f5\" data-element_type=\"widget\" data-e-type=\"widget\" data-widget_type=\"divider.default\">\n\t\t\t\t<div class=\"elementor-widget-container\">\n\t\t\t\t\t\t\t<div class=\"elementor-divider\">\n\t\t\t<span class=\"elementor-divider-separator\">\n\t\t\t\t\t\t<\/span>\n\t\t<\/div>\n\t\t\t\t\t\t<\/div>\n\t\t\t\t<\/div>\n\t\t\t\t<div class=\"elementor-element elementor-element-01455ad elementor-widget elementor-widget-heading\" data-id=\"01455ad\" data-element_type=\"widget\" data-e-type=\"widget\" data-widget_type=\"heading.default\">\n\t\t\t\t<div class=\"elementor-widget-container\">\n\t\t\t\t\t<h3 class=\"elementor-heading-title elementor-size-default\">Co o mn\u011b \u0159\u00edkaj\u00ed moji p\u0159edchoz\u00ed pacienti<\/h3>\t\t\t\t<\/div>\n\t\t\t\t<\/div>\n\t\t\t\t<div class=\"elementor-element elementor-element-950ed25 elementor-widget elementor-widget-text-editor\" data-id=\"950ed25\" data-element_type=\"widget\" data-e-type=\"widget\" data-widget_type=\"text-editor.default\">\n\t\t\t\t<div class=\"elementor-widget-container\">\n\t\t\t\t\t\t\t\t\t<p>Spokojenost a pohoda m\u00fdch pacient\u016f je pro m\u011b nejvy\u0161\u0161\u00ed prioritou. Je mi ct\u00ed, \u017ee se mnoz\u00ed z v\u00e1s cht\u011bj\u00ed pod\u011blit o sv\u00e9 pozitivn\u00ed zku\u0161enosti s mou prax\u00ed. P\u0159e\u010dt\u011bte si n\u011bkter\u00e1 slova uzn\u00e1n\u00ed, kter\u00e1 zde zanechali b\u00fdval\u00ed pacienti, a p\u0159esv\u011bd\u010dte se sami o kvalit\u011b a p\u00e9\u010di, kterou vkl\u00e1d\u00e1m do ka\u017ed\u00e9ho o\u0161et\u0159en\u00ed.  <\/p>\n\t\t\t\t\t\t\t\t<\/div>\n\t\t\t\t<\/div>\n\t\t\t\t\t<\/div>\n\t\t<\/div>\n\t\t\t\t\t<\/div>\n\t\t<\/section>\n\t\t\t\t<section class=\"elementor-section elementor-top-section elementor-element elementor-element-548056b elementor-section-boxed elementor-section-height-default elementor-section-height-default elementor-invisible\" data-id=\"548056b\" data-element_type=\"section\" data-e-type=\"section\" data-settings=\"{&quot;background_background&quot;:&quot;classic&quot;,&quot;animation&quot;:&quot;fadeInLeft&quot;}\">\n\t\t\t\t\t\t<div class=\"elementor-container elementor-column-gap-default\">\n\t\t\t\t\t<div class=\"elementor-column elementor-col-100 elementor-top-column elementor-element elementor-element-89c570a\" data-id=\"89c570a\" data-element_type=\"column\" data-e-type=\"column\">\n\t\t\t<div class=\"elementor-widget-wrap elementor-element-populated\">\n\t\t\t\t\t\t<div class=\"elementor-element elementor-element-5a16b70 elementor-view-default elementor-widget elementor-widget-icon\" data-id=\"5a16b70\" data-element_type=\"widget\" data-e-type=\"widget\" data-widget_type=\"icon.default\">\n\t\t\t\t<div class=\"elementor-widget-container\">\n\t\t\t\t\t\t\t<div class=\"elementor-icon-wrapper\">\n\t\t\t<div class=\"elementor-icon\">\n\t\t\t<i aria-hidden=\"true\" class=\"fas fa-quote-left\"><\/i>\t\t\t<\/div>\n\t\t<\/div>\n\t\t\t\t\t\t<\/div>\n\t\t\t\t<\/div>\n\t\t\t\t<div class=\"elementor-element elementor-element-6b85467 elementor-widget elementor-widget-image\" data-id=\"6b85467\" data-element_type=\"widget\" data-e-type=\"widget\" data-widget_type=\"image.default\">\n\t\t\t\t<div class=\"elementor-widget-container\">\n\t\t\t\t\t\t\t\t\t\t\t\t\t\t\t<img decoding=\"async\" width=\"388\" height=\"76\" src=\"https:\/\/www.ortho-hart.at\/wp-content\/uploads\/2024\/03\/Sterne-Bewertung-NOMI.svg\" class=\"attachment-large size-large wp-image-3942\" alt=\"\" \/>\t\t\t\t\t\t\t\t\t\t\t\t\t\t\t<\/div>\n\t\t\t\t<\/div>\n\t\t\t\t<div class=\"elementor-element elementor-element-89555ea elementor-widget elementor-widget-testimonial\" data-id=\"89555ea\" data-element_type=\"widget\" data-e-type=\"widget\" data-widget_type=\"testimonial.default\">\n\t\t\t\t<div class=\"elementor-widget-container\">\n\t\t\t\t\t\t\t<div class=\"elementor-testimonial-wrapper\">\n\t\t\t\t\t\t\t<div class=\"elementor-testimonial-content\"><p>P\u0159ed lety jsem spadl ze stromu a byl jsem n\u011bkolik t\u00fddn\u016f v k\u00f3matu. Jsem prav\u00e1k a m\u016fj prav\u00fd loket byl tehdy zcela ztuhl\u00fd v prav\u00e9m \u00fahlu. Kdy\u017e m\u011b propustili z nemocnice, uv\u011bdomil jsem si, \u017ee u\u017e nemohu d\u011blat b\u011b\u017en\u00e9 v\u011bci, jako je j\u00eddlo nebo myt\u00ed. P\u0159i hled\u00e1n\u00ed pomoci jsem narazil na profesora Harta, kter\u00fd se jako jedin\u00fd odv\u00e1\u017eil prov\u00e9st n\u00e1ro\u010dnou operaci. S pomoc\u00ed fixat\u00e9ra se mu poda\u0159ilo obnovit m\u016fj kloub pomoc\u00ed zevn\u00edho fix\u00e1toru. Dnes mohu d\u011blat v\u0161echny b\u011b\u017en\u00e9 v\u011bci jako ostatn\u00ed zdrav\u00ed lid\u00e9 bez v\u011bt\u0161\u00edch bolest\u00ed a p\u0159edev\u0161\u00edm se o sebe mohu starat.       <\/p>\n<\/div>\n\t\t\t\n\t\t\t\t\t\t<div class=\"elementor-testimonial-meta elementor-has-image elementor-testimonial-image-position-aside\">\n\t\t\t\t<div class=\"elementor-testimonial-meta-inner\">\n\t\t\t\t\t\t\t\t\t\t\t<div class=\"elementor-testimonial-image\">\n\t\t\t\t\t\t\t<img fetchpriority=\"high\" decoding=\"async\" width=\"241\" height=\"226\" src=\"https:\/\/www.ortho-hart.at\/wp-content\/uploads\/2023\/04\/Logo-Favicon-schwarz.svg\" class=\"attachment-full size-full wp-image-60\" alt=\"\" \/>\t\t\t\t\t\t<\/div>\n\t\t\t\t\t\n\t\t\t\t\t\t\t\t\t\t<div class=\"elementor-testimonial-details\">\n\t\t\t\t\t\t\t\t\t\t\t\t\t\t<div class=\"elementor-testimonial-name\">Roman Lang<\/div>\n\t\t\t\t\t\t\t\t\t\t\t\t\t\t\t\t\t\t\t\t\t\t<div class=\"elementor-testimonial-job\">minul\u00fd pacient<\/div>\n\t\t\t\t\t\t\t\t\t\t\t\t\t<\/div>\n\t\t\t\t\t\t\t\t\t<\/div>\n\t\t\t<\/div>\n\t\t\t\t\t<\/div>\n\t\t\t\t\t\t<\/div>\n\t\t\t\t<\/div>\n\t\t\t\t\t<\/div>\n\t\t<\/div>\n\t\t\t\t\t<\/div>\n\t\t<\/section>\n\t\t\t\t<section class=\"elementor-section elementor-top-section elementor-element elementor-element-80c102f elementor-section-boxed elementor-section-height-default elementor-section-height-default elementor-invisible\" data-id=\"80c102f\" data-element_type=\"section\" data-e-type=\"section\" data-settings=\"{&quot;background_background&quot;:&quot;classic&quot;,&quot;animation&quot;:&quot;fadeInRight&quot;}\">\n\t\t\t\t\t\t<div class=\"elementor-container elementor-column-gap-default\">\n\t\t\t\t\t<div class=\"elementor-column elementor-col-100 elementor-top-column elementor-element elementor-element-9eba34c\" data-id=\"9eba34c\" data-element_type=\"column\" data-e-type=\"column\">\n\t\t\t<div class=\"elementor-widget-wrap elementor-element-populated\">\n\t\t\t\t\t\t<div class=\"elementor-element elementor-element-0f18962 elementor-view-default elementor-widget elementor-widget-icon\" data-id=\"0f18962\" data-element_type=\"widget\" data-e-type=\"widget\" data-widget_type=\"icon.default\">\n\t\t\t\t<div class=\"elementor-widget-container\">\n\t\t\t\t\t\t\t<div class=\"elementor-icon-wrapper\">\n\t\t\t<div class=\"elementor-icon\">\n\t\t\t<i aria-hidden=\"true\" class=\"fas fa-quote-left\"><\/i>\t\t\t<\/div>\n\t\t<\/div>\n\t\t\t\t\t\t<\/div>\n\t\t\t\t<\/div>\n\t\t\t\t<div class=\"elementor-element elementor-element-e5b0dae elementor-widget elementor-widget-image\" data-id=\"e5b0dae\" data-element_type=\"widget\" data-e-type=\"widget\" data-widget_type=\"image.default\">\n\t\t\t\t<div class=\"elementor-widget-container\">\n\t\t\t\t\t\t\t\t\t\t\t\t\t\t\t<img decoding=\"async\" width=\"388\" height=\"76\" src=\"https:\/\/www.ortho-hart.at\/wp-content\/uploads\/2024\/03\/Sterne-Bewertung-NOMI.svg\" class=\"attachment-large size-large wp-image-3942\" alt=\"\" \/>\t\t\t\t\t\t\t\t\t\t\t\t\t\t\t<\/div>\n\t\t\t\t<\/div>\n\t\t\t\t<div class=\"elementor-element elementor-element-8de7d4c elementor-widget elementor-widget-testimonial\" data-id=\"8de7d4c\" data-element_type=\"widget\" data-e-type=\"widget\" data-widget_type=\"testimonial.default\">\n\t\t\t\t<div class=\"elementor-widget-container\">\n\t\t\t\t\t\t\t<div class=\"elementor-testimonial-wrapper\">\n\t\t\t\t\t\t\t<div class=\"elementor-testimonial-content\"><p>Dlouh\u00e1 l\u00e9ta jsem m\u011bla bolesti kv\u016fli zak\u0159iven\u00e9 a opot\u0159ebovan\u00e9 p\u00e1te\u0159i a nikde m\u011b necht\u011bli operovat. Chov\u00e1m hodn\u011b papou\u0161k\u016f a u\u017e jsem se o n\u011b nemohl starat. L\u00e9ka\u0159 na klinice v Praze mi poradil, abych zkusil \u0161t\u011bst\u00ed u profesora Harta. Ten mi p\u00e1te\u0159 t\u00e9m\u011b\u0159 narovnal a se\u0161rouboval ji od lopatek ke k\u0159\u00ed\u017eov\u00e9 kosti. Moje bolesti se v\u00fdrazn\u011b zm\u00edrnily a d\u00edky profesoru Hartovi mohu chovat sv\u00e9 papou\u0161ky.    <\/p>\n<\/div>\n\t\t\t\n\t\t\t\t\t\t<div class=\"elementor-testimonial-meta elementor-has-image elementor-testimonial-image-position-aside\">\n\t\t\t\t<div class=\"elementor-testimonial-meta-inner\">\n\t\t\t\t\t\t\t\t\t\t\t<div class=\"elementor-testimonial-image\">\n\t\t\t\t\t\t\t<img fetchpriority=\"high\" decoding=\"async\" width=\"241\" height=\"226\" src=\"https:\/\/www.ortho-hart.at\/wp-content\/uploads\/2023\/04\/Logo-Favicon-schwarz.svg\" class=\"attachment-full size-full wp-image-60\" alt=\"\" \/>\t\t\t\t\t\t<\/div>\n\t\t\t\t\t\n\t\t\t\t\t\t\t\t\t\t<div class=\"elementor-testimonial-details\">\n\t\t\t\t\t\t\t\t\t\t\t\t\t\t<div class=\"elementor-testimonial-name\">Jana Kasalov\u00e1<\/div>\n\t\t\t\t\t\t\t\t\t\t\t\t\t\t\t\t\t\t\t\t\t\t<div class=\"elementor-testimonial-job\">minul\u00fd pacient<\/div>\n\t\t\t\t\t\t\t\t\t\t\t\t\t<\/div>\n\t\t\t\t\t\t\t\t\t<\/div>\n\t\t\t<\/div>\n\t\t\t\t\t<\/div>\n\t\t\t\t\t\t<\/div>\n\t\t\t\t<\/div>\n\t\t\t\t\t<\/div>\n\t\t<\/div>\n\t\t\t\t\t<\/div>\n\t\t<\/section>\n\t\t\t\t<section class=\"elementor-section elementor-top-section elementor-element elementor-element-a9e6104 elementor-section-boxed elementor-section-height-default elementor-section-height-default elementor-invisible\" data-id=\"a9e6104\" data-element_type=\"section\" data-e-type=\"section\" data-settings=\"{&quot;background_background&quot;:&quot;classic&quot;,&quot;animation&quot;:&quot;fadeInLeft&quot;}\">\n\t\t\t\t\t\t<div class=\"elementor-container elementor-column-gap-default\">\n\t\t\t\t\t<div class=\"elementor-column elementor-col-100 elementor-top-column elementor-element elementor-element-232881f\" data-id=\"232881f\" data-element_type=\"column\" data-e-type=\"column\">\n\t\t\t<div class=\"elementor-widget-wrap elementor-element-populated\">\n\t\t\t\t\t\t<div class=\"elementor-element elementor-element-2632355 elementor-view-default elementor-widget elementor-widget-icon\" data-id=\"2632355\" data-element_type=\"widget\" data-e-type=\"widget\" data-widget_type=\"icon.default\">\n\t\t\t\t<div class=\"elementor-widget-container\">\n\t\t\t\t\t\t\t<div class=\"elementor-icon-wrapper\">\n\t\t\t<div class=\"elementor-icon\">\n\t\t\t<i aria-hidden=\"true\" class=\"fas fa-quote-left\"><\/i>\t\t\t<\/div>\n\t\t<\/div>\n\t\t\t\t\t\t<\/div>\n\t\t\t\t<\/div>\n\t\t\t\t<div class=\"elementor-element elementor-element-2f99825 elementor-widget elementor-widget-image\" data-id=\"2f99825\" data-element_type=\"widget\" data-e-type=\"widget\" data-widget_type=\"image.default\">\n\t\t\t\t<div class=\"elementor-widget-container\">\n\t\t\t\t\t\t\t\t\t\t\t\t\t\t\t<img decoding=\"async\" width=\"388\" height=\"76\" src=\"https:\/\/www.ortho-hart.at\/wp-content\/uploads\/2024\/03\/Sterne-Bewertung-NOMI.svg\" class=\"attachment-large size-large wp-image-3942\" alt=\"\" \/>\t\t\t\t\t\t\t\t\t\t\t\t\t\t\t<\/div>\n\t\t\t\t<\/div>\n\t\t\t\t<div class=\"elementor-element elementor-element-629e22d elementor-widget elementor-widget-testimonial\" data-id=\"629e22d\" data-element_type=\"widget\" data-e-type=\"widget\" data-widget_type=\"testimonial.default\">\n\t\t\t\t<div class=\"elementor-widget-container\">\n\t\t\t\t\t\t\t<div class=\"elementor-testimonial-wrapper\">\n\t\t\t\t\t\t\t<div class=\"elementor-testimonial-content\"><p>M\u016fj ortoped m\u011b poslal za profesorem Hartem a \u0159ekl, \u017ee kdy\u017e mi nepom\u016f\u017ee on, nepom\u016f\u017ee mi nikdo. Kdy\u017e jsem byl mlad\u00fd, hr\u00e1l jsem hodn\u011b fotbal a \u010dasto jsem si poranil kotn\u00edk. Kdy\u017e mi bylo \u010dty\u0159icet, za\u010dal m\u011b kotn\u00edk bolet a postupn\u011b se deformoval. Cht\u011bl jsem z\u016fstat aktivn\u00ed a nem\u00edt kotn\u00edk ztuhl\u00fd. Profesor Hart mi zhotovil um\u011bl\u00fd kloub a j\u00e1 si ji\u017e mnoho let u\u017e\u00edv\u00e1m \u017eivota bez bolesti. Bez probl\u00e9m\u016f jsem vylezl na Kilimand\u017e\u00e1ro a Machu Picchu...     <\/p>\n<\/div>\n\t\t\t\n\t\t\t\t\t\t<div class=\"elementor-testimonial-meta elementor-has-image elementor-testimonial-image-position-aside\">\n\t\t\t\t<div class=\"elementor-testimonial-meta-inner\">\n\t\t\t\t\t\t\t\t\t\t\t<div class=\"elementor-testimonial-image\">\n\t\t\t\t\t\t\t<img fetchpriority=\"high\" decoding=\"async\" width=\"241\" height=\"226\" src=\"https:\/\/www.ortho-hart.at\/wp-content\/uploads\/2023\/04\/Logo-Favicon-schwarz.svg\" class=\"attachment-full size-full wp-image-60\" alt=\"\" \/>\t\t\t\t\t\t<\/div>\n\t\t\t\t\t\n\t\t\t\t\t\t\t\t\t\t<div class=\"elementor-testimonial-details\">\n\t\t\t\t\t\t\t\t\t\t\t\t\t\t<div class=\"elementor-testimonial-name\">Lukas Koller<\/div>\n\t\t\t\t\t\t\t\t\t\t\t\t\t\t\t\t\t\t\t\t\t\t<div class=\"elementor-testimonial-job\">minul\u00fd pacient<\/div>\n\t\t\t\t\t\t\t\t\t\t\t\t\t<\/div>\n\t\t\t\t\t\t\t\t\t<\/div>\n\t\t\t<\/div>\n\t\t\t\t\t<\/div>\n\t\t\t\t\t\t<\/div>\n\t\t\t\t<\/div>\n\t\t\t\t\t<\/div>\n\t\t<\/div>\n\t\t\t\t\t<\/div>\n\t\t<\/section>\n\t\t\t\t<section class=\"elementor-section elementor-top-section elementor-element elementor-element-dc4f5cd elementor-section-boxed elementor-section-height-default elementor-section-height-default elementor-invisible\" data-id=\"dc4f5cd\" data-element_type=\"section\" data-e-type=\"section\" data-settings=\"{&quot;background_background&quot;:&quot;classic&quot;,&quot;animation&quot;:&quot;fadeInRight&quot;}\">\n\t\t\t\t\t\t<div class=\"elementor-container elementor-column-gap-default\">\n\t\t\t\t\t<div class=\"elementor-column elementor-col-100 elementor-top-column elementor-element elementor-element-ebfedd9\" data-id=\"ebfedd9\" data-element_type=\"column\" data-e-type=\"column\">\n\t\t\t<div class=\"elementor-widget-wrap elementor-element-populated\">\n\t\t\t\t\t\t<div class=\"elementor-element elementor-element-2d1dfe3 elementor-view-default elementor-widget elementor-widget-icon\" data-id=\"2d1dfe3\" data-element_type=\"widget\" data-e-type=\"widget\" data-widget_type=\"icon.default\">\n\t\t\t\t<div class=\"elementor-widget-container\">\n\t\t\t\t\t\t\t<div class=\"elementor-icon-wrapper\">\n\t\t\t<div class=\"elementor-icon\">\n\t\t\t<i aria-hidden=\"true\" class=\"fas fa-quote-left\"><\/i>\t\t\t<\/div>\n\t\t<\/div>\n\t\t\t\t\t\t<\/div>\n\t\t\t\t<\/div>\n\t\t\t\t<div class=\"elementor-element elementor-element-81b3808 elementor-widget elementor-widget-image\" data-id=\"81b3808\" data-element_type=\"widget\" data-e-type=\"widget\" data-widget_type=\"image.default\">\n\t\t\t\t<div class=\"elementor-widget-container\">\n\t\t\t\t\t\t\t\t\t\t\t\t\t\t\t<img decoding=\"async\" width=\"388\" height=\"76\" src=\"https:\/\/www.ortho-hart.at\/wp-content\/uploads\/2024\/03\/Sterne-Bewertung-NOMI.svg\" class=\"attachment-large size-large wp-image-3942\" alt=\"\" \/>\t\t\t\t\t\t\t\t\t\t\t\t\t\t\t<\/div>\n\t\t\t\t<\/div>\n\t\t\t\t<div class=\"elementor-element elementor-element-1a83bf9 elementor-widget elementor-widget-testimonial\" data-id=\"1a83bf9\" data-element_type=\"widget\" data-e-type=\"widget\" data-widget_type=\"testimonial.default\">\n\t\t\t\t<div class=\"elementor-widget-container\">\n\t\t\t\t\t\t\t<div class=\"elementor-testimonial-wrapper\">\n\t\t\t\t\t\t\t<div class=\"elementor-testimonial-content\"><p>Dlouho m\u011b bolela \u0161\u00edje, kter\u00e1 vyst\u0159elovala do lev\u00e9 ruky. M\u016fj praktick\u00fd l\u00e9ka\u0159 zjistil zn\u00e1mky opot\u0159eben\u00ed t\u0159\u00ed kr\u010dn\u00edch plot\u00e9nek se dv\u011bma herniacemi. Konzultoval jsem dva neurochirurgy, kte\u0159\u00ed mi nab\u00eddli zpevn\u011bn\u00ed p\u00e1te\u0159e. J\u00e1 jsem v\u0161ak cht\u011bl krkem d\u00e1l h\u00fdbat. Profesor Hart mi nab\u00eddl v\u010dasn\u00e9 objedn\u00e1n\u00ed na operaci, p\u0159i n\u00ed\u017e opot\u0159ebovan\u00e9 plot\u00e9nky nahradil um\u011bl\u00fdmi, tak\u017ee jsem mohl krkem h\u00fdbat jako dosud a bolest ruky postupn\u011b zmizela. P\u0159\u00edstup profesora Harta je velmi profesion\u00e1ln\u00ed a jeho l\u00e9\u010dbu mohu v\u0159ele doporu\u010dit.     <\/p>\n<\/div>\n\t\t\t\n\t\t\t\t\t\t<div class=\"elementor-testimonial-meta elementor-has-image elementor-testimonial-image-position-aside\">\n\t\t\t\t<div class=\"elementor-testimonial-meta-inner\">\n\t\t\t\t\t\t\t\t\t\t\t<div class=\"elementor-testimonial-image\">\n\t\t\t\t\t\t\t<img fetchpriority=\"high\" decoding=\"async\" width=\"241\" height=\"226\" src=\"https:\/\/www.ortho-hart.at\/wp-content\/uploads\/2023\/04\/Logo-Favicon-schwarz.svg\" class=\"attachment-full size-full wp-image-60\" alt=\"\" \/>\t\t\t\t\t\t<\/div>\n\t\t\t\t\t\n\t\t\t\t\t\t\t\t\t\t<div class=\"elementor-testimonial-details\">\n\t\t\t\t\t\t\t\t\t\t\t\t\t\t<div class=\"elementor-testimonial-name\">Anna Cerna<\/div>\n\t\t\t\t\t\t\t\t\t\t\t\t\t\t\t\t\t\t\t\t\t\t<div class=\"elementor-testimonial-job\">minul\u00fd pacient<\/div>\n\t\t\t\t\t\t\t\t\t\t\t\t\t<\/div>\n\t\t\t\t\t\t\t\t\t<\/div>\n\t\t\t<\/div>\n\t\t\t\t\t<\/div>\n\t\t\t\t\t\t<\/div>\n\t\t\t\t<\/div>\n\t\t\t\t\t<\/div>\n\t\t<\/div>\n\t\t\t\t\t<\/div>\n\t\t<\/section>\n\t\t\t\t<section class=\"elementor-section elementor-top-section elementor-element elementor-element-e16414e elementor-section-boxed elementor-section-height-default elementor-section-height-default elementor-invisible\" data-id=\"e16414e\" data-element_type=\"section\" data-e-type=\"section\" data-settings=\"{&quot;background_background&quot;:&quot;classic&quot;,&quot;animation&quot;:&quot;fadeInLeft&quot;}\">\n\t\t\t\t\t\t<div class=\"elementor-container elementor-column-gap-default\">\n\t\t\t\t\t<div class=\"elementor-column elementor-col-100 elementor-top-column elementor-element elementor-element-5f02dcb\" data-id=\"5f02dcb\" data-element_type=\"column\" data-e-type=\"column\">\n\t\t\t<div class=\"elementor-widget-wrap elementor-element-populated\">\n\t\t\t\t\t\t<div class=\"elementor-element elementor-element-03f4bf7 elementor-view-default elementor-widget elementor-widget-icon\" data-id=\"03f4bf7\" data-element_type=\"widget\" data-e-type=\"widget\" data-widget_type=\"icon.default\">\n\t\t\t\t<div class=\"elementor-widget-container\">\n\t\t\t\t\t\t\t<div class=\"elementor-icon-wrapper\">\n\t\t\t<div class=\"elementor-icon\">\n\t\t\t<i aria-hidden=\"true\" class=\"fas fa-quote-left\"><\/i>\t\t\t<\/div>\n\t\t<\/div>\n\t\t\t\t\t\t<\/div>\n\t\t\t\t<\/div>\n\t\t\t\t<div class=\"elementor-element elementor-element-bde025c elementor-widget elementor-widget-image\" data-id=\"bde025c\" data-element_type=\"widget\" data-e-type=\"widget\" data-widget_type=\"image.default\">\n\t\t\t\t<div class=\"elementor-widget-container\">\n\t\t\t\t\t\t\t\t\t\t\t\t\t\t\t<img decoding=\"async\" width=\"388\" height=\"76\" src=\"https:\/\/www.ortho-hart.at\/wp-content\/uploads\/2024\/03\/Sterne-Bewertung-NOMI.svg\" class=\"attachment-large size-large wp-image-3942\" alt=\"\" \/>\t\t\t\t\t\t\t\t\t\t\t\t\t\t\t<\/div>\n\t\t\t\t<\/div>\n\t\t\t\t<div class=\"elementor-element elementor-element-90b4265 elementor-widget elementor-widget-testimonial\" data-id=\"90b4265\" data-element_type=\"widget\" data-e-type=\"widget\" data-widget_type=\"testimonial.default\">\n\t\t\t\t<div class=\"elementor-widget-container\">\n\t\t\t\t\t\t\t<div class=\"elementor-testimonial-wrapper\">\n\t\t\t\t\t\t\t<div class=\"elementor-testimonial-content\"><p>M\u00e9mu synovi se v d\u011btstv\u00ed za\u010dala zkracovat noha a postupn\u011b se mu noha vyto\u010dila ven. V deseti letech za\u010dal kulhat a m\u011bl bolesti kolen. Profesor Hart mu postupn\u011b doln\u00ed kon\u010detinu prodlou\u017eil a nohu op\u011bt narovnal dop\u0159edu. Dnes je m\u016fj syn dosp\u011bl\u00fd a nic nenasv\u011bd\u010duje tomu, \u017ee by kdy m\u011bl s nohou n\u011bjak\u00e9 probl\u00e9my. \u010casto na doktora Harta vzpom\u00edn\u00e1m ...    <\/p>\n<\/div>\n\t\t\t\n\t\t\t\t\t\t<div class=\"elementor-testimonial-meta elementor-has-image elementor-testimonial-image-position-aside\">\n\t\t\t\t<div class=\"elementor-testimonial-meta-inner\">\n\t\t\t\t\t\t\t\t\t\t\t<div class=\"elementor-testimonial-image\">\n\t\t\t\t\t\t\t<img fetchpriority=\"high\" decoding=\"async\" width=\"241\" height=\"226\" src=\"https:\/\/www.ortho-hart.at\/wp-content\/uploads\/2023\/04\/Logo-Favicon-schwarz.svg\" class=\"attachment-full size-full wp-image-60\" alt=\"\" \/>\t\t\t\t\t\t<\/div>\n\t\t\t\t\t\n\t\t\t\t\t\t\t\t\t\t<div class=\"elementor-testimonial-details\">\n\t\t\t\t\t\t\t\t\t\t\t\t\t\t<div class=\"elementor-testimonial-name\">Marie Nov\u00e1kov\u00e1<\/div>\n\t\t\t\t\t\t\t\t\t\t\t\t\t\t\t\t\t\t\t\t\t\t<div class=\"elementor-testimonial-job\">Matka pacienta<\/div>\n\t\t\t\t\t\t\t\t\t\t\t\t\t<\/div>\n\t\t\t\t\t\t\t\t\t<\/div>\n\t\t\t<\/div>\n\t\t\t\t\t<\/div>\n\t\t\t\t\t\t<\/div>\n\t\t\t\t<\/div>\n\t\t\t\t\t<\/div>\n\t\t<\/div>\n\t\t\t\t\t<\/div>\n\t\t<\/section>\n\t\t\t\t<section class=\"elementor-section elementor-top-section elementor-element elementor-element-06ba5bf elementor-section-boxed elementor-section-height-default elementor-section-height-default elementor-invisible\" data-id=\"06ba5bf\" data-element_type=\"section\" data-e-type=\"section\" data-settings=\"{&quot;background_background&quot;:&quot;classic&quot;,&quot;animation&quot;:&quot;fadeInRight&quot;}\">\n\t\t\t\t\t\t<div class=\"elementor-container elementor-column-gap-default\">\n\t\t\t\t\t<div class=\"elementor-column elementor-col-100 elementor-top-column elementor-element elementor-element-91a365b\" data-id=\"91a365b\" data-element_type=\"column\" data-e-type=\"column\">\n\t\t\t<div class=\"elementor-widget-wrap elementor-element-populated\">\n\t\t\t\t\t\t<div class=\"elementor-element elementor-element-979ca80 elementor-view-default elementor-widget elementor-widget-icon\" data-id=\"979ca80\" data-element_type=\"widget\" data-e-type=\"widget\" data-widget_type=\"icon.default\">\n\t\t\t\t<div class=\"elementor-widget-container\">\n\t\t\t\t\t\t\t<div class=\"elementor-icon-wrapper\">\n\t\t\t<div class=\"elementor-icon\">\n\t\t\t<i aria-hidden=\"true\" class=\"fas fa-quote-left\"><\/i>\t\t\t<\/div>\n\t\t<\/div>\n\t\t\t\t\t\t<\/div>\n\t\t\t\t<\/div>\n\t\t\t\t<div class=\"elementor-element elementor-element-8749510 elementor-widget elementor-widget-image\" data-id=\"8749510\" data-element_type=\"widget\" data-e-type=\"widget\" data-widget_type=\"image.default\">\n\t\t\t\t<div class=\"elementor-widget-container\">\n\t\t\t\t\t\t\t\t\t\t\t\t\t\t\t<img decoding=\"async\" width=\"388\" height=\"76\" src=\"https:\/\/www.ortho-hart.at\/wp-content\/uploads\/2024\/03\/Sterne-Bewertung-NOMI.svg\" class=\"attachment-large size-large wp-image-3942\" alt=\"\" \/>\t\t\t\t\t\t\t\t\t\t\t\t\t\t\t<\/div>\n\t\t\t\t<\/div>\n\t\t\t\t<div class=\"elementor-element elementor-element-8ff70b3 elementor-widget elementor-widget-testimonial\" data-id=\"8ff70b3\" data-element_type=\"widget\" data-e-type=\"widget\" data-widget_type=\"testimonial.default\">\n\t\t\t\t<div class=\"elementor-widget-container\">\n\t\t\t\t\t\t\t<div class=\"elementor-testimonial-wrapper\">\n\t\t\t\t\t\t\t<div class=\"elementor-testimonial-content\"><p>P\u0159ed lety jsem m\u011bl siln\u00e9 bolesti kolene zp\u016fsoben\u00e9 opot\u0159eben\u00edm kloubu. V\u0161ude mi nab\u00edzeli um\u011bl\u00fd kloub. Jedin\u00fd profesor Hart mi nab\u00eddl jinou mo\u017enost - n\u011bkolik t\u00fddn\u016f mi koleno roztahoval pomoc\u00ed zevn\u00edho fix\u00e1toru. Nyn\u00ed je to ji\u017e t\u00e9m\u011b\u0159 deset let a koleno c\u00edt\u00edm jen po velk\u00e9 n\u00e1maze a na endoprot\u00e9zu v\u016fbec nemysl\u00edm. Profesoru Hartovi pat\u0159\u00ed velk\u00fd d\u00edk za z\u00e1chranu m\u00e9ho kloubu.    <\/p>\n<\/div>\n\t\t\t\n\t\t\t\t\t\t<div class=\"elementor-testimonial-meta elementor-has-image elementor-testimonial-image-position-aside\">\n\t\t\t\t<div class=\"elementor-testimonial-meta-inner\">\n\t\t\t\t\t\t\t\t\t\t\t<div class=\"elementor-testimonial-image\">\n\t\t\t\t\t\t\t<img fetchpriority=\"high\" decoding=\"async\" width=\"241\" height=\"226\" src=\"https:\/\/www.ortho-hart.at\/wp-content\/uploads\/2023\/04\/Logo-Favicon-schwarz.svg\" class=\"attachment-full size-full wp-image-60\" alt=\"\" \/>\t\t\t\t\t\t<\/div>\n\t\t\t\t\t\n\t\t\t\t\t\t\t\t\t\t<div class=\"elementor-testimonial-details\">\n\t\t\t\t\t\t\t\t\t\t\t\t\t\t<div class=\"elementor-testimonial-name\">Adam Prochazka<\/div>\n\t\t\t\t\t\t\t\t\t\t\t\t\t\t\t\t\t\t\t\t\t\t<div class=\"elementor-testimonial-job\">minul\u00fd pacient<\/div>\n\t\t\t\t\t\t\t\t\t\t\t\t\t<\/div>\n\t\t\t\t\t\t\t\t\t<\/div>\n\t\t\t<\/div>\n\t\t\t\t\t<\/div>\n\t\t\t\t\t\t<\/div>\n\t\t\t\t<\/div>\n\t\t\t\t\t<\/div>\n\t\t<\/div>\n\t\t\t\t\t<\/div>\n\t\t<\/section>\n\t\t\t\t<section class=\"elementor-section elementor-top-section elementor-element elementor-element-a5a1512 elementor-section-boxed elementor-section-height-default elementor-section-height-default elementor-invisible\" data-id=\"a5a1512\" data-element_type=\"section\" data-e-type=\"section\" data-settings=\"{&quot;background_background&quot;:&quot;classic&quot;,&quot;animation&quot;:&quot;fadeInLeft&quot;}\">\n\t\t\t\t\t\t<div class=\"elementor-container elementor-column-gap-default\">\n\t\t\t\t\t<div class=\"elementor-column elementor-col-100 elementor-top-column elementor-element elementor-element-4757c18\" data-id=\"4757c18\" data-element_type=\"column\" data-e-type=\"column\">\n\t\t\t<div class=\"elementor-widget-wrap elementor-element-populated\">\n\t\t\t\t\t\t<div class=\"elementor-element elementor-element-a174948 elementor-view-default elementor-widget elementor-widget-icon\" data-id=\"a174948\" data-element_type=\"widget\" data-e-type=\"widget\" data-widget_type=\"icon.default\">\n\t\t\t\t<div class=\"elementor-widget-container\">\n\t\t\t\t\t\t\t<div class=\"elementor-icon-wrapper\">\n\t\t\t<div class=\"elementor-icon\">\n\t\t\t<i aria-hidden=\"true\" class=\"fas fa-quote-left\"><\/i>\t\t\t<\/div>\n\t\t<\/div>\n\t\t\t\t\t\t<\/div>\n\t\t\t\t<\/div>\n\t\t\t\t<div class=\"elementor-element elementor-element-391011b elementor-widget elementor-widget-image\" data-id=\"391011b\" data-element_type=\"widget\" data-e-type=\"widget\" data-widget_type=\"image.default\">\n\t\t\t\t<div class=\"elementor-widget-container\">\n\t\t\t\t\t\t\t\t\t\t\t\t\t\t\t<img decoding=\"async\" width=\"388\" height=\"76\" src=\"https:\/\/www.ortho-hart.at\/wp-content\/uploads\/2024\/03\/Sterne-Bewertung-NOMI.svg\" class=\"attachment-large size-large wp-image-3942\" alt=\"\" \/>\t\t\t\t\t\t\t\t\t\t\t\t\t\t\t<\/div>\n\t\t\t\t<\/div>\n\t\t\t\t<div class=\"elementor-element elementor-element-c85688a elementor-widget elementor-widget-testimonial\" data-id=\"c85688a\" data-element_type=\"widget\" data-e-type=\"widget\" data-widget_type=\"testimonial.default\">\n\t\t\t\t<div class=\"elementor-widget-container\">\n\t\t\t\t\t\t\t<div class=\"elementor-testimonial-wrapper\">\n\t\t\t\t\t\t\t<div class=\"elementor-testimonial-content\"><p>P\u0159i nehod\u011b na motorce jsem si zlomil stehenn\u00ed kost nad kolenem. Podstoupil jsem n\u011bkolik operac\u00ed v \u00farazov\u00e9 nemocnici. Velk\u00e1 \u010d\u00e1st stehenn\u00ed kosti byla pry\u010d a nemohl jsem v\u016fbec ohnout koleno. V \u00farazov\u00e9 nemocnici si se mnou nev\u011bd\u011bli rady, a tak m\u011b poslali k profesoru Hartovi. Ten mi objednal \u010d\u00e1st kolena z kostn\u00ed banky a p\u0159i operaci mi chyb\u011bj\u00edc\u00ed \u010d\u00e1st kloubu p\u0159idal a obnovil tak pohyb v koleni. Dnes pracuji bez v\u011bt\u0161\u00edch probl\u00e9m\u016f a mohu se pln\u011b v\u011bnovat sv\u00fdm d\u011btem.     <\/p>\n<\/div>\n\t\t\t\n\t\t\t\t\t\t<div class=\"elementor-testimonial-meta elementor-has-image elementor-testimonial-image-position-aside\">\n\t\t\t\t<div class=\"elementor-testimonial-meta-inner\">\n\t\t\t\t\t\t\t\t\t\t\t<div class=\"elementor-testimonial-image\">\n\t\t\t\t\t\t\t<img fetchpriority=\"high\" decoding=\"async\" width=\"241\" height=\"226\" src=\"https:\/\/www.ortho-hart.at\/wp-content\/uploads\/2023\/04\/Logo-Favicon-schwarz.svg\" class=\"attachment-full size-full wp-image-60\" alt=\"\" \/>\t\t\t\t\t\t<\/div>\n\t\t\t\t\t\n\t\t\t\t\t\t\t\t\t\t<div class=\"elementor-testimonial-details\">\n\t\t\t\t\t\t\t\t\t\t\t\t\t\t<div class=\"elementor-testimonial-name\">David \u010cech<\/div>\n\t\t\t\t\t\t\t\t\t\t\t\t\t\t\t\t\t\t\t\t\t\t<div class=\"elementor-testimonial-job\">minul\u00fd pacient<\/div>\n\t\t\t\t\t\t\t\t\t\t\t\t\t<\/div>\n\t\t\t\t\t\t\t\t\t<\/div>\n\t\t\t<\/div>\n\t\t\t\t\t<\/div>\n\t\t\t\t\t\t<\/div>\n\t\t\t\t<\/div>\n\t\t\t\t\t<\/div>\n\t\t<\/div>\n\t\t\t\t\t<\/div>\n\t\t<\/section>\n\t\t\t\t<section class=\"elementor-section elementor-top-section elementor-element elementor-element-cfa95cf elementor-section-boxed elementor-section-height-default elementor-section-height-default elementor-invisible\" data-id=\"cfa95cf\" data-element_type=\"section\" data-e-type=\"section\" data-settings=\"{&quot;background_background&quot;:&quot;classic&quot;,&quot;animation&quot;:&quot;fadeInRight&quot;}\">\n\t\t\t\t\t\t<div class=\"elementor-container elementor-column-gap-default\">\n\t\t\t\t\t<div class=\"elementor-column elementor-col-100 elementor-top-column elementor-element elementor-element-daf9b03\" data-id=\"daf9b03\" data-element_type=\"column\" data-e-type=\"column\">\n\t\t\t<div class=\"elementor-widget-wrap elementor-element-populated\">\n\t\t\t\t\t\t<div class=\"elementor-element elementor-element-339f6a4 elementor-view-default elementor-widget elementor-widget-icon\" data-id=\"339f6a4\" data-element_type=\"widget\" data-e-type=\"widget\" data-widget_type=\"icon.default\">\n\t\t\t\t<div class=\"elementor-widget-container\">\n\t\t\t\t\t\t\t<div class=\"elementor-icon-wrapper\">\n\t\t\t<div class=\"elementor-icon\">\n\t\t\t<i aria-hidden=\"true\" class=\"fas fa-quote-left\"><\/i>\t\t\t<\/div>\n\t\t<\/div>\n\t\t\t\t\t\t<\/div>\n\t\t\t\t<\/div>\n\t\t\t\t<div class=\"elementor-element elementor-element-67f8d11 elementor-widget elementor-widget-image\" data-id=\"67f8d11\" data-element_type=\"widget\" data-e-type=\"widget\" data-widget_type=\"image.default\">\n\t\t\t\t<div class=\"elementor-widget-container\">\n\t\t\t\t\t\t\t\t\t\t\t\t\t\t\t<img decoding=\"async\" width=\"388\" height=\"76\" src=\"https:\/\/www.ortho-hart.at\/wp-content\/uploads\/2024\/03\/Sterne-Bewertung-NOMI.svg\" class=\"attachment-large size-large wp-image-3942\" alt=\"\" \/>\t\t\t\t\t\t\t\t\t\t\t\t\t\t\t<\/div>\n\t\t\t\t<\/div>\n\t\t\t\t<div class=\"elementor-element elementor-element-4f64263 elementor-widget elementor-widget-testimonial\" data-id=\"4f64263\" data-element_type=\"widget\" data-e-type=\"widget\" data-widget_type=\"testimonial.default\">\n\t\t\t\t<div class=\"elementor-widget-container\">\n\t\t\t\t\t\t\t<div class=\"elementor-testimonial-wrapper\">\n\t\t\t\t\t\t\t<div class=\"elementor-testimonial-content\"><p>Prod\u011blala jsem v\u00fdm\u011bnu ky\u010deln\u00edho kloubu a nebyla jsem s n\u00ed spokojen\u00e1 - m\u011bla jsem bolesti, kulhala jsem a musela jsem pou\u017e\u00edvat berle. \u0160el jsem za profesorem Hartem, ten m\u011b poslal na magnetickou rezonanci a zjistil, \u017ee p\u0159\u00ed\u010dinou je h\u00fd\u017e\u010fov\u00fd sval. Nahradil mi posti\u017een\u00fd sval jin\u00fdm h\u00fd\u017e\u010fov\u00fdm svalem. Dnes pou\u017e\u00edv\u00e1m h\u016fl pouze p\u0159i dlouh\u00fdch proch\u00e1zk\u00e1ch. S operac\u00ed a p\u0159\u00edstupem profesora Harta jsem velmi spokojen\u00e1. Jeho p\u00e9\u010di proto mohu jen doporu\u010dit.     <\/p>\n<\/div>\n\t\t\t\n\t\t\t\t\t\t<div class=\"elementor-testimonial-meta elementor-has-image elementor-testimonial-image-position-aside\">\n\t\t\t\t<div class=\"elementor-testimonial-meta-inner\">\n\t\t\t\t\t\t\t\t\t\t\t<div class=\"elementor-testimonial-image\">\n\t\t\t\t\t\t\t<img fetchpriority=\"high\" decoding=\"async\" width=\"241\" height=\"226\" src=\"https:\/\/www.ortho-hart.at\/wp-content\/uploads\/2023\/04\/Logo-Favicon-schwarz.svg\" class=\"attachment-full size-full wp-image-60\" alt=\"\" \/>\t\t\t\t\t\t<\/div>\n\t\t\t\t\t\n\t\t\t\t\t\t\t\t\t\t<div class=\"elementor-testimonial-details\">\n\t\t\t\t\t\t\t\t\t\t\t\t\t\t<div class=\"elementor-testimonial-name\">Daniel Sobol<\/div>\n\t\t\t\t\t\t\t\t\t\t\t\t\t\t\t\t\t\t\t\t\t\t<div class=\"elementor-testimonial-job\">minul\u00fd pacient<\/div>\n\t\t\t\t\t\t\t\t\t\t\t\t\t<\/div>\n\t\t\t\t\t\t\t\t\t<\/div>\n\t\t\t<\/div>\n\t\t\t\t\t<\/div>\n\t\t\t\t\t\t<\/div>\n\t\t\t\t<\/div>\n\t\t\t\t\t<\/div>\n\t\t<\/div>\n\t\t\t\t\t<\/div>\n\t\t<\/section>\n\t\t\t\t<section class=\"elementor-section elementor-top-section elementor-element elementor-element-bd322dd elementor-section-boxed elementor-section-height-default elementor-section-height-default elementor-invisible\" data-id=\"bd322dd\" data-element_type=\"section\" data-e-type=\"section\" data-settings=\"{&quot;background_background&quot;:&quot;classic&quot;,&quot;animation&quot;:&quot;fadeInLeft&quot;}\">\n\t\t\t\t\t\t<div class=\"elementor-container elementor-column-gap-default\">\n\t\t\t\t\t<div class=\"elementor-column elementor-col-100 elementor-top-column elementor-element elementor-element-5d8bb5e\" data-id=\"5d8bb5e\" data-element_type=\"column\" data-e-type=\"column\">\n\t\t\t<div class=\"elementor-widget-wrap elementor-element-populated\">\n\t\t\t\t\t\t<div class=\"elementor-element elementor-element-f7c0842 elementor-view-default elementor-widget elementor-widget-icon\" data-id=\"f7c0842\" data-element_type=\"widget\" data-e-type=\"widget\" data-widget_type=\"icon.default\">\n\t\t\t\t<div class=\"elementor-widget-container\">\n\t\t\t\t\t\t\t<div class=\"elementor-icon-wrapper\">\n\t\t\t<div class=\"elementor-icon\">\n\t\t\t<i aria-hidden=\"true\" class=\"fas fa-quote-left\"><\/i>\t\t\t<\/div>\n\t\t<\/div>\n\t\t\t\t\t\t<\/div>\n\t\t\t\t<\/div>\n\t\t\t\t<div class=\"elementor-element elementor-element-d5aaeef elementor-widget elementor-widget-image\" data-id=\"d5aaeef\" data-element_type=\"widget\" data-e-type=\"widget\" data-widget_type=\"image.default\">\n\t\t\t\t<div class=\"elementor-widget-container\">\n\t\t\t\t\t\t\t\t\t\t\t\t\t\t\t<img decoding=\"async\" width=\"388\" height=\"76\" src=\"https:\/\/www.ortho-hart.at\/wp-content\/uploads\/2024\/03\/Sterne-Bewertung-NOMI.svg\" class=\"attachment-large size-large wp-image-3942\" alt=\"\" \/>\t\t\t\t\t\t\t\t\t\t\t\t\t\t\t<\/div>\n\t\t\t\t<\/div>\n\t\t\t\t<div class=\"elementor-element elementor-element-33e1742 elementor-widget elementor-widget-testimonial\" data-id=\"33e1742\" data-element_type=\"widget\" data-e-type=\"widget\" data-widget_type=\"testimonial.default\">\n\t\t\t\t<div class=\"elementor-widget-container\">\n\t\t\t\t\t\t\t<div class=\"elementor-testimonial-wrapper\">\n\t\t\t\t\t\t\t<div class=\"elementor-testimonial-content\"><p>P\u0159ed p\u011bti lety mi b\u011bhem n\u011bkolika m\u011bs\u00edc\u016f zesl\u00e1bly nohy natolik, \u017ee jsem nedok\u00e1zal uj\u00edt ani deset metr\u016f. Magnetick\u00e1 rezonance uk\u00e1zala, \u017ee m\u00e1m v p\u00e1te\u0159i uv\u011bzn\u011bn\u00e9 nervy. Profesor Hart m\u011b brzy operoval, nervy uvolnil a bolestivou p\u00e1te\u0159 se\u0161rouboval. Od t\u00e9 doby chod\u00edm jako d\u0159\u00edv a bez bolesti. Profesor Hart je jedn\u00edm z m\u00e1la ortoped\u016f, kte\u0159\u00ed mohou pomoci ka\u017ed\u00e9mu.    <\/p>\n<\/div>\n\t\t\t\n\t\t\t\t\t\t<div class=\"elementor-testimonial-meta elementor-has-image elementor-testimonial-image-position-aside\">\n\t\t\t\t<div class=\"elementor-testimonial-meta-inner\">\n\t\t\t\t\t\t\t\t\t\t\t<div class=\"elementor-testimonial-image\">\n\t\t\t\t\t\t\t<img fetchpriority=\"high\" decoding=\"async\" width=\"241\" height=\"226\" src=\"https:\/\/www.ortho-hart.at\/wp-content\/uploads\/2023\/04\/Logo-Favicon-schwarz.svg\" class=\"attachment-full size-full wp-image-60\" alt=\"\" \/>\t\t\t\t\t\t<\/div>\n\t\t\t\t\t\n\t\t\t\t\t\t\t\t\t\t<div class=\"elementor-testimonial-details\">\n\t\t\t\t\t\t\t\t\t\t\t\t\t\t<div class=\"elementor-testimonial-name\">Petr Dvo\u0159\u00e1k<\/div>\n\t\t\t\t\t\t\t\t\t\t\t\t\t\t\t\t\t\t\t\t\t\t<div class=\"elementor-testimonial-job\">minul\u00fd pacient<\/div>\n\t\t\t\t\t\t\t\t\t\t\t\t\t<\/div>\n\t\t\t\t\t\t\t\t\t<\/div>\n\t\t\t<\/div>\n\t\t\t\t\t<\/div>\n\t\t\t\t\t\t<\/div>\n\t\t\t\t<\/div>\n\t\t\t\t\t<\/div>\n\t\t<\/div>\n\t\t\t\t\t<\/div>\n\t\t<\/section>\n\t\t\t\t<section class=\"elementor-section elementor-top-section elementor-element elementor-element-6c3864f elementor-section-boxed elementor-section-height-default elementor-section-height-default elementor-invisible\" data-id=\"6c3864f\" data-element_type=\"section\" data-e-type=\"section\" data-settings=\"{&quot;background_background&quot;:&quot;classic&quot;,&quot;animation&quot;:&quot;fadeInRight&quot;}\">\n\t\t\t\t\t\t<div class=\"elementor-container elementor-column-gap-default\">\n\t\t\t\t\t<div class=\"elementor-column elementor-col-100 elementor-top-column elementor-element elementor-element-5e8f823\" data-id=\"5e8f823\" data-element_type=\"column\" data-e-type=\"column\">\n\t\t\t<div class=\"elementor-widget-wrap elementor-element-populated\">\n\t\t\t\t\t\t<div class=\"elementor-element elementor-element-cb6923f elementor-view-default elementor-widget elementor-widget-icon\" data-id=\"cb6923f\" data-element_type=\"widget\" data-e-type=\"widget\" data-widget_type=\"icon.default\">\n\t\t\t\t<div class=\"elementor-widget-container\">\n\t\t\t\t\t\t\t<div class=\"elementor-icon-wrapper\">\n\t\t\t<div class=\"elementor-icon\">\n\t\t\t<i aria-hidden=\"true\" class=\"fas fa-quote-left\"><\/i>\t\t\t<\/div>\n\t\t<\/div>\n\t\t\t\t\t\t<\/div>\n\t\t\t\t<\/div>\n\t\t\t\t<div class=\"elementor-element elementor-element-4125cda elementor-widget elementor-widget-image\" data-id=\"4125cda\" data-element_type=\"widget\" data-e-type=\"widget\" data-widget_type=\"image.default\">\n\t\t\t\t<div class=\"elementor-widget-container\">\n\t\t\t\t\t\t\t\t\t\t\t\t\t\t\t<img decoding=\"async\" width=\"388\" height=\"76\" src=\"https:\/\/www.ortho-hart.at\/wp-content\/uploads\/2024\/03\/Sterne-Bewertung-NOMI.svg\" class=\"attachment-large size-large wp-image-3942\" alt=\"\" \/>\t\t\t\t\t\t\t\t\t\t\t\t\t\t\t<\/div>\n\t\t\t\t<\/div>\n\t\t\t\t<div class=\"elementor-element elementor-element-0f9a330 elementor-widget elementor-widget-testimonial\" data-id=\"0f9a330\" data-element_type=\"widget\" data-e-type=\"widget\" data-widget_type=\"testimonial.default\">\n\t\t\t\t<div class=\"elementor-widget-container\">\n\t\t\t\t\t\t\t<div class=\"elementor-testimonial-wrapper\">\n\t\t\t\t\t\t\t<div class=\"elementor-testimonial-content\"><p>Po p\u00e1du na led\u011b jsem si zlomil loket. Po operaci v nemocnici jsem v r\u00e1n\u011b chytil infekci. Podstoupil jsem dal\u0161\u00ed dv\u011b n\u00e1ro\u010dn\u00e9 operace a v\u00fdsledkem byl nepohybliv\u00fd, pln\u011b nata\u017een\u00fd a bolestiv\u00fd loket. Profesor Hart mi obnovil pohyblivost lokte a nahradil velkou po\u0161kozenou \u010d\u00e1st kloubu transplant\u00e1tem od d\u00e1rce. D\u00edky n\u011bmu m\u00e1m nyn\u00ed op\u011bt pohybliv\u00fd loket, jsem bez bolesti a mohu se op\u011bt pln\u011b v\u011bnovat pr\u00e1ci, rodin\u011b a sportu. Je to profesion\u00e1l s lidsk\u00fdm p\u0159\u00edstupem.     <\/p>\n<\/div>\n\t\t\t\n\t\t\t\t\t\t<div class=\"elementor-testimonial-meta elementor-has-image elementor-testimonial-image-position-aside\">\n\t\t\t\t<div class=\"elementor-testimonial-meta-inner\">\n\t\t\t\t\t\t\t\t\t\t\t<div class=\"elementor-testimonial-image\">\n\t\t\t\t\t\t\t<img fetchpriority=\"high\" decoding=\"async\" width=\"241\" height=\"226\" src=\"https:\/\/www.ortho-hart.at\/wp-content\/uploads\/2023\/04\/Logo-Favicon-schwarz.svg\" class=\"attachment-full size-full wp-image-60\" alt=\"\" \/>\t\t\t\t\t\t<\/div>\n\t\t\t\t\t\n\t\t\t\t\t\t\t\t\t\t<div class=\"elementor-testimonial-details\">\n\t\t\t\t\t\t\t\t\t\t\t\t\t\t<div class=\"elementor-testimonial-name\">Andrea B\u00f6hmov\u00e1<\/div>\n\t\t\t\t\t\t\t\t\t\t\t\t\t\t\t\t\t\t\t\t\t\t<div class=\"elementor-testimonial-job\">minul\u00fd pacient<\/div>\n\t\t\t\t\t\t\t\t\t\t\t\t\t<\/div>\n\t\t\t\t\t\t\t\t\t<\/div>\n\t\t\t<\/div>\n\t\t\t\t\t<\/div>\n\t\t\t\t\t\t<\/div>\n\t\t\t\t<\/div>\n\t\t\t\t\t<\/div>\n\t\t<\/div>\n\t\t\t\t\t<\/div>\n\t\t<\/section>\n\t\t\t\t<section class=\"elementor-section elementor-top-section elementor-element elementor-element-4a3a835 elementor-section-boxed elementor-section-height-default elementor-section-height-default elementor-invisible\" data-id=\"4a3a835\" data-element_type=\"section\" data-e-type=\"section\" data-settings=\"{&quot;background_background&quot;:&quot;classic&quot;,&quot;animation&quot;:&quot;fadeInLeft&quot;}\">\n\t\t\t\t\t\t<div class=\"elementor-container elementor-column-gap-default\">\n\t\t\t\t\t<div class=\"elementor-column elementor-col-100 elementor-top-column elementor-element elementor-element-9ec9e35\" data-id=\"9ec9e35\" data-element_type=\"column\" data-e-type=\"column\">\n\t\t\t<div class=\"elementor-widget-wrap elementor-element-populated\">\n\t\t\t\t\t\t<div class=\"elementor-element elementor-element-5867cd1 elementor-view-default elementor-widget elementor-widget-icon\" data-id=\"5867cd1\" data-element_type=\"widget\" data-e-type=\"widget\" data-widget_type=\"icon.default\">\n\t\t\t\t<div class=\"elementor-widget-container\">\n\t\t\t\t\t\t\t<div class=\"elementor-icon-wrapper\">\n\t\t\t<div class=\"elementor-icon\">\n\t\t\t<i aria-hidden=\"true\" class=\"fas fa-quote-left\"><\/i>\t\t\t<\/div>\n\t\t<\/div>\n\t\t\t\t\t\t<\/div>\n\t\t\t\t<\/div>\n\t\t\t\t<div class=\"elementor-element elementor-element-59cb353 elementor-widget elementor-widget-image\" data-id=\"59cb353\" data-element_type=\"widget\" data-e-type=\"widget\" data-widget_type=\"image.default\">\n\t\t\t\t<div class=\"elementor-widget-container\">\n\t\t\t\t\t\t\t\t\t\t\t\t\t\t\t<img decoding=\"async\" width=\"388\" height=\"76\" src=\"https:\/\/www.ortho-hart.at\/wp-content\/uploads\/2024\/03\/Sterne-Bewertung-NOMI.svg\" class=\"attachment-large size-large wp-image-3942\" alt=\"\" \/>\t\t\t\t\t\t\t\t\t\t\t\t\t\t\t<\/div>\n\t\t\t\t<\/div>\n\t\t\t\t<div class=\"elementor-element elementor-element-61b598c elementor-widget elementor-widget-testimonial\" data-id=\"61b598c\" data-element_type=\"widget\" data-e-type=\"widget\" data-widget_type=\"testimonial.default\">\n\t\t\t\t<div class=\"elementor-widget-container\">\n\t\t\t\t\t\t\t<div class=\"elementor-testimonial-wrapper\">\n\t\t\t\t\t\t\t<div class=\"elementor-testimonial-content\"><p>Pracovala jsem jako pe\u010dovatelka v nemocnici. P\u0159ed \u010dasem se m\u00e9mu tehdy t\u0159in\u00e1ctilet\u00e9mu synovi za\u010dala cel\u00e1 noha kroutit ven a za\u010dal chodit jako Charlie Chaplin, co\u017e doprov\u00e1zela bolest v t\u0159\u00edslech. Po\u017e\u00e1dala jsem Primariuse Harta o pomoc. Zjistil, \u017ee ky\u010deln\u00ed kloub m\u00e9ho syna je vyto\u010den\u00fd dozadu. Provedl slo\u017eitou operaci, aby tento vz\u00e1cn\u00fd stav napravil. P\u0159i posledn\u00ed rentgenov\u00e9 kontrole p\u0159ed 6 lety vypadal operovan\u00fd ky\u010deln\u00ed kloub kone\u010dn\u011b jako norm\u00e1ln\u00ed kloub. Dnes se m\u00e9mu synovi da\u0159\u00ed dob\u0159e. Ve zdravotnictv\u00ed ji\u017e nepracuji, ale d\u00edky spole\u010dnosti Primarius Hart ned\u00e1m na ortopedii dopustit.       <\/p>\n<\/div>\n\t\t\t\n\t\t\t\t\t\t<div class=\"elementor-testimonial-meta elementor-has-image elementor-testimonial-image-position-aside\">\n\t\t\t\t<div class=\"elementor-testimonial-meta-inner\">\n\t\t\t\t\t\t\t\t\t\t\t<div class=\"elementor-testimonial-image\">\n\t\t\t\t\t\t\t<img fetchpriority=\"high\" decoding=\"async\" width=\"241\" height=\"226\" src=\"https:\/\/www.ortho-hart.at\/wp-content\/uploads\/2023\/04\/Logo-Favicon-schwarz.svg\" class=\"attachment-full size-full wp-image-60\" alt=\"\" \/>\t\t\t\t\t\t<\/div>\n\t\t\t\t\t\n\t\t\t\t\t\t\t\t\t\t<div class=\"elementor-testimonial-details\">\n\t\t\t\t\t\t\t\t\t\t\t\t\t\t<div class=\"elementor-testimonial-name\">Josef Ku\u010dera<\/div>\n\t\t\t\t\t\t\t\t\t\t\t\t\t\t\t\t\t\t\t\t\t\t<div class=\"elementor-testimonial-job\">Otec pacienta<\/div>\n\t\t\t\t\t\t\t\t\t\t\t\t\t<\/div>\n\t\t\t\t\t\t\t\t\t<\/div>\n\t\t\t<\/div>\n\t\t\t\t\t<\/div>\n\t\t\t\t\t\t<\/div>\n\t\t\t\t<\/div>\n\t\t\t\t\t<\/div>\n\t\t<\/div>\n\t\t\t\t\t<\/div>\n\t\t<\/section>\n\t\t\t\t<section class=\"elementor-section elementor-top-section elementor-element elementor-element-3ec2bfc elementor-section-boxed elementor-section-height-default elementor-section-height-default elementor-invisible\" data-id=\"3ec2bfc\" data-element_type=\"section\" data-e-type=\"section\" data-settings=\"{&quot;background_background&quot;:&quot;classic&quot;,&quot;animation&quot;:&quot;fadeInRight&quot;}\">\n\t\t\t\t\t\t<div class=\"elementor-container elementor-column-gap-default\">\n\t\t\t\t\t<div class=\"elementor-column elementor-col-100 elementor-top-column elementor-element elementor-element-3113108\" data-id=\"3113108\" data-element_type=\"column\" data-e-type=\"column\">\n\t\t\t<div class=\"elementor-widget-wrap elementor-element-populated\">\n\t\t\t\t\t\t<div class=\"elementor-element elementor-element-b6cec57 elementor-view-default elementor-widget elementor-widget-icon\" data-id=\"b6cec57\" data-element_type=\"widget\" data-e-type=\"widget\" data-widget_type=\"icon.default\">\n\t\t\t\t<div class=\"elementor-widget-container\">\n\t\t\t\t\t\t\t<div class=\"elementor-icon-wrapper\">\n\t\t\t<div class=\"elementor-icon\">\n\t\t\t<i aria-hidden=\"true\" class=\"fas fa-quote-left\"><\/i>\t\t\t<\/div>\n\t\t<\/div>\n\t\t\t\t\t\t<\/div>\n\t\t\t\t<\/div>\n\t\t\t\t<div class=\"elementor-element elementor-element-fac63cf elementor-widget elementor-widget-image\" data-id=\"fac63cf\" data-element_type=\"widget\" data-e-type=\"widget\" data-widget_type=\"image.default\">\n\t\t\t\t<div class=\"elementor-widget-container\">\n\t\t\t\t\t\t\t\t\t\t\t\t\t\t\t<img decoding=\"async\" width=\"388\" height=\"76\" src=\"https:\/\/www.ortho-hart.at\/wp-content\/uploads\/2024\/03\/Sterne-Bewertung-NOMI.svg\" class=\"attachment-large size-large wp-image-3942\" alt=\"\" \/>\t\t\t\t\t\t\t\t\t\t\t\t\t\t\t<\/div>\n\t\t\t\t<\/div>\n\t\t\t\t<div class=\"elementor-element elementor-element-8b1af38 elementor-widget elementor-widget-testimonial\" data-id=\"8b1af38\" data-element_type=\"widget\" data-e-type=\"widget\" data-widget_type=\"testimonial.default\">\n\t\t\t\t<div class=\"elementor-widget-container\">\n\t\t\t\t\t\t\t<div class=\"elementor-testimonial-wrapper\">\n\t\t\t\t\t\t\t<div class=\"elementor-testimonial-content\"><p>Kv\u016fli cukrovce jsem v pr\u016fb\u011bhu let trp\u011bla st\u00e1le v\u011bt\u0161\u00ed deformac\u00ed chodidla. V ur\u010dit\u00e9m okam\u017eiku jsem za\u010dal chodit po vnit\u0159n\u00ed hran\u011b chodidla, co\u017e zp\u016fsobilo vznik chronick\u00fdch ran.<br \/>\nTo m\u011blo za n\u00e1sledek opakuj\u00edc\u00ed se infekce. V\u0161ichni l\u00e9ka\u0159i, kter\u00e9 jsem nav\u0161t\u00edvil, mi cht\u011bli amputovat nohu v doln\u00ed \u010d\u00e1sti. M\u016fj diabetolog m\u011b objednal k profesoru Hartovi. I kdy\u017e jsem za n\u00edm musel cestovat v\u00edce ne\u017e 400 kilometr\u016f, nelituji. Profesor Hart mi narovnal nohu v kotn\u00edku a zafixoval ji zevn\u00edm fix\u00e1torem. Kdy\u017e se infekce v defektu zahojila, nahradil fix\u00e1tor h\u0159ebem. P\u0159esto\u017ee nemohu nohou v kotn\u00edku h\u00fdbat, chod\u00edm nyn\u00ed bez berl\u00ed a bez bolesti ji\u017e v\u00edce ne\u017e patn\u00e1ct let.       <\/p>\n<\/div>\n\t\t\t\n\t\t\t\t\t\t<div class=\"elementor-testimonial-meta elementor-has-image elementor-testimonial-image-position-aside\">\n\t\t\t\t<div class=\"elementor-testimonial-meta-inner\">\n\t\t\t\t\t\t\t\t\t\t\t<div class=\"elementor-testimonial-image\">\n\t\t\t\t\t\t\t<img fetchpriority=\"high\" decoding=\"async\" width=\"241\" height=\"226\" src=\"https:\/\/www.ortho-hart.at\/wp-content\/uploads\/2023\/04\/Logo-Favicon-schwarz.svg\" class=\"attachment-full size-full wp-image-60\" alt=\"\" \/>\t\t\t\t\t\t<\/div>\n\t\t\t\t\t\n\t\t\t\t\t\t\t\t\t\t<div class=\"elementor-testimonial-details\">\n\t\t\t\t\t\t\t\t\t\t\t\t\t\t<div class=\"elementor-testimonial-name\">Lucie Dvorsk\u00e1<\/div>\n\t\t\t\t\t\t\t\t\t\t\t\t\t\t\t\t\t\t\t\t\t\t<div class=\"elementor-testimonial-job\">minul\u00fd pacient<\/div>\n\t\t\t\t\t\t\t\t\t\t\t\t\t<\/div>\n\t\t\t\t\t\t\t\t\t<\/div>\n\t\t\t<\/div>\n\t\t\t\t\t<\/div>\n\t\t\t\t\t\t<\/div>\n\t\t\t\t<\/div>\n\t\t\t\t\t<\/div>\n\t\t<\/div>\n\t\t\t\t\t<\/div>\n\t\t<\/section>\n\t\t\t\t<\/div>\n\t\t","protected":false},"excerpt":{"rendered":"<p>Odkazy Co o mn\u011b \u0159\u00edkaj\u00ed moji p\u0159edchoz\u00ed pacienti Spokojenost a pohoda m\u00fdch pacient\u016f je pro m\u011b nejvy\u0161\u0161\u00ed prioritou. Je mi ct\u00ed, \u017ee se mnoz\u00ed z v\u00e1s cht\u011bj\u00ed pod\u011blit o sv\u00e9 pozitivn\u00ed zku\u0161enosti s mou prax\u00ed. P\u0159e\u010dt\u011bte si n\u011bkter\u00e1 slova uzn\u00e1n\u00ed, kter\u00e1 zde zanechali b\u00fdval\u00ed pacienti, a p\u0159esv\u011bd\u010dte se sami o kvalit\u011b a p\u00e9\u010di, kterou vkl\u00e1d\u00e1m&hellip;&nbsp;<\/p>\n","protected":false},"author":2,"featured_media":0,"parent":0,"menu_order":0,"comment_status":"closed","ping_status":"closed","template":"page-templates\/template-pagebuilder-full-width.php","meta":{"neve_meta_sidebar":"","neve_meta_container":"","neve_meta_enable_content_width":"","neve_meta_content_width":0,"neve_meta_title_alignment":"","neve_meta_author_avatar":"","neve_post_elements_order":"","neve_meta_disable_header":"","neve_meta_disable_footer":"","neve_meta_disable_title":"","neve_meta_reading_time":"","footnotes":""},"class_list":["post-3940","page","type-page","status-publish","hentry"],"yoast_head":"<!-- This site is optimized with the Yoast SEO plugin v27.5 - https:\/\/yoast.com\/product\/yoast-seo-wordpress\/ -->\n<title>Odkazy - Ellenbogenspezialist Wien - Dr. Radek Hart<\/title>\n<meta name=\"robots\" content=\"index, follow, max-snippet:-1, max-image-preview:large, max-video-preview:-1\" \/>\n<link rel=\"canonical\" href=\"https:\/\/www.ortho-hart.at\/cs\/odkazy\/\" \/>\n<meta property=\"og:locale\" content=\"cs_CZ\" \/>\n<meta property=\"og:type\" content=\"article\" \/>\n<meta property=\"og:title\" content=\"Odkazy - Ellenbogenspezialist Wien - Dr. Radek Hart\" \/>\n<meta property=\"og:description\" content=\"Odkazy Co o mn\u011b \u0159\u00edkaj\u00ed moji p\u0159edchoz\u00ed pacienti Spokojenost a pohoda m\u00fdch pacient\u016f je pro m\u011b nejvy\u0161\u0161\u00ed prioritou. Je mi ct\u00ed, \u017ee se mnoz\u00ed z v\u00e1s cht\u011bj\u00ed pod\u011blit o sv\u00e9 pozitivn\u00ed zku\u0161enosti s mou prax\u00ed. P\u0159e\u010dt\u011bte si n\u011bkter\u00e1 slova uzn\u00e1n\u00ed, kter\u00e1 zde zanechali b\u00fdval\u00ed pacienti, a p\u0159esv\u011bd\u010dte se sami o kvalit\u011b a p\u00e9\u010di, kterou vkl\u00e1d\u00e1m&hellip;&nbsp;\" \/>\n<meta property=\"og:url\" content=\"https:\/\/www.ortho-hart.at\/cs\/odkazy\/\" \/>\n<meta property=\"og:site_name\" content=\"Ellenbogenspezialist Wien - Dr. Radek Hart\" \/>\n<meta property=\"article:modified_time\" content=\"2024-10-31T08:48:12+00:00\" \/>\n<meta property=\"og:image\" content=\"https:\/\/www.ortho-hart.at\/wp-content\/uploads\/2024\/03\/Sterne-Bewertung-NOMI.svg\" \/>\n<meta name=\"twitter:card\" content=\"summary_large_image\" \/>\n<meta name=\"twitter:label1\" content=\"Odhadovan\u00e1 doba \u010dten\u00ed\" \/>\n\t<meta name=\"twitter:data1\" content=\"7 minut\" \/>\n<script type=\"application\/ld+json\" class=\"yoast-schema-graph\">{\"@context\":\"https:\\\/\\\/schema.org\",\"@graph\":[{\"@type\":\"WebPage\",\"@id\":\"https:\\\/\\\/www.ortho-hart.at\\\/cs\\\/odkazy\\\/\",\"url\":\"https:\\\/\\\/www.ortho-hart.at\\\/cs\\\/odkazy\\\/\",\"name\":\"Odkazy - Ellenbogenspezialist Wien - Dr. Radek Hart\",\"isPartOf\":{\"@id\":\"https:\\\/\\\/www.ortho-hart.at\\\/cs\\\/#website\"},\"primaryImageOfPage\":{\"@id\":\"https:\\\/\\\/www.ortho-hart.at\\\/cs\\\/odkazy\\\/#primaryimage\"},\"image\":{\"@id\":\"https:\\\/\\\/www.ortho-hart.at\\\/cs\\\/odkazy\\\/#primaryimage\"},\"thumbnailUrl\":\"https:\\\/\\\/www.ortho-hart.at\\\/wp-content\\\/uploads\\\/2024\\\/03\\\/Sterne-Bewertung-NOMI.svg\",\"datePublished\":\"2024-03-14T08:32:05+00:00\",\"dateModified\":\"2024-10-31T08:48:12+00:00\",\"breadcrumb\":{\"@id\":\"https:\\\/\\\/www.ortho-hart.at\\\/cs\\\/odkazy\\\/#breadcrumb\"},\"inLanguage\":\"cs\",\"potentialAction\":[{\"@type\":\"ReadAction\",\"target\":[\"https:\\\/\\\/www.ortho-hart.at\\\/cs\\\/odkazy\\\/\"]}]},{\"@type\":\"ImageObject\",\"inLanguage\":\"cs\",\"@id\":\"https:\\\/\\\/www.ortho-hart.at\\\/cs\\\/odkazy\\\/#primaryimage\",\"url\":\"https:\\\/\\\/www.ortho-hart.at\\\/wp-content\\\/uploads\\\/2024\\\/03\\\/Sterne-Bewertung-NOMI.svg\",\"contentUrl\":\"https:\\\/\\\/www.ortho-hart.at\\\/wp-content\\\/uploads\\\/2024\\\/03\\\/Sterne-Bewertung-NOMI.svg\"},{\"@type\":\"BreadcrumbList\",\"@id\":\"https:\\\/\\\/www.ortho-hart.at\\\/cs\\\/odkazy\\\/#breadcrumb\",\"itemListElement\":[{\"@type\":\"ListItem\",\"position\":1,\"name\":\"Startseite\",\"item\":\"https:\\\/\\\/www.ortho-hart.at\\\/cs\\\/domovska-stranka\\\/\"},{\"@type\":\"ListItem\",\"position\":2,\"name\":\"Odkazy\"}]},{\"@type\":\"WebSite\",\"@id\":\"https:\\\/\\\/www.ortho-hart.at\\\/cs\\\/#website\",\"url\":\"https:\\\/\\\/www.ortho-hart.at\\\/cs\\\/\",\"name\":\"Ellenbogenspezialist Wien - Dr. Radek Hart\",\"description\":\"Orthop\u00e4de 1190 Wien - Spezialist f\u00fcr Ellenbogen\",\"publisher\":{\"@id\":\"https:\\\/\\\/www.ortho-hart.at\\\/cs\\\/#organization\"},\"potentialAction\":[{\"@type\":\"SearchAction\",\"target\":{\"@type\":\"EntryPoint\",\"urlTemplate\":\"https:\\\/\\\/www.ortho-hart.at\\\/cs\\\/?s={search_term_string}\"},\"query-input\":{\"@type\":\"PropertyValueSpecification\",\"valueRequired\":true,\"valueName\":\"search_term_string\"}}],\"inLanguage\":\"cs\"},{\"@type\":\"Organization\",\"@id\":\"https:\\\/\\\/www.ortho-hart.at\\\/cs\\\/#organization\",\"name\":\"Ellenbogenspezialist Wien - Dr. Radek Hart\",\"url\":\"https:\\\/\\\/www.ortho-hart.at\\\/cs\\\/\",\"logo\":{\"@type\":\"ImageObject\",\"inLanguage\":\"cs\",\"@id\":\"https:\\\/\\\/www.ortho-hart.at\\\/cs\\\/#\\\/schema\\\/logo\\\/image\\\/\",\"url\":\"https:\\\/\\\/www.ortho-hart.at\\\/wp-content\\\/uploads\\\/2023\\\/04\\\/Logo-Favicon-schwarz.svg\",\"contentUrl\":\"https:\\\/\\\/www.ortho-hart.at\\\/wp-content\\\/uploads\\\/2023\\\/04\\\/Logo-Favicon-schwarz.svg\",\"width\":241,\"height\":226,\"caption\":\"Ellenbogenspezialist Wien - Dr. Radek Hart\"},\"image\":{\"@id\":\"https:\\\/\\\/www.ortho-hart.at\\\/cs\\\/#\\\/schema\\\/logo\\\/image\\\/\"}}]}<\/script>\n<!-- \/ Yoast SEO plugin. -->","yoast_head_json":{"title":"Odkazy - Ellenbogenspezialist Wien - Dr. Radek Hart","robots":{"index":"index","follow":"follow","max-snippet":"max-snippet:-1","max-image-preview":"max-image-preview:large","max-video-preview":"max-video-preview:-1"},"canonical":"https:\/\/www.ortho-hart.at\/cs\/odkazy\/","og_locale":"cs_CZ","og_type":"article","og_title":"Odkazy - Ellenbogenspezialist Wien - Dr. Radek Hart","og_description":"Odkazy Co o mn\u011b \u0159\u00edkaj\u00ed moji p\u0159edchoz\u00ed pacienti Spokojenost a pohoda m\u00fdch pacient\u016f je pro m\u011b nejvy\u0161\u0161\u00ed prioritou. Je mi ct\u00ed, \u017ee se mnoz\u00ed z v\u00e1s cht\u011bj\u00ed pod\u011blit o sv\u00e9 pozitivn\u00ed zku\u0161enosti s mou prax\u00ed. P\u0159e\u010dt\u011bte si n\u011bkter\u00e1 slova uzn\u00e1n\u00ed, kter\u00e1 zde zanechali b\u00fdval\u00ed pacienti, a p\u0159esv\u011bd\u010dte se sami o kvalit\u011b a p\u00e9\u010di, kterou vkl\u00e1d\u00e1m&hellip;&nbsp;","og_url":"https:\/\/www.ortho-hart.at\/cs\/odkazy\/","og_site_name":"Ellenbogenspezialist Wien - Dr. Radek Hart","article_modified_time":"2024-10-31T08:48:12+00:00","og_image":[{"url":"https:\/\/www.ortho-hart.at\/wp-content\/uploads\/2024\/03\/Sterne-Bewertung-NOMI.svg","type":"","width":"","height":""}],"twitter_card":"summary_large_image","twitter_misc":{"Odhadovan\u00e1 doba \u010dten\u00ed":"7 minut"},"schema":{"@context":"https:\/\/schema.org","@graph":[{"@type":"WebPage","@id":"https:\/\/www.ortho-hart.at\/cs\/odkazy\/","url":"https:\/\/www.ortho-hart.at\/cs\/odkazy\/","name":"Odkazy - Ellenbogenspezialist Wien - Dr. Radek Hart","isPartOf":{"@id":"https:\/\/www.ortho-hart.at\/cs\/#website"},"primaryImageOfPage":{"@id":"https:\/\/www.ortho-hart.at\/cs\/odkazy\/#primaryimage"},"image":{"@id":"https:\/\/www.ortho-hart.at\/cs\/odkazy\/#primaryimage"},"thumbnailUrl":"https:\/\/www.ortho-hart.at\/wp-content\/uploads\/2024\/03\/Sterne-Bewertung-NOMI.svg","datePublished":"2024-03-14T08:32:05+00:00","dateModified":"2024-10-31T08:48:12+00:00","breadcrumb":{"@id":"https:\/\/www.ortho-hart.at\/cs\/odkazy\/#breadcrumb"},"inLanguage":"cs","potentialAction":[{"@type":"ReadAction","target":["https:\/\/www.ortho-hart.at\/cs\/odkazy\/"]}]},{"@type":"ImageObject","inLanguage":"cs","@id":"https:\/\/www.ortho-hart.at\/cs\/odkazy\/#primaryimage","url":"https:\/\/www.ortho-hart.at\/wp-content\/uploads\/2024\/03\/Sterne-Bewertung-NOMI.svg","contentUrl":"https:\/\/www.ortho-hart.at\/wp-content\/uploads\/2024\/03\/Sterne-Bewertung-NOMI.svg"},{"@type":"BreadcrumbList","@id":"https:\/\/www.ortho-hart.at\/cs\/odkazy\/#breadcrumb","itemListElement":[{"@type":"ListItem","position":1,"name":"Startseite","item":"https:\/\/www.ortho-hart.at\/cs\/domovska-stranka\/"},{"@type":"ListItem","position":2,"name":"Odkazy"}]},{"@type":"WebSite","@id":"https:\/\/www.ortho-hart.at\/cs\/#website","url":"https:\/\/www.ortho-hart.at\/cs\/","name":"Ellenbogenspezialist Wien - Dr. Radek Hart","description":"Orthop\u00e4de 1190 Wien - Spezialist f\u00fcr Ellenbogen","publisher":{"@id":"https:\/\/www.ortho-hart.at\/cs\/#organization"},"potentialAction":[{"@type":"SearchAction","target":{"@type":"EntryPoint","urlTemplate":"https:\/\/www.ortho-hart.at\/cs\/?s={search_term_string}"},"query-input":{"@type":"PropertyValueSpecification","valueRequired":true,"valueName":"search_term_string"}}],"inLanguage":"cs"},{"@type":"Organization","@id":"https:\/\/www.ortho-hart.at\/cs\/#organization","name":"Ellenbogenspezialist Wien - Dr. Radek Hart","url":"https:\/\/www.ortho-hart.at\/cs\/","logo":{"@type":"ImageObject","inLanguage":"cs","@id":"https:\/\/www.ortho-hart.at\/cs\/#\/schema\/logo\/image\/","url":"https:\/\/www.ortho-hart.at\/wp-content\/uploads\/2023\/04\/Logo-Favicon-schwarz.svg","contentUrl":"https:\/\/www.ortho-hart.at\/wp-content\/uploads\/2023\/04\/Logo-Favicon-schwarz.svg","width":241,"height":226,"caption":"Ellenbogenspezialist Wien - Dr. Radek Hart"},"image":{"@id":"https:\/\/www.ortho-hart.at\/cs\/#\/schema\/logo\/image\/"}}]}},"_links":{"self":[{"href":"https:\/\/www.ortho-hart.at\/cs\/wp-json\/wp\/v2\/pages\/3940","targetHints":{"allow":["GET"]}}],"collection":[{"href":"https:\/\/www.ortho-hart.at\/cs\/wp-json\/wp\/v2\/pages"}],"about":[{"href":"https:\/\/www.ortho-hart.at\/cs\/wp-json\/wp\/v2\/types\/page"}],"author":[{"embeddable":true,"href":"https:\/\/www.ortho-hart.at\/cs\/wp-json\/wp\/v2\/users\/2"}],"replies":[{"embeddable":true,"href":"https:\/\/www.ortho-hart.at\/cs\/wp-json\/wp\/v2\/comments?post=3940"}],"version-history":[{"count":0,"href":"https:\/\/www.ortho-hart.at\/cs\/wp-json\/wp\/v2\/pages\/3940\/revisions"}],"wp:attachment":[{"href":"https:\/\/www.ortho-hart.at\/cs\/wp-json\/wp\/v2\/media?parent=3940"}],"curies":[{"name":"wp","href":"https:\/\/api.w.org\/{rel}","templated":true}]}}