{"version":"1.0","provider_name":"Ellenbogenspezialist Wien - Dr. Radek Hart","provider_url":"https:\/\/www.ortho-hart.at\/cs\/","title":"Z\u00e1p\u011bst\u00ed - Ellenbogenspezialist Wien - Dr. Radek Hart","type":"rich","width":600,"height":338,"html":"<blockquote class=\"wp-embedded-content\" data-secret=\"ekEPJVotXv\"><a href=\"https:\/\/www.ortho-hart.at\/cs\/zapesti\/\">Z\u00e1p\u011bst\u00ed<\/a><\/blockquote><iframe sandbox=\"allow-scripts\" security=\"restricted\" src=\"https:\/\/www.ortho-hart.at\/cs\/zapesti\/embed\/#?secret=ekEPJVotXv\" width=\"600\" height=\"338\" title=\"&#8222;Z\u00e1p\u011bst\u00ed&#8220; &#8212; Ellenbogenspezialist Wien - Dr. Radek Hart\" data-secret=\"ekEPJVotXv\" frameborder=\"0\" marginwidth=\"0\" marginheight=\"0\" scrolling=\"no\" class=\"wp-embedded-content\"><\/iframe><script>\n\/*! This file is auto-generated *\/\n!function(d,l){\"use strict\";l.querySelector&&d.addEventListener&&\"undefined\"!=typeof URL&&(d.wp=d.wp||{},d.wp.receiveEmbedMessage||(d.wp.receiveEmbedMessage=function(e){var t=e.data;if((t||t.secret||t.message||t.value)&&!\/[^a-zA-Z0-9]\/.test(t.secret)){for(var s,r,n,a=l.querySelectorAll('iframe[data-secret=\"'+t.secret+'\"]'),o=l.querySelectorAll('blockquote[data-secret=\"'+t.secret+'\"]'),c=new RegExp(\"^https?:$\",\"i\"),i=0;i<o.length;i++)o[i].style.display=\"none\";for(i=0;i<a.length;i++)s=a[i],e.source===s.contentWindow&&(s.removeAttribute(\"style\"),\"height\"===t.message?(1e3<(r=parseInt(t.value,10))?r=1e3:~~r<200&&(r=200),s.height=r):\"link\"===t.message&&(r=new URL(s.getAttribute(\"src\")),n=new URL(t.value),c.test(n.protocol))&&n.host===r.host&&l.activeElement===s&&(d.top.location.href=t.value))}},d.addEventListener(\"message\",d.wp.receiveEmbedMessage,!1),l.addEventListener(\"DOMContentLoaded\",function(){for(var e,t,s=l.querySelectorAll(\"iframe.wp-embedded-content\"),r=0;r<s.length;r++)(t=(e=s[r]).getAttribute(\"data-secret\"))||(t=Math.random().toString(36).substring(2,12),e.src+=\"#?secret=\"+t,e.setAttribute(\"data-secret\",t)),e.contentWindow.postMessage({message:\"ready\",secret:t},\"*\")},!1)))}(window,document);\n\/\/# sourceURL=https:\/\/www.ortho-hart.at\/wp-includes\/js\/wp-embed.min.js\n<\/script>\n","description":"Z\u00e1p\u011bst\u00ed se skl\u00e1d\u00e1 z osmi mal\u00fdch kost\u00ed a tvo\u0159\u00ed slo\u017eit\u00fd kloub s ob\u011bma kostmi p\u0159edlokt\u00ed. Mezi nej\u010dast\u011bj\u0161\u00ed probl\u00e9my pat\u0159\u00ed po\u00farazov\u00e9 stavy &#8211; nespr\u00e1vn\u011b zhojen\u00e9 zlomeniny, poran\u011bn\u00ed vaz\u016f a \u0161lach a n\u00e1sledn\u00e1 osteoartr\u00f3za. \u0158e\u0161\u00edme nezhojen\u00e9 nebo nespr\u00e1vn\u011b zhojen\u00e9 zlomeniny korek\u010dn\u00edmi operacemi, nahrazujeme poran\u011bn\u00e9 vazy, \u010d\u00e1ste\u010dn\u011b nebo \u00fapln\u011b zpev\u0148ujeme klouby s osteoartr\u00f3zou nebo nahrazujeme klouby endoprot\u00e9zami. Achsekorrektur&hellip;&nbsp;"}